{"id":2317,"date":"2024-08-12T23:52:02","date_gmt":"2024-08-12T23:52:02","guid":{"rendered":"http:\/\/amareve.fr\/?page_id=2317"},"modified":"2024-08-20T16:11:28","modified_gmt":"2024-08-20T16:11:28","slug":"spectacles","status":"publish","type":"page","link":"http:\/\/amareve.fr\/en_en\/spectacles\/","title":{"rendered":"Spectacles"},"content":{"rendered":"<div data-elementor-type=\"wp-post\" data-elementor-id=\"2317\" class=\"elementor elementor-2317\">\n\t\t\t\t\t\t<section class=\"elementor-section elementor-top-section elementor-element elementor-element-78c05d6 elementor-section-full_width elementor-section-height-default elementor-section-height-default\" data-id=\"78c05d6\" data-element_type=\"section\" data-e-type=\"section\">\n\t\t\t\t\t\t<div class=\"elementor-container elementor-column-gap-extended\">\n\t\t\t\t\t<div class=\"elementor-column elementor-col-100 elementor-top-column elementor-element elementor-element-fc9c0d9 sc_layouts_column_icons_position_left\" data-id=\"fc9c0d9\" data-element_type=\"column\" data-e-type=\"column\">\n\t\t\t<div class=\"elementor-widget-wrap elementor-element-populated\">\n\t\t\t\t\t\t<div class=\"elementor-element elementor-element-b9b2269 elementor-widget elementor-widget-spacer\" data-id=\"b9b2269\" data-element_type=\"widget\" data-e-type=\"widget\" data-widget_type=\"spacer.default\">\n\t\t\t\t<div class=\"elementor-widget-container\">\n\t\t\t\t\t\t\t<div class=\"elementor-spacer\">\n\t\t\t<div class=\"elementor-spacer-inner\"><\/div>\n\t\t<\/div>\n\t\t\t\t\t\t<\/div>\n\t\t\t\t<\/div>\n\t\t\t\t\t<\/div>\n\t\t<\/div>\n\t\t\t\t\t<\/div>\n\t\t<\/section>\n\t\t\t\t<section class=\"elementor-section elementor-top-section elementor-element elementor-element-576612b elementor-section-full_width elementor-section-height-min-height elementor-section-items-stretch elementor-section-content-top sc_layouts_row sc_layouts_row_type_narrow elementor-section-height-default\" data-id=\"576612b\" data-element_type=\"section\" data-e-type=\"section\">\n\t\t\t\t\t\t<div class=\"elementor-container elementor-column-gap-extended\">\n\t\t\t\t\t<div class=\"elementor-column elementor-col-100 elementor-top-column elementor-element elementor-element-c4a97ca sc_layouts_column_icons_position_left\" data-id=\"c4a97ca\" data-element_type=\"column\" data-e-type=\"column\">\n\t\t\t<div class=\"elementor-widget-wrap elementor-element-populated\">\n\t\t\t\t\t\t<div class=\"elementor-element elementor-element-ebf2cb0 elementor-widget elementor-widget-trx_sc_team\" data-id=\"ebf2cb0\" data-element_type=\"widget\" data-e-type=\"widget\" data-widget_type=\"trx_sc_team.default\">\n\t\t\t\t<div class=\"elementor-widget-container\">\n\t\t\t\t\t<div  id=\"trx_sc_team_673542262\"\t\tclass=\"sc_team color_style_default sc_team_featured\"><div class=\"sc_team_columns_wrap sc_item_columns sc_item_posts_container trx_addons_columns_wrap columns_padding_bottom\"><div class=\"trx_addons_column-1_4\"><div class=\"sc_team_item no_links post-3362 cpt_team type-cpt_team status-publish has-post-thumbnail hentry cpt_team_group-spectacles\">\r\n\t<div class=\"post_featured sc_team_item_thumb trx_addons_hover trx_addons_hover_style_info\"><a href=\"http:\/\/amareve.fr\/en_en\/team\/f-rebeyrolle-regards-croises-fait-son-cinema\/\" aria-hidden=\"true\"><img fetchpriority=\"high\" decoding=\"async\" width=\"600\" height=\"849\" src=\"http:\/\/amareve.fr\/wp-content\/uploads\/2025\/06\/494115477_1109633381203230_5644892901781601328_n.jpg\" class=\"attachment-trx_addons-thumb-avatar size-trx_addons-thumb-avatar wp-post-image\" alt=\"\" srcset=\"http:\/\/amareve.fr\/wp-content\/uploads\/2025\/06\/494115477_1109633381203230_5644892901781601328_n.jpg 600w, http:\/\/amareve.fr\/wp-content\/uploads\/2025\/06\/494115477_1109633381203230_5644892901781601328_n-212x300.jpg 212w, http:\/\/amareve.fr\/wp-content\/uploads\/2025\/06\/494115477_1109633381203230_5644892901781601328_n-106x150.jpg 106w, http:\/\/amareve.fr\/wp-content\/uploads\/2025\/06\/494115477_1109633381203230_5644892901781601328_n-8x12.jpg 8w, http:\/\/amareve.fr\/wp-content\/uploads\/2025\/06\/494115477_1109633381203230_5644892901781601328_n-495x700.jpg 495w, http:\/\/amareve.fr\/wp-content\/uploads\/2025\/06\/494115477_1109633381203230_5644892901781601328_n-335x474.jpg 335w, http:\/\/amareve.fr\/wp-content\/uploads\/2025\/06\/494115477_1109633381203230_5644892901781601328_n-161x228.jpg 161w, http:\/\/amareve.fr\/wp-content\/uploads\/2025\/06\/494115477_1109633381203230_5644892901781601328_n-85x120.jpg 85w, http:\/\/amareve.fr\/wp-content\/uploads\/2025\/06\/494115477_1109633381203230_5644892901781601328_n-406x574.jpg 406w, http:\/\/amareve.fr\/wp-content\/uploads\/2025\/06\/494115477_1109633381203230_5644892901781601328_n-330x467.jpg 330w, http:\/\/amareve.fr\/wp-content\/uploads\/2025\/06\/494115477_1109633381203230_5644892901781601328_n-283x400.jpg 283w\" sizes=\"(max-width: 600px) 100vw, 600px\" \/><\/a><div class=\"trx_addons_hover_content\"><h4 class=\"sc_team_item_title trx_addons_hover_title\"><a href=\"http:\/\/amareve.fr\/en_en\/team\/f-rebeyrolle-regards-croises-fait-son-cinema\/\">F. REBEYROLLE <br\/> Regards crois\u00e9s fait son cin\u00e9ma<\/a><\/h4><div class=\"sc_team_item_subtitle trx_addons_hover_title\"><a href=\"http:\/\/amareve.fr\/en_en\/team\/f-rebeyrolle-regards-croises-fait-son-cinema\/\"><\/a><\/div><div class=\"sc_team_item_content trx_addons_hover_text\"><a href=\"http:\/\/amareve.fr\/en_en\/team\/f-rebeyrolle-regards-croises-fait-son-cinema\/\"><\/a><\/div><div class=\"sc_team_item_socials socials_wrap trx_addons_hover_info\"><\/div><\/div><div class=\"trx_addons_hover_mask\"><\/div><\/div><\/div>\r\n<\/div><div class=\"trx_addons_column-1_4\"><div class=\"sc_team_item no_links post-3359 cpt_team type-cpt_team status-publish has-post-thumbnail hentry cpt_team_group-spectacles\">\r\n\t<div class=\"post_featured sc_team_item_thumb trx_addons_hover trx_addons_hover_style_info\"><a href=\"http:\/\/amareve.fr\/en_en\/team\/carte-blanche-a-simon-grangeat\/\" aria-hidden=\"true\"><img decoding=\"async\" width=\"848\" height=\"1200\" src=\"http:\/\/amareve.fr\/wp-content\/uploads\/2025\/06\/Donzy_2025.jpg\" class=\"attachment-trx_addons-thumb-avatar size-trx_addons-thumb-avatar wp-post-image\" alt=\"\" srcset=\"http:\/\/amareve.fr\/wp-content\/uploads\/2025\/06\/Donzy_2025.jpg 848w, http:\/\/amareve.fr\/wp-content\/uploads\/2025\/06\/Donzy_2025-212x300.jpg 212w, http:\/\/amareve.fr\/wp-content\/uploads\/2025\/06\/Donzy_2025-724x1024.jpg 724w, http:\/\/amareve.fr\/wp-content\/uploads\/2025\/06\/Donzy_2025-106x150.jpg 106w, http:\/\/amareve.fr\/wp-content\/uploads\/2025\/06\/Donzy_2025-768x1087.jpg 768w, http:\/\/amareve.fr\/wp-content\/uploads\/2025\/06\/Donzy_2025-8x12.jpg 8w, http:\/\/amareve.fr\/wp-content\/uploads\/2025\/06\/Donzy_2025-495x700.jpg 495w, http:\/\/amareve.fr\/wp-content\/uploads\/2025\/06\/Donzy_2025-335x474.jpg 335w, http:\/\/amareve.fr\/wp-content\/uploads\/2025\/06\/Donzy_2025-161x228.jpg 161w, http:\/\/amareve.fr\/wp-content\/uploads\/2025\/06\/Donzy_2025-85x120.jpg 85w, http:\/\/amareve.fr\/wp-content\/uploads\/2025\/06\/Donzy_2025-812x1149.jpg 812w, http:\/\/amareve.fr\/wp-content\/uploads\/2025\/06\/Donzy_2025-406x575.jpg 406w, http:\/\/amareve.fr\/wp-content\/uploads\/2025\/06\/Donzy_2025-330x467.jpg 330w, http:\/\/amareve.fr\/wp-content\/uploads\/2025\/06\/Donzy_2025-283x400.jpg 283w\" sizes=\"(max-width: 848px) 100vw, 848px\" \/><\/a><div class=\"trx_addons_hover_content\"><h4 class=\"sc_team_item_title trx_addons_hover_title\"><a href=\"http:\/\/amareve.fr\/en_en\/team\/carte-blanche-a-simon-grangeat\/\">Carte Blanche <br\/> \u00e0 Simon Grangeat<\/a><\/h4><div class=\"sc_team_item_subtitle trx_addons_hover_title\"><a href=\"http:\/\/amareve.fr\/en_en\/team\/carte-blanche-a-simon-grangeat\/\"><\/a><\/div><div class=\"sc_team_item_content trx_addons_hover_text\"><a href=\"http:\/\/amareve.fr\/en_en\/team\/carte-blanche-a-simon-grangeat\/\">Juin 2025<\/a><\/div><div class=\"sc_team_item_socials socials_wrap trx_addons_hover_info\"><\/div><\/div><div class=\"trx_addons_hover_mask\"><\/div><\/div><\/div>\r\n<\/div><div class=\"trx_addons_column-1_4\"><div class=\"sc_team_item no_links post-3349 cpt_team type-cpt_team status-publish has-post-thumbnail hentry cpt_team_group-spectacles\">\r\n\t<div class=\"post_featured sc_team_item_thumb trx_addons_hover trx_addons_hover_style_info\"><a href=\"http:\/\/amareve.fr\/en_en\/team\/trolls\/\" aria-hidden=\"true\"><img decoding=\"async\" width=\"849\" height=\"1200\" src=\"http:\/\/amareve.fr\/wp-content\/uploads\/2024\/12\/TrollsDEF.jpg\" class=\"attachment-trx_addons-thumb-avatar size-trx_addons-thumb-avatar wp-post-image\" alt=\"\" srcset=\"http:\/\/amareve.fr\/wp-content\/uploads\/2024\/12\/TrollsDEF.jpg 849w, http:\/\/amareve.fr\/wp-content\/uploads\/2024\/12\/TrollsDEF-212x300.jpg 212w, http:\/\/amareve.fr\/wp-content\/uploads\/2024\/12\/TrollsDEF-724x1024.jpg 724w, http:\/\/amareve.fr\/wp-content\/uploads\/2024\/12\/TrollsDEF-106x150.jpg 106w, http:\/\/amareve.fr\/wp-content\/uploads\/2024\/12\/TrollsDEF-768x1086.jpg 768w, http:\/\/amareve.fr\/wp-content\/uploads\/2024\/12\/TrollsDEF-8x12.jpg 8w, http:\/\/amareve.fr\/wp-content\/uploads\/2024\/12\/TrollsDEF-495x700.jpg 495w, http:\/\/amareve.fr\/wp-content\/uploads\/2024\/12\/TrollsDEF-335x474.jpg 335w, http:\/\/amareve.fr\/wp-content\/uploads\/2024\/12\/TrollsDEF-161x228.jpg 161w, http:\/\/amareve.fr\/wp-content\/uploads\/2024\/12\/TrollsDEF-85x120.jpg 85w, http:\/\/amareve.fr\/wp-content\/uploads\/2024\/12\/TrollsDEF-812x1148.jpg 812w, http:\/\/amareve.fr\/wp-content\/uploads\/2024\/12\/TrollsDEF-406x574.jpg 406w, http:\/\/amareve.fr\/wp-content\/uploads\/2024\/12\/TrollsDEF-330x467.jpg 330w, http:\/\/amareve.fr\/wp-content\/uploads\/2024\/12\/TrollsDEF-283x400.jpg 283w\" sizes=\"(max-width: 849px) 100vw, 849px\" \/><\/a><div class=\"trx_addons_hover_content\"><h4 class=\"sc_team_item_title trx_addons_hover_title\"><a href=\"http:\/\/amareve.fr\/en_en\/team\/trolls\/\">F. Rebeyrolle (d&#8217;apr\u00e8s E.S. Green)<br\/> Tr\u00f6lls<\/a><\/h4><div class=\"sc_team_item_subtitle trx_addons_hover_title\"><a href=\"http:\/\/amareve.fr\/en_en\/team\/trolls\/\"><\/a><\/div><div class=\"sc_team_item_content trx_addons_hover_text\"><a href=\"http:\/\/amareve.fr\/en_en\/team\/trolls\/\">Juillet 2024<\/a><\/div><div class=\"sc_team_item_socials socials_wrap trx_addons_hover_info\"><\/div><\/div><div class=\"trx_addons_hover_mask\"><\/div><\/div><\/div>\r\n<\/div><div class=\"trx_addons_column-1_4\"><div class=\"sc_team_item no_links post-2874 cpt_team type-cpt_team status-publish has-post-thumbnail hentry cpt_team_group-spectacles\">\r\n\t<div class=\"post_featured sc_team_item_thumb trx_addons_hover trx_addons_hover_style_info\"><a href=\"http:\/\/amareve.fr\/en_en\/team\/f-rebeyrolle-baroque-en-folie\/\" aria-hidden=\"true\"><img loading=\"lazy\" decoding=\"async\" width=\"509\" height=\"643\" src=\"http:\/\/amareve.fr\/wp-content\/uploads\/2024\/08\/PaulXIV.png\" class=\"attachment-trx_addons-thumb-avatar size-trx_addons-thumb-avatar wp-post-image\" alt=\"\" srcset=\"http:\/\/amareve.fr\/wp-content\/uploads\/2024\/08\/PaulXIV.png 509w, http:\/\/amareve.fr\/wp-content\/uploads\/2024\/08\/PaulXIV-237x300.png 237w, http:\/\/amareve.fr\/wp-content\/uploads\/2024\/08\/PaulXIV-119x150.png 119w, http:\/\/amareve.fr\/wp-content\/uploads\/2024\/08\/PaulXIV-9x12.png 9w, http:\/\/amareve.fr\/wp-content\/uploads\/2024\/08\/PaulXIV-375x474.png 375w, http:\/\/amareve.fr\/wp-content\/uploads\/2024\/08\/PaulXIV-180x228.png 180w, http:\/\/amareve.fr\/wp-content\/uploads\/2024\/08\/PaulXIV-95x120.png 95w, http:\/\/amareve.fr\/wp-content\/uploads\/2024\/08\/PaulXIV-406x513.png 406w, http:\/\/amareve.fr\/wp-content\/uploads\/2024\/08\/PaulXIV-370x467.png 370w, http:\/\/amareve.fr\/wp-content\/uploads\/2024\/08\/PaulXIV-297x375.png 297w\" sizes=\"(max-width: 509px) 100vw, 509px\" \/><\/a><div class=\"trx_addons_hover_content\"><h4 class=\"sc_team_item_title trx_addons_hover_title\"><a href=\"http:\/\/amareve.fr\/en_en\/team\/f-rebeyrolle-baroque-en-folie\/\">F. Rebeyrolle <br\/> Baroque en folie<\/a><\/h4><div class=\"sc_team_item_subtitle trx_addons_hover_title\"><a href=\"http:\/\/amareve.fr\/en_en\/team\/f-rebeyrolle-baroque-en-folie\/\"><\/a><\/div><div class=\"sc_team_item_content trx_addons_hover_text\"><a href=\"http:\/\/amareve.fr\/en_en\/team\/f-rebeyrolle-baroque-en-folie\/\">Juin 2024<\/a><\/div><div class=\"sc_team_item_socials socials_wrap trx_addons_hover_info\"><\/div><\/div><div class=\"trx_addons_hover_mask\"><\/div><\/div><\/div>\r\n<\/div><div class=\"trx_addons_column-1_4\"><div class=\"sc_team_item no_links post-2859 cpt_team type-cpt_team status-publish has-post-thumbnail hentry cpt_team_group-spectacles\">\r\n\t<div class=\"post_featured sc_team_item_thumb trx_addons_hover trx_addons_hover_style_info\"><a href=\"http:\/\/amareve.fr\/en_en\/team\/s-jaubertieyael-tautavel\/\" aria-hidden=\"true\"><img loading=\"lazy\" decoding=\"async\" width=\"614\" height=\"860\" src=\"http:\/\/amareve.fr\/wp-content\/uploads\/2024\/08\/Stage_Theatre_Entrains_Yael.jpg\" class=\"attachment-trx_addons-thumb-avatar size-trx_addons-thumb-avatar wp-post-image\" alt=\"\" srcset=\"http:\/\/amareve.fr\/wp-content\/uploads\/2024\/08\/Stage_Theatre_Entrains_Yael.jpg 614w, http:\/\/amareve.fr\/wp-content\/uploads\/2024\/08\/Stage_Theatre_Entrains_Yael-214x300.jpg 214w, http:\/\/amareve.fr\/wp-content\/uploads\/2024\/08\/Stage_Theatre_Entrains_Yael-107x150.jpg 107w, http:\/\/amareve.fr\/wp-content\/uploads\/2024\/08\/Stage_Theatre_Entrains_Yael-9x12.jpg 9w, http:\/\/amareve.fr\/wp-content\/uploads\/2024\/08\/Stage_Theatre_Entrains_Yael-500x700.jpg 500w, http:\/\/amareve.fr\/wp-content\/uploads\/2024\/08\/Stage_Theatre_Entrains_Yael-338x474.jpg 338w, http:\/\/amareve.fr\/wp-content\/uploads\/2024\/08\/Stage_Theatre_Entrains_Yael-163x228.jpg 163w, http:\/\/amareve.fr\/wp-content\/uploads\/2024\/08\/Stage_Theatre_Entrains_Yael-86x120.jpg 86w, http:\/\/amareve.fr\/wp-content\/uploads\/2024\/08\/Stage_Theatre_Entrains_Yael-406x569.jpg 406w, http:\/\/amareve.fr\/wp-content\/uploads\/2024\/08\/Stage_Theatre_Entrains_Yael-333x467.jpg 333w, http:\/\/amareve.fr\/wp-content\/uploads\/2024\/08\/Stage_Theatre_Entrains_Yael-286x400.jpg 286w\" sizes=\"(max-width: 614px) 100vw, 614px\" \/><\/a><div class=\"trx_addons_hover_content\"><h4 class=\"sc_team_item_title trx_addons_hover_title\"><a href=\"http:\/\/amareve.fr\/en_en\/team\/s-jaubertieyael-tautavel\/\">S. Jaubertie<br\/> Ya\u00ebl Tautavel<\/a><\/h4><div class=\"sc_team_item_subtitle trx_addons_hover_title\"><a href=\"http:\/\/amareve.fr\/en_en\/team\/s-jaubertieyael-tautavel\/\"><\/a><\/div><div class=\"sc_team_item_content trx_addons_hover_text\"><a href=\"http:\/\/amareve.fr\/en_en\/team\/s-jaubertieyael-tautavel\/\">Juillet 2024<\/a><\/div><div class=\"sc_team_item_socials socials_wrap trx_addons_hover_info\"><\/div><\/div><div class=\"trx_addons_hover_mask\"><\/div><\/div><\/div>\r\n<\/div><div class=\"trx_addons_column-1_4\"><div class=\"sc_team_item no_links post-2841 cpt_team type-cpt_team status-publish has-post-thumbnail hentry cpt_team_group-spectacles\">\r\n\t<div class=\"post_featured sc_team_item_thumb trx_addons_hover trx_addons_hover_style_info\"><a href=\"http:\/\/amareve.fr\/en_en\/team\/s-grangeatcomme-si-nous\/\" aria-hidden=\"true\"><img loading=\"lazy\" decoding=\"async\" width=\"1226\" height=\"1719\" src=\"http:\/\/amareve.fr\/wp-content\/uploads\/2024\/08\/Invitation_Donzy_V7.jpg\" class=\"attachment-trx_addons-thumb-avatar size-trx_addons-thumb-avatar wp-post-image\" alt=\"\" srcset=\"http:\/\/amareve.fr\/wp-content\/uploads\/2024\/08\/Invitation_Donzy_V7.jpg 1226w, http:\/\/amareve.fr\/wp-content\/uploads\/2024\/08\/Invitation_Donzy_V7-214x300.jpg 214w, http:\/\/amareve.fr\/wp-content\/uploads\/2024\/08\/Invitation_Donzy_V7-730x1024.jpg 730w, http:\/\/amareve.fr\/wp-content\/uploads\/2024\/08\/Invitation_Donzy_V7-107x150.jpg 107w, http:\/\/amareve.fr\/wp-content\/uploads\/2024\/08\/Invitation_Donzy_V7-768x1077.jpg 768w, http:\/\/amareve.fr\/wp-content\/uploads\/2024\/08\/Invitation_Donzy_V7-1095x1536.jpg 1095w, http:\/\/amareve.fr\/wp-content\/uploads\/2024\/08\/Invitation_Donzy_V7-9x12.jpg 9w, http:\/\/amareve.fr\/wp-content\/uploads\/2024\/08\/Invitation_Donzy_V7-499x700.jpg 499w, http:\/\/amareve.fr\/wp-content\/uploads\/2024\/08\/Invitation_Donzy_V7-338x474.jpg 338w, http:\/\/amareve.fr\/wp-content\/uploads\/2024\/08\/Invitation_Donzy_V7-163x228.jpg 163w, http:\/\/amareve.fr\/wp-content\/uploads\/2024\/08\/Invitation_Donzy_V7-86x120.jpg 86w, http:\/\/amareve.fr\/wp-content\/uploads\/2024\/08\/Invitation_Donzy_V7-812x1139.jpg 812w, http:\/\/amareve.fr\/wp-content\/uploads\/2024\/08\/Invitation_Donzy_V7-406x569.jpg 406w, http:\/\/amareve.fr\/wp-content\/uploads\/2024\/08\/Invitation_Donzy_V7-333x467.jpg 333w, http:\/\/amareve.fr\/wp-content\/uploads\/2024\/08\/Invitation_Donzy_V7-285x400.jpg 285w\" sizes=\"(max-width: 1226px) 100vw, 1226px\" \/><\/a><div class=\"trx_addons_hover_content\"><h4 class=\"sc_team_item_title trx_addons_hover_title\"><a href=\"http:\/\/amareve.fr\/en_en\/team\/s-grangeatcomme-si-nous\/\">S. Grangeat<br\/>Comme si nous&#8230;<\/a><\/h4><div class=\"sc_team_item_subtitle trx_addons_hover_title\"><a href=\"http:\/\/amareve.fr\/en_en\/team\/s-grangeatcomme-si-nous\/\"><\/a><\/div><div class=\"sc_team_item_content trx_addons_hover_text\"><a href=\"http:\/\/amareve.fr\/en_en\/team\/s-grangeatcomme-si-nous\/\">Juin 2024<\/a><\/div><div class=\"sc_team_item_socials socials_wrap trx_addons_hover_info\"><\/div><\/div><div class=\"trx_addons_hover_mask\"><\/div><\/div><\/div>\r\n<\/div><div class=\"trx_addons_column-1_4\"><div class=\"sc_team_item no_links post-2828 cpt_team type-cpt_team status-publish has-post-thumbnail hentry cpt_team_group-spectacles\">\r\n\t<div class=\"post_featured sc_team_item_thumb trx_addons_hover trx_addons_hover_style_info\"><a href=\"http:\/\/amareve.fr\/en_en\/team\/f-rebeyrolle-nah-courson\/\" aria-hidden=\"true\"><img loading=\"lazy\" decoding=\"async\" width=\"614\" height=\"860\" src=\"http:\/\/amareve.fr\/wp-content\/uploads\/2024\/08\/NAH-Courson-2.jpg\" class=\"attachment-trx_addons-thumb-avatar size-trx_addons-thumb-avatar wp-post-image\" alt=\"\" srcset=\"http:\/\/amareve.fr\/wp-content\/uploads\/2024\/08\/NAH-Courson-2.jpg 614w, http:\/\/amareve.fr\/wp-content\/uploads\/2024\/08\/NAH-Courson-2-214x300.jpg 214w, http:\/\/amareve.fr\/wp-content\/uploads\/2024\/08\/NAH-Courson-2-107x150.jpg 107w, http:\/\/amareve.fr\/wp-content\/uploads\/2024\/08\/NAH-Courson-2-9x12.jpg 9w, http:\/\/amareve.fr\/wp-content\/uploads\/2024\/08\/NAH-Courson-2-500x700.jpg 500w, http:\/\/amareve.fr\/wp-content\/uploads\/2024\/08\/NAH-Courson-2-338x474.jpg 338w, http:\/\/amareve.fr\/wp-content\/uploads\/2024\/08\/NAH-Courson-2-163x228.jpg 163w, http:\/\/amareve.fr\/wp-content\/uploads\/2024\/08\/NAH-Courson-2-86x120.jpg 86w, http:\/\/amareve.fr\/wp-content\/uploads\/2024\/08\/NAH-Courson-2-406x569.jpg 406w, http:\/\/amareve.fr\/wp-content\/uploads\/2024\/08\/NAH-Courson-2-333x467.jpg 333w, http:\/\/amareve.fr\/wp-content\/uploads\/2024\/08\/NAH-Courson-2-286x400.jpg 286w\" sizes=\"(max-width: 614px) 100vw, 614px\" \/><\/a><div class=\"trx_addons_hover_content\"><h4 class=\"sc_team_item_title trx_addons_hover_title\"><a href=\"http:\/\/amareve.fr\/en_en\/team\/f-rebeyrolle-nah-courson\/\">F. Rebeyrolle <br\/> NAH Courson<\/a><\/h4><div class=\"sc_team_item_subtitle trx_addons_hover_title\"><a href=\"http:\/\/amareve.fr\/en_en\/team\/f-rebeyrolle-nah-courson\/\"><\/a><\/div><div class=\"sc_team_item_content trx_addons_hover_text\"><a href=\"http:\/\/amareve.fr\/en_en\/team\/f-rebeyrolle-nah-courson\/\">F\u00e9vrier 2024<\/a><\/div><div class=\"sc_team_item_socials socials_wrap trx_addons_hover_info\"><\/div><\/div><div class=\"trx_addons_hover_mask\"><\/div><\/div><\/div>\r\n<\/div><div class=\"trx_addons_column-1_4\"><div class=\"sc_team_item no_links post-2822 cpt_team type-cpt_team status-publish has-post-thumbnail hentry cpt_team_group-spectacles\">\r\n\t<div class=\"post_featured sc_team_item_thumb trx_addons_hover trx_addons_hover_style_info\"><a href=\"http:\/\/amareve.fr\/en_en\/team\/collectif-contes-de-noel\/\" aria-hidden=\"true\"><img loading=\"lazy\" decoding=\"async\" width=\"300\" height=\"421\" src=\"http:\/\/amareve.fr\/wp-content\/uploads\/2024\/08\/marche-noel-23.jpg\" class=\"attachment-trx_addons-thumb-avatar size-trx_addons-thumb-avatar wp-post-image\" alt=\"\" srcset=\"http:\/\/amareve.fr\/wp-content\/uploads\/2024\/08\/marche-noel-23.jpg 300w, http:\/\/amareve.fr\/wp-content\/uploads\/2024\/08\/marche-noel-23-214x300.jpg 214w, http:\/\/amareve.fr\/wp-content\/uploads\/2024\/08\/marche-noel-23-107x150.jpg 107w, http:\/\/amareve.fr\/wp-content\/uploads\/2024\/08\/marche-noel-23-9x12.jpg 9w, http:\/\/amareve.fr\/wp-content\/uploads\/2024\/08\/marche-noel-23-162x228.jpg 162w, http:\/\/amareve.fr\/wp-content\/uploads\/2024\/08\/marche-noel-23-86x120.jpg 86w, http:\/\/amareve.fr\/wp-content\/uploads\/2024\/08\/marche-noel-23-285x400.jpg 285w\" sizes=\"(max-width: 300px) 100vw, 300px\" \/><\/a><div class=\"trx_addons_hover_content\"><h4 class=\"sc_team_item_title trx_addons_hover_title\"><a href=\"http:\/\/amareve.fr\/en_en\/team\/collectif-contes-de-noel\/\">Collectif <br\/>Contes de no\u00ebl<\/a><\/h4><div class=\"sc_team_item_subtitle trx_addons_hover_title\"><a href=\"http:\/\/amareve.fr\/en_en\/team\/collectif-contes-de-noel\/\"><\/a><\/div><div class=\"sc_team_item_content trx_addons_hover_text\"><a href=\"http:\/\/amareve.fr\/en_en\/team\/collectif-contes-de-noel\/\">D\u00e9cembre 2023<\/a><\/div><div class=\"sc_team_item_socials socials_wrap trx_addons_hover_info\"><\/div><\/div><div class=\"trx_addons_hover_mask\"><\/div><\/div><\/div>\r\n<\/div><div class=\"trx_addons_column-1_4\"><div class=\"sc_team_item no_links post-2818 cpt_team type-cpt_team status-publish has-post-thumbnail hentry cpt_team_group-spectacles\">\r\n\t<div class=\"post_featured sc_team_item_thumb trx_addons_hover trx_addons_hover_style_info\"><a href=\"http:\/\/amareve.fr\/en_en\/team\/f-rebeyrolle-qui-leut-cru\/\" aria-hidden=\"true\"><img loading=\"lazy\" decoding=\"async\" width=\"1200\" height=\"1697\" src=\"http:\/\/amareve.fr\/wp-content\/uploads\/2023\/02\/Presles2023.png\" class=\"attachment-trx_addons-thumb-avatar size-trx_addons-thumb-avatar wp-post-image\" alt=\"\" srcset=\"http:\/\/amareve.fr\/wp-content\/uploads\/2023\/02\/Presles2023.png 1200w, http:\/\/amareve.fr\/wp-content\/uploads\/2023\/02\/Presles2023-212x300.png 212w, http:\/\/amareve.fr\/wp-content\/uploads\/2023\/02\/Presles2023-724x1024.png 724w, http:\/\/amareve.fr\/wp-content\/uploads\/2023\/02\/Presles2023-106x150.png 106w, http:\/\/amareve.fr\/wp-content\/uploads\/2023\/02\/Presles2023-768x1086.png 768w, http:\/\/amareve.fr\/wp-content\/uploads\/2023\/02\/Presles2023-1086x1536.png 1086w, http:\/\/amareve.fr\/wp-content\/uploads\/2023\/02\/Presles2023-8x12.png 8w, http:\/\/amareve.fr\/wp-content\/uploads\/2023\/02\/Presles2023-495x700.png 495w, http:\/\/amareve.fr\/wp-content\/uploads\/2023\/02\/Presles2023-335x474.png 335w, http:\/\/amareve.fr\/wp-content\/uploads\/2023\/02\/Presles2023-161x228.png 161w, http:\/\/amareve.fr\/wp-content\/uploads\/2023\/02\/Presles2023-85x120.png 85w, http:\/\/amareve.fr\/wp-content\/uploads\/2023\/02\/Presles2023-812x1148.png 812w, http:\/\/amareve.fr\/wp-content\/uploads\/2023\/02\/Presles2023-406x574.png 406w, http:\/\/amareve.fr\/wp-content\/uploads\/2023\/02\/Presles2023-330x467.png 330w, http:\/\/amareve.fr\/wp-content\/uploads\/2023\/02\/Presles2023-283x400.png 283w\" sizes=\"(max-width: 1200px) 100vw, 1200px\" \/><\/a><div class=\"trx_addons_hover_content\"><h4 class=\"sc_team_item_title trx_addons_hover_title\"><a href=\"http:\/\/amareve.fr\/en_en\/team\/f-rebeyrolle-qui-leut-cru\/\">F. Rebeyrolle <br\/> Qui l&#8217;eut-cru ?<\/a><\/h4><div class=\"sc_team_item_subtitle trx_addons_hover_title\"><a href=\"http:\/\/amareve.fr\/en_en\/team\/f-rebeyrolle-qui-leut-cru\/\"><\/a><\/div><div class=\"sc_team_item_content trx_addons_hover_text\"><a href=\"http:\/\/amareve.fr\/en_en\/team\/f-rebeyrolle-qui-leut-cru\/\">Avril 2023<\/a><\/div><div class=\"sc_team_item_socials socials_wrap trx_addons_hover_info\"><\/div><\/div><div class=\"trx_addons_hover_mask\"><\/div><\/div><\/div>\r\n<\/div><div class=\"trx_addons_column-1_4\"><div class=\"sc_team_item no_links post-2793 cpt_team type-cpt_team status-publish has-post-thumbnail hentry cpt_team_group-spectacles\">\r\n\t<div class=\"post_featured sc_team_item_thumb trx_addons_hover trx_addons_hover_style_info\"><a href=\"http:\/\/amareve.fr\/en_en\/team\/m-gornetle-garcon-qui-ne-parlait-plus\/\" aria-hidden=\"true\"><img loading=\"lazy\" decoding=\"async\" width=\"614\" height=\"860\" src=\"http:\/\/amareve.fr\/wp-content\/uploads\/2024\/08\/Stage_Theatre_Entrains_Garcon.jpg\" class=\"attachment-trx_addons-thumb-avatar size-trx_addons-thumb-avatar wp-post-image\" alt=\"\" srcset=\"http:\/\/amareve.fr\/wp-content\/uploads\/2024\/08\/Stage_Theatre_Entrains_Garcon.jpg 614w, http:\/\/amareve.fr\/wp-content\/uploads\/2024\/08\/Stage_Theatre_Entrains_Garcon-214x300.jpg 214w, http:\/\/amareve.fr\/wp-content\/uploads\/2024\/08\/Stage_Theatre_Entrains_Garcon-107x150.jpg 107w, http:\/\/amareve.fr\/wp-content\/uploads\/2024\/08\/Stage_Theatre_Entrains_Garcon-9x12.jpg 9w, http:\/\/amareve.fr\/wp-content\/uploads\/2024\/08\/Stage_Theatre_Entrains_Garcon-500x700.jpg 500w, http:\/\/amareve.fr\/wp-content\/uploads\/2024\/08\/Stage_Theatre_Entrains_Garcon-338x474.jpg 338w, http:\/\/amareve.fr\/wp-content\/uploads\/2024\/08\/Stage_Theatre_Entrains_Garcon-163x228.jpg 163w, http:\/\/amareve.fr\/wp-content\/uploads\/2024\/08\/Stage_Theatre_Entrains_Garcon-86x120.jpg 86w, http:\/\/amareve.fr\/wp-content\/uploads\/2024\/08\/Stage_Theatre_Entrains_Garcon-406x569.jpg 406w, http:\/\/amareve.fr\/wp-content\/uploads\/2024\/08\/Stage_Theatre_Entrains_Garcon-333x467.jpg 333w, http:\/\/amareve.fr\/wp-content\/uploads\/2024\/08\/Stage_Theatre_Entrains_Garcon-286x400.jpg 286w\" sizes=\"(max-width: 614px) 100vw, 614px\" \/><\/a><div class=\"trx_addons_hover_content\"><h4 class=\"sc_team_item_title trx_addons_hover_title\"><a href=\"http:\/\/amareve.fr\/en_en\/team\/m-gornetle-garcon-qui-ne-parlait-plus\/\">M. Gornet<br\/>Le gar\u00e7on qui ne parlait plus<\/a><\/h4><div class=\"sc_team_item_subtitle trx_addons_hover_title\"><a href=\"http:\/\/amareve.fr\/en_en\/team\/m-gornetle-garcon-qui-ne-parlait-plus\/\"><\/a><\/div><div class=\"sc_team_item_content trx_addons_hover_text\"><a href=\"http:\/\/amareve.fr\/en_en\/team\/m-gornetle-garcon-qui-ne-parlait-plus\/\">Juillet 2023<\/a><\/div><div class=\"sc_team_item_socials socials_wrap trx_addons_hover_info\"><\/div><\/div><div class=\"trx_addons_hover_mask\"><\/div><\/div><\/div>\r\n<\/div><div class=\"trx_addons_column-1_4\"><div class=\"sc_team_item no_links post-2788 cpt_team type-cpt_team status-publish has-post-thumbnail hentry cpt_team_group-spectacles\">\r\n\t<div class=\"post_featured sc_team_item_thumb trx_addons_hover trx_addons_hover_style_info\"><a href=\"http:\/\/amareve.fr\/en_en\/team\/d-kelly-mon-prof-est-un-troll\/\" aria-hidden=\"true\"><img loading=\"lazy\" decoding=\"async\" width=\"595\" height=\"842\" src=\"http:\/\/amareve.fr\/wp-content\/uploads\/2023\/12\/Stage_Theatre_Entrains_Prof.jpg\" class=\"attachment-trx_addons-thumb-avatar size-trx_addons-thumb-avatar wp-post-image\" alt=\"\" srcset=\"http:\/\/amareve.fr\/wp-content\/uploads\/2023\/12\/Stage_Theatre_Entrains_Prof.jpg 595w, http:\/\/amareve.fr\/wp-content\/uploads\/2023\/12\/Stage_Theatre_Entrains_Prof-212x300.jpg 212w, http:\/\/amareve.fr\/wp-content\/uploads\/2023\/12\/Stage_Theatre_Entrains_Prof-106x150.jpg 106w, http:\/\/amareve.fr\/wp-content\/uploads\/2023\/12\/Stage_Theatre_Entrains_Prof-8x12.jpg 8w, http:\/\/amareve.fr\/wp-content\/uploads\/2023\/12\/Stage_Theatre_Entrains_Prof-495x700.jpg 495w, http:\/\/amareve.fr\/wp-content\/uploads\/2023\/12\/Stage_Theatre_Entrains_Prof-335x474.jpg 335w, http:\/\/amareve.fr\/wp-content\/uploads\/2023\/12\/Stage_Theatre_Entrains_Prof-161x228.jpg 161w, http:\/\/amareve.fr\/wp-content\/uploads\/2023\/12\/Stage_Theatre_Entrains_Prof-85x120.jpg 85w, http:\/\/amareve.fr\/wp-content\/uploads\/2023\/12\/Stage_Theatre_Entrains_Prof-406x575.jpg 406w, http:\/\/amareve.fr\/wp-content\/uploads\/2023\/12\/Stage_Theatre_Entrains_Prof-330x467.jpg 330w, http:\/\/amareve.fr\/wp-content\/uploads\/2023\/12\/Stage_Theatre_Entrains_Prof-283x400.jpg 283w\" sizes=\"(max-width: 595px) 100vw, 595px\" \/><\/a><div class=\"trx_addons_hover_content\"><h4 class=\"sc_team_item_title trx_addons_hover_title\"><a href=\"http:\/\/amareve.fr\/en_en\/team\/d-kelly-mon-prof-est-un-troll\/\">D. Kelly <br\/> Mon prof est un troll<\/a><\/h4><div class=\"sc_team_item_subtitle trx_addons_hover_title\"><a href=\"http:\/\/amareve.fr\/en_en\/team\/d-kelly-mon-prof-est-un-troll\/\"><\/a><\/div><div class=\"sc_team_item_content trx_addons_hover_text\"><a href=\"http:\/\/amareve.fr\/en_en\/team\/d-kelly-mon-prof-est-un-troll\/\">Ao\u00fbt 2022<\/a><\/div><div class=\"sc_team_item_socials socials_wrap trx_addons_hover_info\"><\/div><\/div><div class=\"trx_addons_hover_mask\"><\/div><\/div><\/div>\r\n<\/div><div class=\"trx_addons_column-1_4\"><div class=\"sc_team_item no_links post-2776 cpt_team type-cpt_team status-publish has-post-thumbnail hentry cpt_team_group-spectacles\">\r\n\t<div class=\"post_featured sc_team_item_thumb trx_addons_hover trx_addons_hover_style_info\"><a href=\"http:\/\/amareve.fr\/en_en\/team\/f-melquiot-perlino-comment-beaumont\/\" aria-hidden=\"true\"><img loading=\"lazy\" decoding=\"async\" width=\"848\" height=\"1200\" src=\"http:\/\/amareve.fr\/wp-content\/uploads\/2024\/08\/Perlino-Beaumont-1.jpg\" class=\"attachment-trx_addons-thumb-avatar size-trx_addons-thumb-avatar wp-post-image\" alt=\"\" srcset=\"http:\/\/amareve.fr\/wp-content\/uploads\/2024\/08\/Perlino-Beaumont-1.jpg 848w, http:\/\/amareve.fr\/wp-content\/uploads\/2024\/08\/Perlino-Beaumont-1-212x300.jpg 212w, http:\/\/amareve.fr\/wp-content\/uploads\/2024\/08\/Perlino-Beaumont-1-724x1024.jpg 724w, http:\/\/amareve.fr\/wp-content\/uploads\/2024\/08\/Perlino-Beaumont-1-106x150.jpg 106w, http:\/\/amareve.fr\/wp-content\/uploads\/2024\/08\/Perlino-Beaumont-1-768x1087.jpg 768w, http:\/\/amareve.fr\/wp-content\/uploads\/2024\/08\/Perlino-Beaumont-1-8x12.jpg 8w, http:\/\/amareve.fr\/wp-content\/uploads\/2024\/08\/Perlino-Beaumont-1-495x700.jpg 495w, http:\/\/amareve.fr\/wp-content\/uploads\/2024\/08\/Perlino-Beaumont-1-335x474.jpg 335w, http:\/\/amareve.fr\/wp-content\/uploads\/2024\/08\/Perlino-Beaumont-1-161x228.jpg 161w, http:\/\/amareve.fr\/wp-content\/uploads\/2024\/08\/Perlino-Beaumont-1-85x120.jpg 85w, http:\/\/amareve.fr\/wp-content\/uploads\/2024\/08\/Perlino-Beaumont-1-812x1149.jpg 812w, http:\/\/amareve.fr\/wp-content\/uploads\/2024\/08\/Perlino-Beaumont-1-406x575.jpg 406w, http:\/\/amareve.fr\/wp-content\/uploads\/2024\/08\/Perlino-Beaumont-1-330x467.jpg 330w, http:\/\/amareve.fr\/wp-content\/uploads\/2024\/08\/Perlino-Beaumont-1-283x400.jpg 283w\" sizes=\"(max-width: 848px) 100vw, 848px\" \/><\/a><div class=\"trx_addons_hover_content\"><h4 class=\"sc_team_item_title trx_addons_hover_title\"><a href=\"http:\/\/amareve.fr\/en_en\/team\/f-melquiot-perlino-comment-beaumont\/\">F. Melquiot <br\/> Perlino Comment (Beaumont)<\/a><\/h4><div class=\"sc_team_item_subtitle trx_addons_hover_title\"><a href=\"http:\/\/amareve.fr\/en_en\/team\/f-melquiot-perlino-comment-beaumont\/\"><\/a><\/div><div class=\"sc_team_item_content trx_addons_hover_text\"><a href=\"http:\/\/amareve.fr\/en_en\/team\/f-melquiot-perlino-comment-beaumont\/\">Avril 2023<\/a><\/div><div class=\"sc_team_item_socials socials_wrap trx_addons_hover_info\"><\/div><\/div><div class=\"trx_addons_hover_mask\"><\/div><\/div><\/div>\r\n<\/div><div class=\"trx_addons_column-1_4\"><div class=\"sc_team_item no_links post-2770 cpt_team type-cpt_team status-publish has-post-thumbnail hentry cpt_team_group-spectacles\">\r\n\t<div class=\"post_featured sc_team_item_thumb trx_addons_hover trx_addons_hover_style_info\"><a href=\"http:\/\/amareve.fr\/en_en\/team\/m-dubarry-pole-nord-academy\/\" aria-hidden=\"true\"><img loading=\"lazy\" decoding=\"async\" width=\"842\" height=\"1191\" src=\"http:\/\/amareve.fr\/wp-content\/uploads\/2023\/02\/PNA.jpg\" class=\"attachment-trx_addons-thumb-avatar size-trx_addons-thumb-avatar wp-post-image\" alt=\"\" srcset=\"http:\/\/amareve.fr\/wp-content\/uploads\/2023\/02\/PNA.jpg 842w, http:\/\/amareve.fr\/wp-content\/uploads\/2023\/02\/PNA-212x300.jpg 212w, http:\/\/amareve.fr\/wp-content\/uploads\/2023\/02\/PNA-724x1024.jpg 724w, http:\/\/amareve.fr\/wp-content\/uploads\/2023\/02\/PNA-106x150.jpg 106w, http:\/\/amareve.fr\/wp-content\/uploads\/2023\/02\/PNA-768x1086.jpg 768w, http:\/\/amareve.fr\/wp-content\/uploads\/2023\/02\/PNA-8x12.jpg 8w, http:\/\/amareve.fr\/wp-content\/uploads\/2023\/02\/PNA-495x700.jpg 495w, http:\/\/amareve.fr\/wp-content\/uploads\/2023\/02\/PNA-335x474.jpg 335w, http:\/\/amareve.fr\/wp-content\/uploads\/2023\/02\/PNA-161x228.jpg 161w, http:\/\/amareve.fr\/wp-content\/uploads\/2023\/02\/PNA-85x120.jpg 85w, http:\/\/amareve.fr\/wp-content\/uploads\/2023\/02\/PNA-812x1149.jpg 812w, http:\/\/amareve.fr\/wp-content\/uploads\/2023\/02\/PNA-406x574.jpg 406w, http:\/\/amareve.fr\/wp-content\/uploads\/2023\/02\/PNA-330x467.jpg 330w, http:\/\/amareve.fr\/wp-content\/uploads\/2023\/02\/PNA-283x400.jpg 283w\" sizes=\"(max-width: 842px) 100vw, 842px\" \/><\/a><div class=\"trx_addons_hover_content\"><h4 class=\"sc_team_item_title trx_addons_hover_title\"><a href=\"http:\/\/amareve.fr\/en_en\/team\/m-dubarry-pole-nord-academy\/\">M. Dubarry <br\/>P\u00f4le Nord Academy<\/a><\/h4><div class=\"sc_team_item_subtitle trx_addons_hover_title\"><a href=\"http:\/\/amareve.fr\/en_en\/team\/m-dubarry-pole-nord-academy\/\"><\/a><\/div><div class=\"sc_team_item_content trx_addons_hover_text\"><a href=\"http:\/\/amareve.fr\/en_en\/team\/m-dubarry-pole-nord-academy\/\">D\u00e9cembre 2023<\/a><\/div><div class=\"sc_team_item_socials socials_wrap trx_addons_hover_info\"><\/div><\/div><div class=\"trx_addons_hover_mask\"><\/div><\/div><\/div>\r\n<\/div><div class=\"trx_addons_column-1_4\"><div class=\"sc_team_item no_links post-2764 cpt_team type-cpt_team status-publish has-post-thumbnail hentry cpt_team_group-spectacles\">\r\n\t<div class=\"post_featured sc_team_item_thumb trx_addons_hover trx_addons_hover_style_info\"><a href=\"http:\/\/amareve.fr\/en_en\/team\/s-jaubertie-yael-tautavel\/\" aria-hidden=\"true\"><img loading=\"lazy\" decoding=\"async\" width=\"500\" height=\"713\" src=\"http:\/\/amareve.fr\/wp-content\/uploads\/2024\/08\/carte-postale-GDCH2023-web-V5_pages-to-jpg-0001-qd1569dxj5sr1p0igpzeq2k4hb26cfjn1s3p46up5m.jpg\" class=\"attachment-trx_addons-thumb-avatar size-trx_addons-thumb-avatar wp-post-image\" alt=\"\" srcset=\"http:\/\/amareve.fr\/wp-content\/uploads\/2024\/08\/carte-postale-GDCH2023-web-V5_pages-to-jpg-0001-qd1569dxj5sr1p0igpzeq2k4hb26cfjn1s3p46up5m.jpg 500w, http:\/\/amareve.fr\/wp-content\/uploads\/2024\/08\/carte-postale-GDCH2023-web-V5_pages-to-jpg-0001-qd1569dxj5sr1p0igpzeq2k4hb26cfjn1s3p46up5m-210x300.jpg 210w, http:\/\/amareve.fr\/wp-content\/uploads\/2024\/08\/carte-postale-GDCH2023-web-V5_pages-to-jpg-0001-qd1569dxj5sr1p0igpzeq2k4hb26cfjn1s3p46up5m-105x150.jpg 105w, http:\/\/amareve.fr\/wp-content\/uploads\/2024\/08\/carte-postale-GDCH2023-web-V5_pages-to-jpg-0001-qd1569dxj5sr1p0igpzeq2k4hb26cfjn1s3p46up5m-8x12.jpg 8w, http:\/\/amareve.fr\/wp-content\/uploads\/2024\/08\/carte-postale-GDCH2023-web-V5_pages-to-jpg-0001-qd1569dxj5sr1p0igpzeq2k4hb26cfjn1s3p46up5m-491x700.jpg 491w, http:\/\/amareve.fr\/wp-content\/uploads\/2024\/08\/carte-postale-GDCH2023-web-V5_pages-to-jpg-0001-qd1569dxj5sr1p0igpzeq2k4hb26cfjn1s3p46up5m-332x474.jpg 332w, http:\/\/amareve.fr\/wp-content\/uploads\/2024\/08\/carte-postale-GDCH2023-web-V5_pages-to-jpg-0001-qd1569dxj5sr1p0igpzeq2k4hb26cfjn1s3p46up5m-160x228.jpg 160w, http:\/\/amareve.fr\/wp-content\/uploads\/2024\/08\/carte-postale-GDCH2023-web-V5_pages-to-jpg-0001-qd1569dxj5sr1p0igpzeq2k4hb26cfjn1s3p46up5m-84x120.jpg 84w, http:\/\/amareve.fr\/wp-content\/uploads\/2024\/08\/carte-postale-GDCH2023-web-V5_pages-to-jpg-0001-qd1569dxj5sr1p0igpzeq2k4hb26cfjn1s3p46up5m-406x579.jpg 406w, http:\/\/amareve.fr\/wp-content\/uploads\/2024\/08\/carte-postale-GDCH2023-web-V5_pages-to-jpg-0001-qd1569dxj5sr1p0igpzeq2k4hb26cfjn1s3p46up5m-327x467.jpg 327w, http:\/\/amareve.fr\/wp-content\/uploads\/2024\/08\/carte-postale-GDCH2023-web-V5_pages-to-jpg-0001-qd1569dxj5sr1p0igpzeq2k4hb26cfjn1s3p46up5m-281x400.jpg 281w\" sizes=\"(max-width: 500px) 100vw, 500px\" \/><\/a><div class=\"trx_addons_hover_content\"><h4 class=\"sc_team_item_title trx_addons_hover_title\"><a href=\"http:\/\/amareve.fr\/en_en\/team\/s-jaubertie-yael-tautavel\/\">S. Jaubertie <br\/> Ya\u00ebl Tautavel<\/a><\/h4><div class=\"sc_team_item_subtitle trx_addons_hover_title\"><a href=\"http:\/\/amareve.fr\/en_en\/team\/s-jaubertie-yael-tautavel\/\"><\/a><\/div><div class=\"sc_team_item_content trx_addons_hover_text\"><a href=\"http:\/\/amareve.fr\/en_en\/team\/s-jaubertie-yael-tautavel\/\">Novembre 2023<\/a><\/div><div class=\"sc_team_item_socials socials_wrap trx_addons_hover_info\"><\/div><\/div><div class=\"trx_addons_hover_mask\"><\/div><\/div><\/div>\r\n<\/div><div class=\"trx_addons_column-1_4\"><div class=\"sc_team_item no_links post-2738 cpt_team type-cpt_team status-publish has-post-thumbnail hentry cpt_team_group-spectacles\">\r\n\t<div class=\"post_featured sc_team_item_thumb trx_addons_hover trx_addons_hover_style_info\"><a href=\"http:\/\/amareve.fr\/en_en\/team\/f-rebeyrolle-nah-sancerre\/\" aria-hidden=\"true\"><img loading=\"lazy\" decoding=\"async\" width=\"614\" height=\"860\" src=\"http:\/\/amareve.fr\/wp-content\/uploads\/2024\/08\/NAH-Sancerre.jpg\" class=\"attachment-trx_addons-thumb-avatar size-trx_addons-thumb-avatar wp-post-image\" alt=\"\" srcset=\"http:\/\/amareve.fr\/wp-content\/uploads\/2024\/08\/NAH-Sancerre.jpg 614w, http:\/\/amareve.fr\/wp-content\/uploads\/2024\/08\/NAH-Sancerre-214x300.jpg 214w, http:\/\/amareve.fr\/wp-content\/uploads\/2024\/08\/NAH-Sancerre-107x150.jpg 107w, http:\/\/amareve.fr\/wp-content\/uploads\/2024\/08\/NAH-Sancerre-9x12.jpg 9w, http:\/\/amareve.fr\/wp-content\/uploads\/2024\/08\/NAH-Sancerre-500x700.jpg 500w, http:\/\/amareve.fr\/wp-content\/uploads\/2024\/08\/NAH-Sancerre-338x474.jpg 338w, http:\/\/amareve.fr\/wp-content\/uploads\/2024\/08\/NAH-Sancerre-163x228.jpg 163w, http:\/\/amareve.fr\/wp-content\/uploads\/2024\/08\/NAH-Sancerre-86x120.jpg 86w, http:\/\/amareve.fr\/wp-content\/uploads\/2024\/08\/NAH-Sancerre-406x569.jpg 406w, http:\/\/amareve.fr\/wp-content\/uploads\/2024\/08\/NAH-Sancerre-333x467.jpg 333w, http:\/\/amareve.fr\/wp-content\/uploads\/2024\/08\/NAH-Sancerre-286x400.jpg 286w\" sizes=\"(max-width: 614px) 100vw, 614px\" \/><\/a><div class=\"trx_addons_hover_content\"><h4 class=\"sc_team_item_title trx_addons_hover_title\"><a href=\"http:\/\/amareve.fr\/en_en\/team\/f-rebeyrolle-nah-sancerre\/\">F. Rebeyrolle <br\/> NAH Sancerre<\/a><\/h4><div class=\"sc_team_item_subtitle trx_addons_hover_title\"><a href=\"http:\/\/amareve.fr\/en_en\/team\/f-rebeyrolle-nah-sancerre\/\"><\/a><\/div><div class=\"sc_team_item_content trx_addons_hover_text\"><a href=\"http:\/\/amareve.fr\/en_en\/team\/f-rebeyrolle-nah-sancerre\/\">Janvier 2023<\/a><\/div><div class=\"sc_team_item_socials socials_wrap trx_addons_hover_info\"><\/div><\/div><div class=\"trx_addons_hover_mask\"><\/div><\/div><\/div>\r\n<\/div><div class=\"trx_addons_column-1_4\"><div class=\"sc_team_item no_links post-2727 cpt_team type-cpt_team status-publish has-post-thumbnail hentry cpt_team_group-spectacles\">\r\n\t<div class=\"post_featured sc_team_item_thumb trx_addons_hover trx_addons_hover_style_info\"><a href=\"http:\/\/amareve.fr\/en_en\/team\/f-rebeyrolle-perlino-comment-avignon\/\" aria-hidden=\"true\"><img loading=\"lazy\" decoding=\"async\" width=\"595\" height=\"842\" src=\"http:\/\/amareve.fr\/wp-content\/uploads\/2023\/02\/Perlino_Affiche_A4-1.jpg\" class=\"attachment-trx_addons-thumb-avatar size-trx_addons-thumb-avatar wp-post-image\" alt=\"\" srcset=\"http:\/\/amareve.fr\/wp-content\/uploads\/2023\/02\/Perlino_Affiche_A4-1.jpg 595w, http:\/\/amareve.fr\/wp-content\/uploads\/2023\/02\/Perlino_Affiche_A4-1-212x300.jpg 212w, http:\/\/amareve.fr\/wp-content\/uploads\/2023\/02\/Perlino_Affiche_A4-1-106x150.jpg 106w, http:\/\/amareve.fr\/wp-content\/uploads\/2023\/02\/Perlino_Affiche_A4-1-8x12.jpg 8w, http:\/\/amareve.fr\/wp-content\/uploads\/2023\/02\/Perlino_Affiche_A4-1-495x700.jpg 495w, http:\/\/amareve.fr\/wp-content\/uploads\/2023\/02\/Perlino_Affiche_A4-1-335x474.jpg 335w, http:\/\/amareve.fr\/wp-content\/uploads\/2023\/02\/Perlino_Affiche_A4-1-161x228.jpg 161w, http:\/\/amareve.fr\/wp-content\/uploads\/2023\/02\/Perlino_Affiche_A4-1-85x120.jpg 85w, http:\/\/amareve.fr\/wp-content\/uploads\/2023\/02\/Perlino_Affiche_A4-1-406x575.jpg 406w, http:\/\/amareve.fr\/wp-content\/uploads\/2023\/02\/Perlino_Affiche_A4-1-330x467.jpg 330w, http:\/\/amareve.fr\/wp-content\/uploads\/2023\/02\/Perlino_Affiche_A4-1-283x400.jpg 283w\" sizes=\"(max-width: 595px) 100vw, 595px\" \/><\/a><div class=\"trx_addons_hover_content\"><h4 class=\"sc_team_item_title trx_addons_hover_title\"><a href=\"http:\/\/amareve.fr\/en_en\/team\/f-rebeyrolle-perlino-comment-avignon\/\">F. Melquiot <br\/> Perlino Comment (Avignon)<\/a><\/h4><div class=\"sc_team_item_subtitle trx_addons_hover_title\"><a href=\"http:\/\/amareve.fr\/en_en\/team\/f-rebeyrolle-perlino-comment-avignon\/\"><\/a><\/div><div class=\"sc_team_item_content trx_addons_hover_text\"><a href=\"http:\/\/amareve.fr\/en_en\/team\/f-rebeyrolle-perlino-comment-avignon\/\">Juillet 2022<\/a><\/div><div class=\"sc_team_item_socials socials_wrap trx_addons_hover_info\"><\/div><\/div><div class=\"trx_addons_hover_mask\"><\/div><\/div><\/div>\r\n<\/div><div class=\"trx_addons_column-1_4\"><div class=\"sc_team_item no_links post-2722 cpt_team type-cpt_team status-publish has-post-thumbnail hentry cpt_team_group-spectacles\">\r\n\t<div class=\"post_featured sc_team_item_thumb trx_addons_hover trx_addons_hover_style_info\"><a href=\"http:\/\/amareve.fr\/en_en\/team\/f-arcamoustique\/\" aria-hidden=\"true\"><img loading=\"lazy\" decoding=\"async\" width=\"1825\" height=\"2560\" src=\"http:\/\/amareve.fr\/wp-content\/uploads\/2023\/02\/Invitation_Entrains-scaled.jpg\" class=\"attachment-trx_addons-thumb-avatar size-trx_addons-thumb-avatar wp-post-image\" alt=\"\" srcset=\"http:\/\/amareve.fr\/wp-content\/uploads\/2023\/02\/Invitation_Entrains-scaled.jpg 1825w, http:\/\/amareve.fr\/wp-content\/uploads\/2023\/02\/Invitation_Entrains-214x300.jpg 214w, http:\/\/amareve.fr\/wp-content\/uploads\/2023\/02\/Invitation_Entrains-730x1024.jpg 730w, http:\/\/amareve.fr\/wp-content\/uploads\/2023\/02\/Invitation_Entrains-107x150.jpg 107w, http:\/\/amareve.fr\/wp-content\/uploads\/2023\/02\/Invitation_Entrains-768x1077.jpg 768w, http:\/\/amareve.fr\/wp-content\/uploads\/2023\/02\/Invitation_Entrains-1095x1536.jpg 1095w, http:\/\/amareve.fr\/wp-content\/uploads\/2023\/02\/Invitation_Entrains-1460x2048.jpg 1460w, http:\/\/amareve.fr\/wp-content\/uploads\/2023\/02\/Invitation_Entrains-9x12.jpg 9w, http:\/\/amareve.fr\/wp-content\/uploads\/2023\/02\/Invitation_Entrains-499x700.jpg 499w, http:\/\/amareve.fr\/wp-content\/uploads\/2023\/02\/Invitation_Entrains-338x474.jpg 338w, http:\/\/amareve.fr\/wp-content\/uploads\/2023\/02\/Invitation_Entrains-163x228.jpg 163w, http:\/\/amareve.fr\/wp-content\/uploads\/2023\/02\/Invitation_Entrains-86x120.jpg 86w, http:\/\/amareve.fr\/wp-content\/uploads\/2023\/02\/Invitation_Entrains-812x1139.jpg 812w, http:\/\/amareve.fr\/wp-content\/uploads\/2023\/02\/Invitation_Entrains-406x569.jpg 406w, http:\/\/amareve.fr\/wp-content\/uploads\/2023\/02\/Invitation_Entrains-333x467.jpg 333w, http:\/\/amareve.fr\/wp-content\/uploads\/2023\/02\/Invitation_Entrains-285x400.jpg 285w\" sizes=\"(max-width: 1825px) 100vw, 1825px\" \/><\/a><div class=\"trx_addons_hover_content\"><h4 class=\"sc_team_item_title trx_addons_hover_title\"><a href=\"http:\/\/amareve.fr\/en_en\/team\/f-arcamoustique\/\">F. Arca<br\/>Moustique<\/a><\/h4><div class=\"sc_team_item_subtitle trx_addons_hover_title\"><a href=\"http:\/\/amareve.fr\/en_en\/team\/f-arcamoustique\/\"><\/a><\/div><div class=\"sc_team_item_content trx_addons_hover_text\"><a href=\"http:\/\/amareve.fr\/en_en\/team\/f-arcamoustique\/\">Juin 2022<\/a><\/div><div class=\"sc_team_item_socials socials_wrap trx_addons_hover_info\"><\/div><\/div><div class=\"trx_addons_hover_mask\"><\/div><\/div><\/div>\r\n<\/div><div class=\"trx_addons_column-1_4\"><div class=\"sc_team_item no_links post-2717 cpt_team type-cpt_team status-publish has-post-thumbnail hentry cpt_team_group-spectacles\">\r\n\t<div class=\"post_featured sc_team_item_thumb trx_addons_hover trx_addons_hover_style_info\"><a href=\"http:\/\/amareve.fr\/en_en\/team\/k-serresmongol\/\" aria-hidden=\"true\"><img loading=\"lazy\" decoding=\"async\" width=\"1825\" height=\"2560\" src=\"http:\/\/amareve.fr\/wp-content\/uploads\/2023\/02\/Invitation_Donzy-1-scaled.jpg\" class=\"attachment-trx_addons-thumb-avatar size-trx_addons-thumb-avatar wp-post-image\" alt=\"\" srcset=\"http:\/\/amareve.fr\/wp-content\/uploads\/2023\/02\/Invitation_Donzy-1-scaled.jpg 1825w, http:\/\/amareve.fr\/wp-content\/uploads\/2023\/02\/Invitation_Donzy-1-214x300.jpg 214w, http:\/\/amareve.fr\/wp-content\/uploads\/2023\/02\/Invitation_Donzy-1-730x1024.jpg 730w, http:\/\/amareve.fr\/wp-content\/uploads\/2023\/02\/Invitation_Donzy-1-107x150.jpg 107w, http:\/\/amareve.fr\/wp-content\/uploads\/2023\/02\/Invitation_Donzy-1-768x1077.jpg 768w, http:\/\/amareve.fr\/wp-content\/uploads\/2023\/02\/Invitation_Donzy-1-1095x1536.jpg 1095w, http:\/\/amareve.fr\/wp-content\/uploads\/2023\/02\/Invitation_Donzy-1-1460x2048.jpg 1460w, http:\/\/amareve.fr\/wp-content\/uploads\/2023\/02\/Invitation_Donzy-1-9x12.jpg 9w, http:\/\/amareve.fr\/wp-content\/uploads\/2023\/02\/Invitation_Donzy-1-499x700.jpg 499w, http:\/\/amareve.fr\/wp-content\/uploads\/2023\/02\/Invitation_Donzy-1-338x474.jpg 338w, http:\/\/amareve.fr\/wp-content\/uploads\/2023\/02\/Invitation_Donzy-1-163x228.jpg 163w, http:\/\/amareve.fr\/wp-content\/uploads\/2023\/02\/Invitation_Donzy-1-86x120.jpg 86w, http:\/\/amareve.fr\/wp-content\/uploads\/2023\/02\/Invitation_Donzy-1-812x1139.jpg 812w, http:\/\/amareve.fr\/wp-content\/uploads\/2023\/02\/Invitation_Donzy-1-406x569.jpg 406w, http:\/\/amareve.fr\/wp-content\/uploads\/2023\/02\/Invitation_Donzy-1-333x467.jpg 333w, http:\/\/amareve.fr\/wp-content\/uploads\/2023\/02\/Invitation_Donzy-1-285x400.jpg 285w\" sizes=\"(max-width: 1825px) 100vw, 1825px\" \/><\/a><div class=\"trx_addons_hover_content\"><h4 class=\"sc_team_item_title trx_addons_hover_title\"><a href=\"http:\/\/amareve.fr\/en_en\/team\/k-serresmongol\/\">K. Serres<br\/>Mongol<\/a><\/h4><div class=\"sc_team_item_subtitle trx_addons_hover_title\"><a href=\"http:\/\/amareve.fr\/en_en\/team\/k-serresmongol\/\"><\/a><\/div><div class=\"sc_team_item_content trx_addons_hover_text\"><a href=\"http:\/\/amareve.fr\/en_en\/team\/k-serresmongol\/\">Juin 2022<\/a><\/div><div class=\"sc_team_item_socials socials_wrap trx_addons_hover_info\"><\/div><\/div><div class=\"trx_addons_hover_mask\"><\/div><\/div><\/div>\r\n<\/div><div class=\"trx_addons_column-1_4\"><div class=\"sc_team_item no_links post-2712 cpt_team type-cpt_team status-publish has-post-thumbnail hentry cpt_team_group-spectacles\">\r\n\t<div class=\"post_featured sc_team_item_thumb trx_addons_hover trx_addons_hover_style_info\"><a href=\"http:\/\/amareve.fr\/en_en\/team\/b-wegenastetre-le-loup\/\" aria-hidden=\"true\"><img loading=\"lazy\" decoding=\"async\" width=\"1825\" height=\"2560\" src=\"http:\/\/amareve.fr\/wp-content\/uploads\/2023\/02\/Invitation_Ciez-scaled.jpg\" class=\"attachment-trx_addons-thumb-avatar size-trx_addons-thumb-avatar wp-post-image\" alt=\"\" srcset=\"http:\/\/amareve.fr\/wp-content\/uploads\/2023\/02\/Invitation_Ciez-scaled.jpg 1825w, http:\/\/amareve.fr\/wp-content\/uploads\/2023\/02\/Invitation_Ciez-214x300.jpg 214w, http:\/\/amareve.fr\/wp-content\/uploads\/2023\/02\/Invitation_Ciez-730x1024.jpg 730w, http:\/\/amareve.fr\/wp-content\/uploads\/2023\/02\/Invitation_Ciez-107x150.jpg 107w, http:\/\/amareve.fr\/wp-content\/uploads\/2023\/02\/Invitation_Ciez-768x1077.jpg 768w, http:\/\/amareve.fr\/wp-content\/uploads\/2023\/02\/Invitation_Ciez-1095x1536.jpg 1095w, http:\/\/amareve.fr\/wp-content\/uploads\/2023\/02\/Invitation_Ciez-1460x2048.jpg 1460w, http:\/\/amareve.fr\/wp-content\/uploads\/2023\/02\/Invitation_Ciez-9x12.jpg 9w, http:\/\/amareve.fr\/wp-content\/uploads\/2023\/02\/Invitation_Ciez-499x700.jpg 499w, http:\/\/amareve.fr\/wp-content\/uploads\/2023\/02\/Invitation_Ciez-338x474.jpg 338w, http:\/\/amareve.fr\/wp-content\/uploads\/2023\/02\/Invitation_Ciez-163x228.jpg 163w, http:\/\/amareve.fr\/wp-content\/uploads\/2023\/02\/Invitation_Ciez-86x120.jpg 86w, http:\/\/amareve.fr\/wp-content\/uploads\/2023\/02\/Invitation_Ciez-812x1139.jpg 812w, http:\/\/amareve.fr\/wp-content\/uploads\/2023\/02\/Invitation_Ciez-406x569.jpg 406w, http:\/\/amareve.fr\/wp-content\/uploads\/2023\/02\/Invitation_Ciez-333x467.jpg 333w, http:\/\/amareve.fr\/wp-content\/uploads\/2023\/02\/Invitation_Ciez-285x400.jpg 285w\" sizes=\"(max-width: 1825px) 100vw, 1825px\" \/><\/a><div class=\"trx_addons_hover_content\"><h4 class=\"sc_team_item_title trx_addons_hover_title\"><a href=\"http:\/\/amareve.fr\/en_en\/team\/b-wegenastetre-le-loup\/\">B. Wegenast<br\/>\u00catre le loup<\/a><\/h4><div class=\"sc_team_item_subtitle trx_addons_hover_title\"><a href=\"http:\/\/amareve.fr\/en_en\/team\/b-wegenastetre-le-loup\/\"><\/a><\/div><div class=\"sc_team_item_content trx_addons_hover_text\"><a href=\"http:\/\/amareve.fr\/en_en\/team\/b-wegenastetre-le-loup\/\">Juin 2022<\/a><\/div><div class=\"sc_team_item_socials socials_wrap trx_addons_hover_info\"><\/div><\/div><div class=\"trx_addons_hover_mask\"><\/div><\/div><\/div>\r\n<\/div><div class=\"trx_addons_column-1_4\"><div class=\"sc_team_item no_links post-2707 cpt_team type-cpt_team status-publish has-post-thumbnail hentry cpt_team_group-spectacles\">\r\n\t<div class=\"post_featured sc_team_item_thumb trx_addons_hover trx_addons_hover_style_info\"><a href=\"http:\/\/amareve.fr\/en_en\/team\/n-papinle-pays-de-rien\/\" aria-hidden=\"true\"><img loading=\"lazy\" decoding=\"async\" width=\"1825\" height=\"2560\" src=\"http:\/\/amareve.fr\/wp-content\/uploads\/2023\/02\/Invitation_Cosne-scaled.jpg\" class=\"attachment-trx_addons-thumb-avatar size-trx_addons-thumb-avatar wp-post-image\" alt=\"\" srcset=\"http:\/\/amareve.fr\/wp-content\/uploads\/2023\/02\/Invitation_Cosne-scaled.jpg 1825w, http:\/\/amareve.fr\/wp-content\/uploads\/2023\/02\/Invitation_Cosne-214x300.jpg 214w, http:\/\/amareve.fr\/wp-content\/uploads\/2023\/02\/Invitation_Cosne-730x1024.jpg 730w, http:\/\/amareve.fr\/wp-content\/uploads\/2023\/02\/Invitation_Cosne-107x150.jpg 107w, http:\/\/amareve.fr\/wp-content\/uploads\/2023\/02\/Invitation_Cosne-768x1077.jpg 768w, http:\/\/amareve.fr\/wp-content\/uploads\/2023\/02\/Invitation_Cosne-1095x1536.jpg 1095w, http:\/\/amareve.fr\/wp-content\/uploads\/2023\/02\/Invitation_Cosne-1460x2048.jpg 1460w, http:\/\/amareve.fr\/wp-content\/uploads\/2023\/02\/Invitation_Cosne-9x12.jpg 9w, http:\/\/amareve.fr\/wp-content\/uploads\/2023\/02\/Invitation_Cosne-499x700.jpg 499w, http:\/\/amareve.fr\/wp-content\/uploads\/2023\/02\/Invitation_Cosne-338x474.jpg 338w, http:\/\/amareve.fr\/wp-content\/uploads\/2023\/02\/Invitation_Cosne-163x228.jpg 163w, http:\/\/amareve.fr\/wp-content\/uploads\/2023\/02\/Invitation_Cosne-86x120.jpg 86w, http:\/\/amareve.fr\/wp-content\/uploads\/2023\/02\/Invitation_Cosne-812x1139.jpg 812w, http:\/\/amareve.fr\/wp-content\/uploads\/2023\/02\/Invitation_Cosne-406x569.jpg 406w, http:\/\/amareve.fr\/wp-content\/uploads\/2023\/02\/Invitation_Cosne-333x467.jpg 333w, http:\/\/amareve.fr\/wp-content\/uploads\/2023\/02\/Invitation_Cosne-285x400.jpg 285w\" sizes=\"(max-width: 1825px) 100vw, 1825px\" \/><\/a><div class=\"trx_addons_hover_content\"><h4 class=\"sc_team_item_title trx_addons_hover_title\"><a href=\"http:\/\/amareve.fr\/en_en\/team\/n-papinle-pays-de-rien\/\">N. Papin<br\/>Le pays de rien<\/a><\/h4><div class=\"sc_team_item_subtitle trx_addons_hover_title\"><a href=\"http:\/\/amareve.fr\/en_en\/team\/n-papinle-pays-de-rien\/\"><\/a><\/div><div class=\"sc_team_item_content trx_addons_hover_text\"><a href=\"http:\/\/amareve.fr\/en_en\/team\/n-papinle-pays-de-rien\/\">Mai 2022<\/a><\/div><div class=\"sc_team_item_socials socials_wrap trx_addons_hover_info\"><\/div><\/div><div class=\"trx_addons_hover_mask\"><\/div><\/div><\/div>\r\n<\/div><div class=\"trx_addons_column-1_4\"><div class=\"sc_team_item no_links post-2699 cpt_team type-cpt_team status-publish has-post-thumbnail hentry cpt_team_group-spectacles\">\r\n\t<div class=\"post_featured sc_team_item_thumb trx_addons_hover trx_addons_hover_style_info\"><a href=\"http:\/\/amareve.fr\/en_en\/team\/f-du-chaxel-la-terre-qui-ne-voulait-plus-tourner\/\" aria-hidden=\"true\"><img loading=\"lazy\" decoding=\"async\" width=\"1825\" height=\"2560\" src=\"http:\/\/amareve.fr\/wp-content\/uploads\/2023\/02\/Invitation_StAmand-scaled.jpg\" class=\"attachment-trx_addons-thumb-avatar size-trx_addons-thumb-avatar wp-post-image\" alt=\"\" srcset=\"http:\/\/amareve.fr\/wp-content\/uploads\/2023\/02\/Invitation_StAmand-scaled.jpg 1825w, http:\/\/amareve.fr\/wp-content\/uploads\/2023\/02\/Invitation_StAmand-214x300.jpg 214w, http:\/\/amareve.fr\/wp-content\/uploads\/2023\/02\/Invitation_StAmand-730x1024.jpg 730w, http:\/\/amareve.fr\/wp-content\/uploads\/2023\/02\/Invitation_StAmand-107x150.jpg 107w, http:\/\/amareve.fr\/wp-content\/uploads\/2023\/02\/Invitation_StAmand-768x1077.jpg 768w, http:\/\/amareve.fr\/wp-content\/uploads\/2023\/02\/Invitation_StAmand-1095x1536.jpg 1095w, http:\/\/amareve.fr\/wp-content\/uploads\/2023\/02\/Invitation_StAmand-1460x2048.jpg 1460w, http:\/\/amareve.fr\/wp-content\/uploads\/2023\/02\/Invitation_StAmand-9x12.jpg 9w, http:\/\/amareve.fr\/wp-content\/uploads\/2023\/02\/Invitation_StAmand-499x700.jpg 499w, http:\/\/amareve.fr\/wp-content\/uploads\/2023\/02\/Invitation_StAmand-338x474.jpg 338w, http:\/\/amareve.fr\/wp-content\/uploads\/2023\/02\/Invitation_StAmand-163x228.jpg 163w, http:\/\/amareve.fr\/wp-content\/uploads\/2023\/02\/Invitation_StAmand-86x120.jpg 86w, http:\/\/amareve.fr\/wp-content\/uploads\/2023\/02\/Invitation_StAmand-812x1139.jpg 812w, http:\/\/amareve.fr\/wp-content\/uploads\/2023\/02\/Invitation_StAmand-406x569.jpg 406w, http:\/\/amareve.fr\/wp-content\/uploads\/2023\/02\/Invitation_StAmand-333x467.jpg 333w, http:\/\/amareve.fr\/wp-content\/uploads\/2023\/02\/Invitation_StAmand-285x400.jpg 285w\" sizes=\"(max-width: 1825px) 100vw, 1825px\" \/><\/a><div class=\"trx_addons_hover_content\"><h4 class=\"sc_team_item_title trx_addons_hover_title\"><a href=\"http:\/\/amareve.fr\/en_en\/team\/f-du-chaxel-la-terre-qui-ne-voulait-plus-tourner\/\">F. du Chaxel <br\/> La terre qui ne voulait plus tourner<\/a><\/h4><div class=\"sc_team_item_subtitle trx_addons_hover_title\"><a href=\"http:\/\/amareve.fr\/en_en\/team\/f-du-chaxel-la-terre-qui-ne-voulait-plus-tourner\/\"><\/a><\/div><div class=\"sc_team_item_content trx_addons_hover_text\"><a href=\"http:\/\/amareve.fr\/en_en\/team\/f-du-chaxel-la-terre-qui-ne-voulait-plus-tourner\/\">Mai 2022<\/a><\/div><div class=\"sc_team_item_socials socials_wrap trx_addons_hover_info\"><\/div><\/div><div class=\"trx_addons_hover_mask\"><\/div><\/div><\/div>\r\n<\/div><div class=\"trx_addons_column-1_4\"><div class=\"sc_team_item no_links post-2696 cpt_team type-cpt_team status-publish has-post-thumbnail hentry cpt_team_group-spectacles\">\r\n\t<div class=\"post_featured sc_team_item_thumb trx_addons_hover trx_addons_hover_style_info\"><a href=\"http:\/\/amareve.fr\/en_en\/team\/f-rebeyrolle-mondes-croises\/\" aria-hidden=\"true\"><img loading=\"lazy\" decoding=\"async\" width=\"1131\" height=\"1600\" src=\"http:\/\/amareve.fr\/wp-content\/uploads\/2023\/02\/Presles2022.jpg\" class=\"attachment-trx_addons-thumb-avatar size-trx_addons-thumb-avatar wp-post-image\" alt=\"\" srcset=\"http:\/\/amareve.fr\/wp-content\/uploads\/2023\/02\/Presles2022.jpg 1131w, http:\/\/amareve.fr\/wp-content\/uploads\/2023\/02\/Presles2022-212x300.jpg 212w, http:\/\/amareve.fr\/wp-content\/uploads\/2023\/02\/Presles2022-724x1024.jpg 724w, http:\/\/amareve.fr\/wp-content\/uploads\/2023\/02\/Presles2022-106x150.jpg 106w, http:\/\/amareve.fr\/wp-content\/uploads\/2023\/02\/Presles2022-768x1086.jpg 768w, http:\/\/amareve.fr\/wp-content\/uploads\/2023\/02\/Presles2022-1086x1536.jpg 1086w, http:\/\/amareve.fr\/wp-content\/uploads\/2023\/02\/Presles2022-8x12.jpg 8w, http:\/\/amareve.fr\/wp-content\/uploads\/2023\/02\/Presles2022-495x700.jpg 495w, http:\/\/amareve.fr\/wp-content\/uploads\/2023\/02\/Presles2022-335x474.jpg 335w, http:\/\/amareve.fr\/wp-content\/uploads\/2023\/02\/Presles2022-161x228.jpg 161w, http:\/\/amareve.fr\/wp-content\/uploads\/2023\/02\/Presles2022-85x120.jpg 85w, http:\/\/amareve.fr\/wp-content\/uploads\/2023\/02\/Presles2022-812x1149.jpg 812w, http:\/\/amareve.fr\/wp-content\/uploads\/2023\/02\/Presles2022-406x574.jpg 406w, http:\/\/amareve.fr\/wp-content\/uploads\/2023\/02\/Presles2022-330x467.jpg 330w, http:\/\/amareve.fr\/wp-content\/uploads\/2023\/02\/Presles2022-283x400.jpg 283w\" sizes=\"(max-width: 1131px) 100vw, 1131px\" \/><\/a><div class=\"trx_addons_hover_content\"><h4 class=\"sc_team_item_title trx_addons_hover_title\"><a href=\"http:\/\/amareve.fr\/en_en\/team\/f-rebeyrolle-mondes-croises\/\">F. Rebeyrolle <br\/> Mondes crois\u00e9s<\/a><\/h4><div class=\"sc_team_item_subtitle trx_addons_hover_title\"><a href=\"http:\/\/amareve.fr\/en_en\/team\/f-rebeyrolle-mondes-croises\/\"><\/a><\/div><div class=\"sc_team_item_content trx_addons_hover_text\"><a href=\"http:\/\/amareve.fr\/en_en\/team\/f-rebeyrolle-mondes-croises\/\">Mai 2022<\/a><\/div><div class=\"sc_team_item_socials socials_wrap trx_addons_hover_info\"><\/div><\/div><div class=\"trx_addons_hover_mask\"><\/div><\/div><\/div>\r\n<\/div><div class=\"trx_addons_column-1_4\"><div class=\"sc_team_item no_links post-2681 cpt_team type-cpt_team status-publish has-post-thumbnail hentry cpt_team_group-spectacles\">\r\n\t<div class=\"post_featured sc_team_item_thumb trx_addons_hover trx_addons_hover_style_info\"><a href=\"http:\/\/amareve.fr\/en_en\/team\/f-rebeyrolle-perlino-comment-jonquiere\/\" aria-hidden=\"true\"><img loading=\"lazy\" decoding=\"async\" width=\"1834\" height=\"2560\" src=\"http:\/\/amareve.fr\/wp-content\/uploads\/2023\/02\/PERLINO-AFFICHE_JONQUIERE_DEF-scaled.jpg\" class=\"attachment-trx_addons-thumb-avatar size-trx_addons-thumb-avatar wp-post-image\" alt=\"\" srcset=\"http:\/\/amareve.fr\/wp-content\/uploads\/2023\/02\/PERLINO-AFFICHE_JONQUIERE_DEF-scaled.jpg 1834w, http:\/\/amareve.fr\/wp-content\/uploads\/2023\/02\/PERLINO-AFFICHE_JONQUIERE_DEF-215x300.jpg 215w, http:\/\/amareve.fr\/wp-content\/uploads\/2023\/02\/PERLINO-AFFICHE_JONQUIERE_DEF-734x1024.jpg 734w, http:\/\/amareve.fr\/wp-content\/uploads\/2023\/02\/PERLINO-AFFICHE_JONQUIERE_DEF-107x150.jpg 107w, http:\/\/amareve.fr\/wp-content\/uploads\/2023\/02\/PERLINO-AFFICHE_JONQUIERE_DEF-768x1072.jpg 768w, http:\/\/amareve.fr\/wp-content\/uploads\/2023\/02\/PERLINO-AFFICHE_JONQUIERE_DEF-1101x1536.jpg 1101w, http:\/\/amareve.fr\/wp-content\/uploads\/2023\/02\/PERLINO-AFFICHE_JONQUIERE_DEF-1467x2048.jpg 1467w, http:\/\/amareve.fr\/wp-content\/uploads\/2023\/02\/PERLINO-AFFICHE_JONQUIERE_DEF-9x12.jpg 9w, http:\/\/amareve.fr\/wp-content\/uploads\/2023\/02\/PERLINO-AFFICHE_JONQUIERE_DEF-502x700.jpg 502w, http:\/\/amareve.fr\/wp-content\/uploads\/2023\/02\/PERLINO-AFFICHE_JONQUIERE_DEF-340x474.jpg 340w, http:\/\/amareve.fr\/wp-content\/uploads\/2023\/02\/PERLINO-AFFICHE_JONQUIERE_DEF-163x228.jpg 163w, http:\/\/amareve.fr\/wp-content\/uploads\/2023\/02\/PERLINO-AFFICHE_JONQUIERE_DEF-86x120.jpg 86w, http:\/\/amareve.fr\/wp-content\/uploads\/2023\/02\/PERLINO-AFFICHE_JONQUIERE_DEF-812x1133.jpg 812w, http:\/\/amareve.fr\/wp-content\/uploads\/2023\/02\/PERLINO-AFFICHE_JONQUIERE_DEF-406x567.jpg 406w, http:\/\/amareve.fr\/wp-content\/uploads\/2023\/02\/PERLINO-AFFICHE_JONQUIERE_DEF-335x467.jpg 335w, http:\/\/amareve.fr\/wp-content\/uploads\/2023\/02\/PERLINO-AFFICHE_JONQUIERE_DEF-287x400.jpg 287w\" sizes=\"(max-width: 1834px) 100vw, 1834px\" \/><\/a><div class=\"trx_addons_hover_content\"><h4 class=\"sc_team_item_title trx_addons_hover_title\"><a href=\"http:\/\/amareve.fr\/en_en\/team\/f-rebeyrolle-perlino-comment-jonquiere\/\">F. Melquiot <br\/> Perlino Comment (Paris)<\/a><\/h4><div class=\"sc_team_item_subtitle trx_addons_hover_title\"><a href=\"http:\/\/amareve.fr\/en_en\/team\/f-rebeyrolle-perlino-comment-jonquiere\/\"><\/a><\/div><div class=\"sc_team_item_content trx_addons_hover_text\"><a href=\"http:\/\/amareve.fr\/en_en\/team\/f-rebeyrolle-perlino-comment-jonquiere\/\">Mars 2022<\/a><\/div><div class=\"sc_team_item_socials socials_wrap trx_addons_hover_info\"><\/div><\/div><div class=\"trx_addons_hover_mask\"><\/div><\/div><\/div>\r\n<\/div><div class=\"trx_addons_column-1_4\"><div class=\"sc_team_item no_links post-2672 cpt_team type-cpt_team status-publish has-post-thumbnail hentry cpt_team_group-spectacles\">\r\n\t<div class=\"post_featured sc_team_item_thumb trx_addons_hover trx_addons_hover_style_info\"><a href=\"http:\/\/amareve.fr\/en_en\/team\/ferdinand\/\" aria-hidden=\"true\"><img loading=\"lazy\" decoding=\"async\" width=\"1810\" height=\"2560\" src=\"http:\/\/amareve.fr\/wp-content\/uploads\/2022\/04\/Le-Mystere-Ferdinand-A3-scaled.jpg\" class=\"attachment-trx_addons-thumb-avatar size-trx_addons-thumb-avatar wp-post-image\" alt=\"\" srcset=\"http:\/\/amareve.fr\/wp-content\/uploads\/2022\/04\/Le-Mystere-Ferdinand-A3-scaled.jpg 1810w, http:\/\/amareve.fr\/wp-content\/uploads\/2022\/04\/Le-Mystere-Ferdinand-A3-212x300.jpg 212w, http:\/\/amareve.fr\/wp-content\/uploads\/2022\/04\/Le-Mystere-Ferdinand-A3-724x1024.jpg 724w, http:\/\/amareve.fr\/wp-content\/uploads\/2022\/04\/Le-Mystere-Ferdinand-A3-106x150.jpg 106w, http:\/\/amareve.fr\/wp-content\/uploads\/2022\/04\/Le-Mystere-Ferdinand-A3-768x1086.jpg 768w, http:\/\/amareve.fr\/wp-content\/uploads\/2022\/04\/Le-Mystere-Ferdinand-A3-1086x1536.jpg 1086w, http:\/\/amareve.fr\/wp-content\/uploads\/2022\/04\/Le-Mystere-Ferdinand-A3-1448x2048.jpg 1448w, http:\/\/amareve.fr\/wp-content\/uploads\/2022\/04\/Le-Mystere-Ferdinand-A3-8x12.jpg 8w, http:\/\/amareve.fr\/wp-content\/uploads\/2022\/04\/Le-Mystere-Ferdinand-A3-495x700.jpg 495w, http:\/\/amareve.fr\/wp-content\/uploads\/2022\/04\/Le-Mystere-Ferdinand-A3-335x474.jpg 335w, http:\/\/amareve.fr\/wp-content\/uploads\/2022\/04\/Le-Mystere-Ferdinand-A3-161x228.jpg 161w, http:\/\/amareve.fr\/wp-content\/uploads\/2022\/04\/Le-Mystere-Ferdinand-A3-85x120.jpg 85w, http:\/\/amareve.fr\/wp-content\/uploads\/2022\/04\/Le-Mystere-Ferdinand-A3-812x1148.jpg 812w, http:\/\/amareve.fr\/wp-content\/uploads\/2022\/04\/Le-Mystere-Ferdinand-A3-406x574.jpg 406w, http:\/\/amareve.fr\/wp-content\/uploads\/2022\/04\/Le-Mystere-Ferdinand-A3-330x467.jpg 330w, http:\/\/amareve.fr\/wp-content\/uploads\/2022\/04\/Le-Mystere-Ferdinand-A3-283x400.jpg 283w\" sizes=\"(max-width: 1810px) 100vw, 1810px\" \/><\/a><div class=\"trx_addons_hover_content\"><h4 class=\"sc_team_item_title trx_addons_hover_title\"><a href=\"http:\/\/amareve.fr\/en_en\/team\/ferdinand\/\">Nin <br\/>Le myst\u00e8re Ferdinand<\/a><\/h4><div class=\"sc_team_item_subtitle trx_addons_hover_title\"><a href=\"http:\/\/amareve.fr\/en_en\/team\/ferdinand\/\"><\/a><\/div><div class=\"sc_team_item_content trx_addons_hover_text\"><a href=\"http:\/\/amareve.fr\/en_en\/team\/ferdinand\/\">D\u00e9cembre 2021<\/a><\/div><div class=\"sc_team_item_socials socials_wrap trx_addons_hover_info\"><\/div><\/div><div class=\"trx_addons_hover_mask\"><\/div><\/div><\/div>\r\n<\/div><div class=\"trx_addons_column-1_4\"><div class=\"sc_team_item no_links post-2549 cpt_team type-cpt_team status-publish has-post-thumbnail hentry cpt_team_group-spectacles\">\r\n\t<div class=\"post_featured sc_team_item_thumb trx_addons_hover trx_addons_hover_style_info\"><a href=\"http:\/\/amareve.fr\/en_en\/team\/le-petit-chaperon-rouge\/\" aria-hidden=\"true\"><img loading=\"lazy\" decoding=\"async\" width=\"898\" height=\"1280\" src=\"http:\/\/amareve.fr\/wp-content\/uploads\/2024\/08\/Stage_Theatre_Entrains.jpg\" class=\"attachment-trx_addons-thumb-avatar size-trx_addons-thumb-avatar wp-post-image\" alt=\"\" srcset=\"http:\/\/amareve.fr\/wp-content\/uploads\/2024\/08\/Stage_Theatre_Entrains.jpg 898w, http:\/\/amareve.fr\/wp-content\/uploads\/2024\/08\/Stage_Theatre_Entrains-210x300.jpg 210w, http:\/\/amareve.fr\/wp-content\/uploads\/2024\/08\/Stage_Theatre_Entrains-718x1024.jpg 718w, http:\/\/amareve.fr\/wp-content\/uploads\/2024\/08\/Stage_Theatre_Entrains-105x150.jpg 105w, http:\/\/amareve.fr\/wp-content\/uploads\/2024\/08\/Stage_Theatre_Entrains-768x1095.jpg 768w, http:\/\/amareve.fr\/wp-content\/uploads\/2024\/08\/Stage_Theatre_Entrains-8x12.jpg 8w, http:\/\/amareve.fr\/wp-content\/uploads\/2024\/08\/Stage_Theatre_Entrains-491x700.jpg 491w, http:\/\/amareve.fr\/wp-content\/uploads\/2024\/08\/Stage_Theatre_Entrains-333x474.jpg 333w, http:\/\/amareve.fr\/wp-content\/uploads\/2024\/08\/Stage_Theatre_Entrains-160x228.jpg 160w, http:\/\/amareve.fr\/wp-content\/uploads\/2024\/08\/Stage_Theatre_Entrains-84x120.jpg 84w, http:\/\/amareve.fr\/wp-content\/uploads\/2024\/08\/Stage_Theatre_Entrains-812x1157.jpg 812w, http:\/\/amareve.fr\/wp-content\/uploads\/2024\/08\/Stage_Theatre_Entrains-406x579.jpg 406w, http:\/\/amareve.fr\/wp-content\/uploads\/2024\/08\/Stage_Theatre_Entrains-328x467.jpg 328w, http:\/\/amareve.fr\/wp-content\/uploads\/2024\/08\/Stage_Theatre_Entrains-281x400.jpg 281w\" sizes=\"(max-width: 898px) 100vw, 898px\" \/><\/a><div class=\"trx_addons_hover_content\"><h4 class=\"sc_team_item_title trx_addons_hover_title\"><a href=\"http:\/\/amareve.fr\/en_en\/team\/le-petit-chaperon-rouge\/\">J. Pommerat <br\/> Le petit chaperon rouge<\/a><\/h4><div class=\"sc_team_item_subtitle trx_addons_hover_title\"><a href=\"http:\/\/amareve.fr\/en_en\/team\/le-petit-chaperon-rouge\/\"><\/a><\/div><div class=\"sc_team_item_content trx_addons_hover_text\"><a href=\"http:\/\/amareve.fr\/en_en\/team\/le-petit-chaperon-rouge\/\">Juillet 2021<\/a><\/div><div class=\"sc_team_item_socials socials_wrap trx_addons_hover_info\"><\/div><\/div><div class=\"trx_addons_hover_mask\"><\/div><\/div><\/div>\r\n<\/div><div class=\"trx_addons_column-1_4\"><div class=\"sc_team_item no_links post-2507 cpt_team type-cpt_team status-publish has-post-thumbnail hentry cpt_team_group-spectacles\">\r\n\t<div class=\"post_featured sc_team_item_thumb trx_addons_hover trx_addons_hover_style_info\"><a href=\"http:\/\/amareve.fr\/en_en\/team\/la-police-du-dodo\/\" aria-hidden=\"true\"><img loading=\"lazy\" decoding=\"async\" width=\"1810\" height=\"2560\" src=\"http:\/\/amareve.fr\/wp-content\/uploads\/2022\/04\/Affiche_WE_Juillet21-scaled.jpg\" class=\"attachment-trx_addons-thumb-avatar size-trx_addons-thumb-avatar wp-post-image\" alt=\"\" srcset=\"http:\/\/amareve.fr\/wp-content\/uploads\/2022\/04\/Affiche_WE_Juillet21-scaled.jpg 1810w, http:\/\/amareve.fr\/wp-content\/uploads\/2022\/04\/Affiche_WE_Juillet21-212x300.jpg 212w, http:\/\/amareve.fr\/wp-content\/uploads\/2022\/04\/Affiche_WE_Juillet21-724x1024.jpg 724w, http:\/\/amareve.fr\/wp-content\/uploads\/2022\/04\/Affiche_WE_Juillet21-106x150.jpg 106w, http:\/\/amareve.fr\/wp-content\/uploads\/2022\/04\/Affiche_WE_Juillet21-768x1086.jpg 768w, http:\/\/amareve.fr\/wp-content\/uploads\/2022\/04\/Affiche_WE_Juillet21-1086x1536.jpg 1086w, http:\/\/amareve.fr\/wp-content\/uploads\/2022\/04\/Affiche_WE_Juillet21-1448x2048.jpg 1448w, http:\/\/amareve.fr\/wp-content\/uploads\/2022\/04\/Affiche_WE_Juillet21-8x12.jpg 8w, http:\/\/amareve.fr\/wp-content\/uploads\/2022\/04\/Affiche_WE_Juillet21-495x700.jpg 495w, http:\/\/amareve.fr\/wp-content\/uploads\/2022\/04\/Affiche_WE_Juillet21-335x474.jpg 335w, http:\/\/amareve.fr\/wp-content\/uploads\/2022\/04\/Affiche_WE_Juillet21-161x228.jpg 161w, http:\/\/amareve.fr\/wp-content\/uploads\/2022\/04\/Affiche_WE_Juillet21-85x120.jpg 85w, http:\/\/amareve.fr\/wp-content\/uploads\/2022\/04\/Affiche_WE_Juillet21-812x1148.jpg 812w, http:\/\/amareve.fr\/wp-content\/uploads\/2022\/04\/Affiche_WE_Juillet21-406x574.jpg 406w, http:\/\/amareve.fr\/wp-content\/uploads\/2022\/04\/Affiche_WE_Juillet21-330x467.jpg 330w, http:\/\/amareve.fr\/wp-content\/uploads\/2022\/04\/Affiche_WE_Juillet21-283x400.jpg 283w\" sizes=\"(max-width: 1810px) 100vw, 1810px\" \/><\/a><div class=\"trx_addons_hover_content\"><h4 class=\"sc_team_item_title trx_addons_hover_title\"><a href=\"http:\/\/amareve.fr\/en_en\/team\/la-police-du-dodo\/\">F. Rebeyrolle <br\/> La police du dodo<\/a><\/h4><div class=\"sc_team_item_subtitle trx_addons_hover_title\"><a href=\"http:\/\/amareve.fr\/en_en\/team\/la-police-du-dodo\/\"><\/a><\/div><div class=\"sc_team_item_content trx_addons_hover_text\"><a href=\"http:\/\/amareve.fr\/en_en\/team\/la-police-du-dodo\/\">Juillet 2021<\/a><\/div><div class=\"sc_team_item_socials socials_wrap trx_addons_hover_info\"><\/div><\/div><div class=\"trx_addons_hover_mask\"><\/div><\/div><\/div>\r\n<\/div><div class=\"trx_addons_column-1_4\"><div class=\"sc_team_item no_links post-2502 cpt_team type-cpt_team status-publish has-post-thumbnail hentry cpt_team_group-spectacles\">\r\n\t<div class=\"post_featured sc_team_item_thumb trx_addons_hover trx_addons_hover_style_info\"><a href=\"http:\/\/amareve.fr\/en_en\/team\/le-film-berrichon\/\" aria-hidden=\"true\"><img loading=\"lazy\" decoding=\"async\" width=\"1810\" height=\"2560\" src=\"http:\/\/amareve.fr\/wp-content\/uploads\/2022\/04\/Affiche_WE_Juillet21-scaled.jpg\" class=\"attachment-trx_addons-thumb-avatar size-trx_addons-thumb-avatar wp-post-image\" alt=\"\" srcset=\"http:\/\/amareve.fr\/wp-content\/uploads\/2022\/04\/Affiche_WE_Juillet21-scaled.jpg 1810w, http:\/\/amareve.fr\/wp-content\/uploads\/2022\/04\/Affiche_WE_Juillet21-212x300.jpg 212w, http:\/\/amareve.fr\/wp-content\/uploads\/2022\/04\/Affiche_WE_Juillet21-724x1024.jpg 724w, http:\/\/amareve.fr\/wp-content\/uploads\/2022\/04\/Affiche_WE_Juillet21-106x150.jpg 106w, http:\/\/amareve.fr\/wp-content\/uploads\/2022\/04\/Affiche_WE_Juillet21-768x1086.jpg 768w, http:\/\/amareve.fr\/wp-content\/uploads\/2022\/04\/Affiche_WE_Juillet21-1086x1536.jpg 1086w, http:\/\/amareve.fr\/wp-content\/uploads\/2022\/04\/Affiche_WE_Juillet21-1448x2048.jpg 1448w, http:\/\/amareve.fr\/wp-content\/uploads\/2022\/04\/Affiche_WE_Juillet21-8x12.jpg 8w, http:\/\/amareve.fr\/wp-content\/uploads\/2022\/04\/Affiche_WE_Juillet21-495x700.jpg 495w, http:\/\/amareve.fr\/wp-content\/uploads\/2022\/04\/Affiche_WE_Juillet21-335x474.jpg 335w, http:\/\/amareve.fr\/wp-content\/uploads\/2022\/04\/Affiche_WE_Juillet21-161x228.jpg 161w, http:\/\/amareve.fr\/wp-content\/uploads\/2022\/04\/Affiche_WE_Juillet21-85x120.jpg 85w, http:\/\/amareve.fr\/wp-content\/uploads\/2022\/04\/Affiche_WE_Juillet21-812x1148.jpg 812w, http:\/\/amareve.fr\/wp-content\/uploads\/2022\/04\/Affiche_WE_Juillet21-406x574.jpg 406w, http:\/\/amareve.fr\/wp-content\/uploads\/2022\/04\/Affiche_WE_Juillet21-330x467.jpg 330w, http:\/\/amareve.fr\/wp-content\/uploads\/2022\/04\/Affiche_WE_Juillet21-283x400.jpg 283w\" sizes=\"(max-width: 1810px) 100vw, 1810px\" \/><\/a><div class=\"trx_addons_hover_content\"><h4 class=\"sc_team_item_title trx_addons_hover_title\"><a href=\"http:\/\/amareve.fr\/en_en\/team\/le-film-berrichon\/\">A. Chevalier <br\/> Le film berrichon<\/a><\/h4><div class=\"sc_team_item_subtitle trx_addons_hover_title\"><a href=\"http:\/\/amareve.fr\/en_en\/team\/le-film-berrichon\/\"><\/a><\/div><div class=\"sc_team_item_content trx_addons_hover_text\"><a href=\"http:\/\/amareve.fr\/en_en\/team\/le-film-berrichon\/\">Juillet 2021<\/a><\/div><div class=\"sc_team_item_socials socials_wrap trx_addons_hover_info\"><\/div><\/div><div class=\"trx_addons_hover_mask\"><\/div><\/div><\/div>\r\n<\/div><div class=\"trx_addons_column-1_4\"><div class=\"sc_team_item no_links post-2496 cpt_team type-cpt_team status-publish has-post-thumbnail hentry cpt_team_group-spectacles\">\r\n\t<div class=\"post_featured sc_team_item_thumb trx_addons_hover trx_addons_hover_style_info\"><a href=\"http:\/\/amareve.fr\/en_en\/team\/pacamambo\/\" aria-hidden=\"true\"><img loading=\"lazy\" decoding=\"async\" width=\"731\" height=\"1000\" src=\"http:\/\/amareve.fr\/wp-content\/uploads\/2024\/08\/51QZDT8HJVL._AC_UF10001000_QL80_.jpg\" class=\"attachment-trx_addons-thumb-avatar size-trx_addons-thumb-avatar wp-post-image\" alt=\"\" srcset=\"http:\/\/amareve.fr\/wp-content\/uploads\/2024\/08\/51QZDT8HJVL._AC_UF10001000_QL80_.jpg 731w, http:\/\/amareve.fr\/wp-content\/uploads\/2024\/08\/51QZDT8HJVL._AC_UF10001000_QL80_-219x300.jpg 219w, http:\/\/amareve.fr\/wp-content\/uploads\/2024\/08\/51QZDT8HJVL._AC_UF10001000_QL80_-110x150.jpg 110w, http:\/\/amareve.fr\/wp-content\/uploads\/2024\/08\/51QZDT8HJVL._AC_UF10001000_QL80_-9x12.jpg 9w, http:\/\/amareve.fr\/wp-content\/uploads\/2024\/08\/51QZDT8HJVL._AC_UF10001000_QL80_-512x700.jpg 512w, http:\/\/amareve.fr\/wp-content\/uploads\/2024\/08\/51QZDT8HJVL._AC_UF10001000_QL80_-346x474.jpg 346w, http:\/\/amareve.fr\/wp-content\/uploads\/2024\/08\/51QZDT8HJVL._AC_UF10001000_QL80_-167x228.jpg 167w, http:\/\/amareve.fr\/wp-content\/uploads\/2024\/08\/51QZDT8HJVL._AC_UF10001000_QL80_-88x120.jpg 88w, http:\/\/amareve.fr\/wp-content\/uploads\/2024\/08\/51QZDT8HJVL._AC_UF10001000_QL80_-406x555.jpg 406w, http:\/\/amareve.fr\/wp-content\/uploads\/2024\/08\/51QZDT8HJVL._AC_UF10001000_QL80_-341x467.jpg 341w, http:\/\/amareve.fr\/wp-content\/uploads\/2024\/08\/51QZDT8HJVL._AC_UF10001000_QL80_-292x400.jpg 292w\" sizes=\"(max-width: 731px) 100vw, 731px\" \/><\/a><div class=\"trx_addons_hover_content\"><h4 class=\"sc_team_item_title trx_addons_hover_title\"><a href=\"http:\/\/amareve.fr\/en_en\/team\/pacamambo\/\">W. Mouawad <br\/> Pacamambo<\/a><\/h4><div class=\"sc_team_item_subtitle trx_addons_hover_title\"><a href=\"http:\/\/amareve.fr\/en_en\/team\/pacamambo\/\"><\/a><\/div><div class=\"sc_team_item_content trx_addons_hover_text\"><a href=\"http:\/\/amareve.fr\/en_en\/team\/pacamambo\/\">Juin 2021<\/a><\/div><div class=\"sc_team_item_socials socials_wrap trx_addons_hover_info\"><\/div><\/div><div class=\"trx_addons_hover_mask\"><\/div><\/div><\/div>\r\n<\/div><div class=\"trx_addons_column-1_4\"><div class=\"sc_team_item no_links post-2489 cpt_team type-cpt_team status-publish has-post-thumbnail hentry cpt_team_group-spectacles\">\r\n\t<div class=\"post_featured sc_team_item_thumb trx_addons_hover trx_addons_hover_style_info\"><a href=\"http:\/\/amareve.fr\/en_en\/team\/bouboule\/\" aria-hidden=\"true\"><img loading=\"lazy\" decoding=\"async\" width=\"842\" height=\"1191\" src=\"http:\/\/amareve.fr\/wp-content\/uploads\/2024\/08\/BQ.jpg\" class=\"attachment-trx_addons-thumb-avatar size-trx_addons-thumb-avatar wp-post-image\" alt=\"\" srcset=\"http:\/\/amareve.fr\/wp-content\/uploads\/2024\/08\/BQ.jpg 842w, http:\/\/amareve.fr\/wp-content\/uploads\/2024\/08\/BQ-212x300.jpg 212w, http:\/\/amareve.fr\/wp-content\/uploads\/2024\/08\/BQ-724x1024.jpg 724w, http:\/\/amareve.fr\/wp-content\/uploads\/2024\/08\/BQ-106x150.jpg 106w, http:\/\/amareve.fr\/wp-content\/uploads\/2024\/08\/BQ-768x1086.jpg 768w, http:\/\/amareve.fr\/wp-content\/uploads\/2024\/08\/BQ-8x12.jpg 8w, http:\/\/amareve.fr\/wp-content\/uploads\/2024\/08\/BQ-495x700.jpg 495w, http:\/\/amareve.fr\/wp-content\/uploads\/2024\/08\/BQ-335x474.jpg 335w, http:\/\/amareve.fr\/wp-content\/uploads\/2024\/08\/BQ-161x228.jpg 161w, http:\/\/amareve.fr\/wp-content\/uploads\/2024\/08\/BQ-85x120.jpg 85w, http:\/\/amareve.fr\/wp-content\/uploads\/2024\/08\/BQ-812x1149.jpg 812w, http:\/\/amareve.fr\/wp-content\/uploads\/2024\/08\/BQ-406x574.jpg 406w, http:\/\/amareve.fr\/wp-content\/uploads\/2024\/08\/BQ-330x467.jpg 330w, http:\/\/amareve.fr\/wp-content\/uploads\/2024\/08\/BQ-283x400.jpg 283w\" sizes=\"(max-width: 842px) 100vw, 842px\" \/><\/a><div class=\"trx_addons_hover_content\"><h4 class=\"sc_team_item_title trx_addons_hover_title\"><a href=\"http:\/\/amareve.fr\/en_en\/team\/bouboule\/\">P. Gauthier <br\/> Bouboule &#038; Quatzieux<\/a><\/h4><div class=\"sc_team_item_subtitle trx_addons_hover_title\"><a href=\"http:\/\/amareve.fr\/en_en\/team\/bouboule\/\"><\/a><\/div><div class=\"sc_team_item_content trx_addons_hover_text\"><a href=\"http:\/\/amareve.fr\/en_en\/team\/bouboule\/\">Juin 2021<\/a><\/div><div class=\"sc_team_item_socials socials_wrap trx_addons_hover_info\"><\/div><\/div><div class=\"trx_addons_hover_mask\"><\/div><\/div><\/div>\r\n<\/div><div class=\"trx_addons_column-1_4\"><div class=\"sc_team_item no_links post-2483 cpt_team type-cpt_team status-publish has-post-thumbnail hentry cpt_team_group-spectacles\">\r\n\t<div class=\"post_featured sc_team_item_thumb trx_addons_hover trx_addons_hover_style_info\"><a href=\"http:\/\/amareve.fr\/en_en\/team\/la_remplacante\/\" aria-hidden=\"true\"><img loading=\"lazy\" decoding=\"async\" width=\"842\" height=\"1191\" src=\"http:\/\/amareve.fr\/wp-content\/uploads\/2023\/02\/Ciez_LaRemplacante.jpg\" class=\"attachment-trx_addons-thumb-avatar size-trx_addons-thumb-avatar wp-post-image\" alt=\"\" srcset=\"http:\/\/amareve.fr\/wp-content\/uploads\/2023\/02\/Ciez_LaRemplacante.jpg 842w, http:\/\/amareve.fr\/wp-content\/uploads\/2023\/02\/Ciez_LaRemplacante-212x300.jpg 212w, http:\/\/amareve.fr\/wp-content\/uploads\/2023\/02\/Ciez_LaRemplacante-724x1024.jpg 724w, http:\/\/amareve.fr\/wp-content\/uploads\/2023\/02\/Ciez_LaRemplacante-106x150.jpg 106w, http:\/\/amareve.fr\/wp-content\/uploads\/2023\/02\/Ciez_LaRemplacante-768x1086.jpg 768w, http:\/\/amareve.fr\/wp-content\/uploads\/2023\/02\/Ciez_LaRemplacante-8x12.jpg 8w, http:\/\/amareve.fr\/wp-content\/uploads\/2023\/02\/Ciez_LaRemplacante-495x700.jpg 495w, http:\/\/amareve.fr\/wp-content\/uploads\/2023\/02\/Ciez_LaRemplacante-335x474.jpg 335w, http:\/\/amareve.fr\/wp-content\/uploads\/2023\/02\/Ciez_LaRemplacante-161x228.jpg 161w, http:\/\/amareve.fr\/wp-content\/uploads\/2023\/02\/Ciez_LaRemplacante-85x120.jpg 85w, http:\/\/amareve.fr\/wp-content\/uploads\/2023\/02\/Ciez_LaRemplacante-812x1149.jpg 812w, http:\/\/amareve.fr\/wp-content\/uploads\/2023\/02\/Ciez_LaRemplacante-406x574.jpg 406w, http:\/\/amareve.fr\/wp-content\/uploads\/2023\/02\/Ciez_LaRemplacante-330x467.jpg 330w, http:\/\/amareve.fr\/wp-content\/uploads\/2023\/02\/Ciez_LaRemplacante-283x400.jpg 283w\" sizes=\"(max-width: 842px) 100vw, 842px\" \/><\/a><div class=\"trx_addons_hover_content\"><h4 class=\"sc_team_item_title trx_addons_hover_title\"><a href=\"http:\/\/amareve.fr\/en_en\/team\/la_remplacante\/\">Audren <br\/> La rempla\u00e7ante<\/a><\/h4><div class=\"sc_team_item_subtitle trx_addons_hover_title\"><a href=\"http:\/\/amareve.fr\/en_en\/team\/la_remplacante\/\"><\/a><\/div><div class=\"sc_team_item_content trx_addons_hover_text\"><a href=\"http:\/\/amareve.fr\/en_en\/team\/la_remplacante\/\">Juin 2021<\/a><\/div><div class=\"sc_team_item_socials socials_wrap trx_addons_hover_info\"><\/div><\/div><div class=\"trx_addons_hover_mask\"><\/div><\/div><\/div>\r\n<\/div><div class=\"trx_addons_column-1_4\"><div class=\"sc_team_item no_links post-2474 cpt_team type-cpt_team status-publish has-post-thumbnail hentry cpt_team_group-spectacles\">\r\n\t<div class=\"post_featured sc_team_item_thumb trx_addons_hover trx_addons_hover_style_info\"><a href=\"http:\/\/amareve.fr\/en_en\/team\/perlino-comment-en-jardin\/\" aria-hidden=\"true\"><img loading=\"lazy\" decoding=\"async\" width=\"709\" height=\"992\" src=\"http:\/\/amareve.fr\/wp-content\/uploads\/2021\/04\/Image_Entrains-1.jpg\" class=\"attachment-trx_addons-thumb-avatar size-trx_addons-thumb-avatar wp-post-image\" alt=\"\" srcset=\"http:\/\/amareve.fr\/wp-content\/uploads\/2021\/04\/Image_Entrains-1.jpg 709w, http:\/\/amareve.fr\/wp-content\/uploads\/2021\/04\/Image_Entrains-1-214x300.jpg 214w, http:\/\/amareve.fr\/wp-content\/uploads\/2021\/04\/Image_Entrains-1-107x150.jpg 107w, http:\/\/amareve.fr\/wp-content\/uploads\/2021\/04\/Image_Entrains-1-9x12.jpg 9w, http:\/\/amareve.fr\/wp-content\/uploads\/2021\/04\/Image_Entrains-1-500x700.jpg 500w, http:\/\/amareve.fr\/wp-content\/uploads\/2021\/04\/Image_Entrains-1-339x474.jpg 339w, http:\/\/amareve.fr\/wp-content\/uploads\/2021\/04\/Image_Entrains-1-163x228.jpg 163w, http:\/\/amareve.fr\/wp-content\/uploads\/2021\/04\/Image_Entrains-1-86x120.jpg 86w, http:\/\/amareve.fr\/wp-content\/uploads\/2021\/04\/Image_Entrains-1-406x568.jpg 406w, http:\/\/amareve.fr\/wp-content\/uploads\/2021\/04\/Image_Entrains-1-334x467.jpg 334w, http:\/\/amareve.fr\/wp-content\/uploads\/2021\/04\/Image_Entrains-1-286x400.jpg 286w\" sizes=\"(max-width: 709px) 100vw, 709px\" \/><\/a><div class=\"trx_addons_hover_content\"><h4 class=\"sc_team_item_title trx_addons_hover_title\"><a href=\"http:\/\/amareve.fr\/en_en\/team\/perlino-comment-en-jardin\/\">F. Melquiot <br\/> Perlino Comment (Entrains)<\/a><\/h4><div class=\"sc_team_item_subtitle trx_addons_hover_title\"><a href=\"http:\/\/amareve.fr\/en_en\/team\/perlino-comment-en-jardin\/\"><\/a><\/div><div class=\"sc_team_item_content trx_addons_hover_text\"><a href=\"http:\/\/amareve.fr\/en_en\/team\/perlino-comment-en-jardin\/\">Ao\u00fbt 2020<\/a><\/div><div class=\"sc_team_item_socials socials_wrap trx_addons_hover_info\"><\/div><\/div><div class=\"trx_addons_hover_mask\"><\/div><\/div><\/div>\r\n<\/div><div class=\"trx_addons_column-1_4\"><div class=\"sc_team_item no_links post-2470 cpt_team type-cpt_team status-publish has-post-thumbnail hentry cpt_team_group-spectacles\">\r\n\t<div class=\"post_featured sc_team_item_thumb trx_addons_hover trx_addons_hover_style_info\"><a href=\"http:\/\/amareve.fr\/en_en\/team\/operas\/\" aria-hidden=\"true\"><img loading=\"lazy\" decoding=\"async\" width=\"1173\" height=\"1664\" src=\"http:\/\/amareve.fr\/wp-content\/uploads\/2023\/02\/Persan_2020.jpg\" class=\"attachment-trx_addons-thumb-avatar size-trx_addons-thumb-avatar wp-post-image\" alt=\"\" srcset=\"http:\/\/amareve.fr\/wp-content\/uploads\/2023\/02\/Persan_2020.jpg 1173w, http:\/\/amareve.fr\/wp-content\/uploads\/2023\/02\/Persan_2020-211x300.jpg 211w, http:\/\/amareve.fr\/wp-content\/uploads\/2023\/02\/Persan_2020-722x1024.jpg 722w, http:\/\/amareve.fr\/wp-content\/uploads\/2023\/02\/Persan_2020-106x150.jpg 106w, http:\/\/amareve.fr\/wp-content\/uploads\/2023\/02\/Persan_2020-768x1089.jpg 768w, http:\/\/amareve.fr\/wp-content\/uploads\/2023\/02\/Persan_2020-1083x1536.jpg 1083w, http:\/\/amareve.fr\/wp-content\/uploads\/2023\/02\/Persan_2020-8x12.jpg 8w, http:\/\/amareve.fr\/wp-content\/uploads\/2023\/02\/Persan_2020-493x700.jpg 493w, http:\/\/amareve.fr\/wp-content\/uploads\/2023\/02\/Persan_2020-334x474.jpg 334w, http:\/\/amareve.fr\/wp-content\/uploads\/2023\/02\/Persan_2020-161x228.jpg 161w, http:\/\/amareve.fr\/wp-content\/uploads\/2023\/02\/Persan_2020-85x120.jpg 85w, http:\/\/amareve.fr\/wp-content\/uploads\/2023\/02\/Persan_2020-812x1152.jpg 812w, http:\/\/amareve.fr\/wp-content\/uploads\/2023\/02\/Persan_2020-406x576.jpg 406w, http:\/\/amareve.fr\/wp-content\/uploads\/2023\/02\/Persan_2020-329x467.jpg 329w, http:\/\/amareve.fr\/wp-content\/uploads\/2023\/02\/Persan_2020-282x400.jpg 282w\" sizes=\"(max-width: 1173px) 100vw, 1173px\" \/><\/a><div class=\"trx_addons_hover_content\"><h4 class=\"sc_team_item_title trx_addons_hover_title\"><a href=\"http:\/\/amareve.fr\/en_en\/team\/operas\/\">F. Rebeyrolle <br\/> Op\u00e9ras<\/a><\/h4><div class=\"sc_team_item_subtitle trx_addons_hover_title\"><a href=\"http:\/\/amareve.fr\/en_en\/team\/operas\/\"><\/a><\/div><div class=\"sc_team_item_content trx_addons_hover_text\"><a href=\"http:\/\/amareve.fr\/en_en\/team\/operas\/\">F\u00e9vrier 2020<\/a><\/div><div class=\"sc_team_item_socials socials_wrap trx_addons_hover_info\"><\/div><\/div><div class=\"trx_addons_hover_mask\"><\/div><\/div><\/div>\r\n<\/div><div class=\"trx_addons_column-1_4\"><div class=\"sc_team_item no_links post-2465 cpt_team type-cpt_team status-publish has-post-thumbnail hentry cpt_team_group-spectacles\">\r\n\t<div class=\"post_featured sc_team_item_thumb trx_addons_hover trx_addons_hover_style_info\"><a href=\"http:\/\/amareve.fr\/en_en\/team\/operas_croises\/\" aria-hidden=\"true\"><img loading=\"lazy\" decoding=\"async\" width=\"1809\" height=\"2560\" src=\"http:\/\/amareve.fr\/wp-content\/uploads\/2023\/02\/Presles2019-scaled.jpg\" class=\"attachment-trx_addons-thumb-avatar size-trx_addons-thumb-avatar wp-post-image\" alt=\"\" srcset=\"http:\/\/amareve.fr\/wp-content\/uploads\/2023\/02\/Presles2019-scaled.jpg 1809w, http:\/\/amareve.fr\/wp-content\/uploads\/2023\/02\/Presles2019-212x300.jpg 212w, http:\/\/amareve.fr\/wp-content\/uploads\/2023\/02\/Presles2019-724x1024.jpg 724w, http:\/\/amareve.fr\/wp-content\/uploads\/2023\/02\/Presles2019-106x150.jpg 106w, http:\/\/amareve.fr\/wp-content\/uploads\/2023\/02\/Presles2019-768x1087.jpg 768w, http:\/\/amareve.fr\/wp-content\/uploads\/2023\/02\/Presles2019-1086x1536.jpg 1086w, http:\/\/amareve.fr\/wp-content\/uploads\/2023\/02\/Presles2019-1447x2048.jpg 1447w, http:\/\/amareve.fr\/wp-content\/uploads\/2023\/02\/Presles2019-8x12.jpg 8w, http:\/\/amareve.fr\/wp-content\/uploads\/2023\/02\/Presles2019-495x700.jpg 495w, http:\/\/amareve.fr\/wp-content\/uploads\/2023\/02\/Presles2019-335x474.jpg 335w, http:\/\/amareve.fr\/wp-content\/uploads\/2023\/02\/Presles2019-161x228.jpg 161w, http:\/\/amareve.fr\/wp-content\/uploads\/2023\/02\/Presles2019-85x120.jpg 85w, http:\/\/amareve.fr\/wp-content\/uploads\/2023\/02\/Presles2019-812x1149.jpg 812w, http:\/\/amareve.fr\/wp-content\/uploads\/2023\/02\/Presles2019-406x574.jpg 406w, http:\/\/amareve.fr\/wp-content\/uploads\/2023\/02\/Presles2019-330x467.jpg 330w, http:\/\/amareve.fr\/wp-content\/uploads\/2023\/02\/Presles2019-283x400.jpg 283w\" sizes=\"(max-width: 1809px) 100vw, 1809px\" \/><\/a><div class=\"trx_addons_hover_content\"><h4 class=\"sc_team_item_title trx_addons_hover_title\"><a href=\"http:\/\/amareve.fr\/en_en\/team\/operas_croises\/\">F. Rebeyrolle <br\/> Op\u00e9ras crois\u00e9s<\/a><\/h4><div class=\"sc_team_item_subtitle trx_addons_hover_title\"><a href=\"http:\/\/amareve.fr\/en_en\/team\/operas_croises\/\"><\/a><\/div><div class=\"sc_team_item_content trx_addons_hover_text\"><a href=\"http:\/\/amareve.fr\/en_en\/team\/operas_croises\/\">Juin 2019<\/a><\/div><div class=\"sc_team_item_socials socials_wrap trx_addons_hover_info\"><\/div><\/div><div class=\"trx_addons_hover_mask\"><\/div><\/div><\/div>\r\n<\/div><div class=\"trx_addons_column-1_4\"><div class=\"sc_team_item no_links post-2458 cpt_team type-cpt_team status-publish has-post-thumbnail hentry cpt_team_group-spectacles\">\r\n\t<div class=\"post_featured sc_team_item_thumb trx_addons_hover trx_addons_hover_style_info\"><a href=\"http:\/\/amareve.fr\/en_en\/team\/ameriques\/\" aria-hidden=\"true\"><img loading=\"lazy\" decoding=\"async\" width=\"1317\" height=\"1851\" src=\"http:\/\/amareve.fr\/wp-content\/uploads\/2023\/02\/Persan_2019.jpg\" class=\"attachment-trx_addons-thumb-avatar size-trx_addons-thumb-avatar wp-post-image\" alt=\"\" srcset=\"http:\/\/amareve.fr\/wp-content\/uploads\/2023\/02\/Persan_2019.jpg 1317w, http:\/\/amareve.fr\/wp-content\/uploads\/2023\/02\/Persan_2019-213x300.jpg 213w, http:\/\/amareve.fr\/wp-content\/uploads\/2023\/02\/Persan_2019-729x1024.jpg 729w, http:\/\/amareve.fr\/wp-content\/uploads\/2023\/02\/Persan_2019-107x150.jpg 107w, http:\/\/amareve.fr\/wp-content\/uploads\/2023\/02\/Persan_2019-768x1079.jpg 768w, http:\/\/amareve.fr\/wp-content\/uploads\/2023\/02\/Persan_2019-1093x1536.jpg 1093w, http:\/\/amareve.fr\/wp-content\/uploads\/2023\/02\/Persan_2019-9x12.jpg 9w, http:\/\/amareve.fr\/wp-content\/uploads\/2023\/02\/Persan_2019-498x700.jpg 498w, http:\/\/amareve.fr\/wp-content\/uploads\/2023\/02\/Persan_2019-337x474.jpg 337w, http:\/\/amareve.fr\/wp-content\/uploads\/2023\/02\/Persan_2019-162x228.jpg 162w, http:\/\/amareve.fr\/wp-content\/uploads\/2023\/02\/Persan_2019-85x120.jpg 85w, http:\/\/amareve.fr\/wp-content\/uploads\/2023\/02\/Persan_2019-812x1141.jpg 812w, http:\/\/amareve.fr\/wp-content\/uploads\/2023\/02\/Persan_2019-406x571.jpg 406w, http:\/\/amareve.fr\/wp-content\/uploads\/2023\/02\/Persan_2019-332x467.jpg 332w, http:\/\/amareve.fr\/wp-content\/uploads\/2023\/02\/Persan_2019-285x400.jpg 285w\" sizes=\"(max-width: 1317px) 100vw, 1317px\" \/><\/a><div class=\"trx_addons_hover_content\"><h4 class=\"sc_team_item_title trx_addons_hover_title\"><a href=\"http:\/\/amareve.fr\/en_en\/team\/ameriques\/\">F. Rebeyrolle <br\/> Am\u00e9riques<\/a><\/h4><div class=\"sc_team_item_subtitle trx_addons_hover_title\"><a href=\"http:\/\/amareve.fr\/en_en\/team\/ameriques\/\"><\/a><\/div><div class=\"sc_team_item_content trx_addons_hover_text\"><a href=\"http:\/\/amareve.fr\/en_en\/team\/ameriques\/\">F\u00e9vrier 2019<\/a><\/div><div class=\"sc_team_item_socials socials_wrap trx_addons_hover_info\"><\/div><\/div><div class=\"trx_addons_hover_mask\"><\/div><\/div><\/div>\r\n<\/div><div class=\"trx_addons_column-1_4\"><div class=\"sc_team_item no_links post-2450 cpt_team type-cpt_team status-publish has-post-thumbnail hentry cpt_team_group-spectacles\">\r\n\t<div class=\"post_featured sc_team_item_thumb trx_addons_hover trx_addons_hover_style_info\"><a href=\"http:\/\/amareve.fr\/en_en\/team\/a-fleur-de-reve\/\" aria-hidden=\"true\"><img loading=\"lazy\" decoding=\"async\" width=\"1264\" height=\"1787\" src=\"http:\/\/amareve.fr\/wp-content\/uploads\/2019\/04\/AFDR-Affiche.jpg\" class=\"attachment-trx_addons-thumb-avatar size-trx_addons-thumb-avatar wp-post-image\" alt=\"\" srcset=\"http:\/\/amareve.fr\/wp-content\/uploads\/2019\/04\/AFDR-Affiche.jpg 1264w, http:\/\/amareve.fr\/wp-content\/uploads\/2019\/04\/AFDR-Affiche-212x300.jpg 212w, http:\/\/amareve.fr\/wp-content\/uploads\/2019\/04\/AFDR-Affiche-724x1024.jpg 724w, http:\/\/amareve.fr\/wp-content\/uploads\/2019\/04\/AFDR-Affiche-106x150.jpg 106w, http:\/\/amareve.fr\/wp-content\/uploads\/2019\/04\/AFDR-Affiche-768x1086.jpg 768w, http:\/\/amareve.fr\/wp-content\/uploads\/2019\/04\/AFDR-Affiche-1086x1536.jpg 1086w, http:\/\/amareve.fr\/wp-content\/uploads\/2019\/04\/AFDR-Affiche-8x12.jpg 8w, http:\/\/amareve.fr\/wp-content\/uploads\/2019\/04\/AFDR-Affiche-495x700.jpg 495w, http:\/\/amareve.fr\/wp-content\/uploads\/2019\/04\/AFDR-Affiche-335x474.jpg 335w, http:\/\/amareve.fr\/wp-content\/uploads\/2019\/04\/AFDR-Affiche-161x228.jpg 161w, http:\/\/amareve.fr\/wp-content\/uploads\/2019\/04\/AFDR-Affiche-85x120.jpg 85w, http:\/\/amareve.fr\/wp-content\/uploads\/2019\/04\/AFDR-Affiche-812x1148.jpg 812w, http:\/\/amareve.fr\/wp-content\/uploads\/2019\/04\/AFDR-Affiche-406x574.jpg 406w, http:\/\/amareve.fr\/wp-content\/uploads\/2019\/04\/AFDR-Affiche-330x467.jpg 330w, http:\/\/amareve.fr\/wp-content\/uploads\/2019\/04\/AFDR-Affiche-283x400.jpg 283w\" sizes=\"(max-width: 1264px) 100vw, 1264px\" \/><\/a><div class=\"trx_addons_hover_content\"><h4 class=\"sc_team_item_title trx_addons_hover_title\"><a href=\"http:\/\/amareve.fr\/en_en\/team\/a-fleur-de-reve\/\">F. Rebeyrolle <br\/> \u00c0 Fleur de r\u00eave<\/a><\/h4><div class=\"sc_team_item_subtitle trx_addons_hover_title\"><a href=\"http:\/\/amareve.fr\/en_en\/team\/a-fleur-de-reve\/\"><\/a><\/div><div class=\"sc_team_item_content trx_addons_hover_text\"><a href=\"http:\/\/amareve.fr\/en_en\/team\/a-fleur-de-reve\/\">Novembre 2018<\/a><\/div><div class=\"sc_team_item_socials socials_wrap trx_addons_hover_info\"><\/div><\/div><div class=\"trx_addons_hover_mask\"><\/div><\/div><\/div>\r\n<\/div><div class=\"trx_addons_column-1_4\"><div class=\"sc_team_item no_links post-2381 cpt_team type-cpt_team status-publish has-post-thumbnail hentry cpt_team_group-spectacles\">\r\n\t<div class=\"post_featured sc_team_item_thumb trx_addons_hover trx_addons_hover_style_info\"><a href=\"http:\/\/amareve.fr\/en_en\/team\/les-kazipros-juin-2017\/\" aria-hidden=\"true\"><img loading=\"lazy\" decoding=\"async\" width=\"849\" height=\"1200\" src=\"http:\/\/amareve.fr\/wp-content\/uploads\/2024\/08\/Les_Kazipros-Version_Courte_2019.jpg\" class=\"attachment-trx_addons-thumb-avatar size-trx_addons-thumb-avatar wp-post-image\" alt=\"\" srcset=\"http:\/\/amareve.fr\/wp-content\/uploads\/2024\/08\/Les_Kazipros-Version_Courte_2019.jpg 849w, http:\/\/amareve.fr\/wp-content\/uploads\/2024\/08\/Les_Kazipros-Version_Courte_2019-212x300.jpg 212w, http:\/\/amareve.fr\/wp-content\/uploads\/2024\/08\/Les_Kazipros-Version_Courte_2019-724x1024.jpg 724w, http:\/\/amareve.fr\/wp-content\/uploads\/2024\/08\/Les_Kazipros-Version_Courte_2019-106x150.jpg 106w, http:\/\/amareve.fr\/wp-content\/uploads\/2024\/08\/Les_Kazipros-Version_Courte_2019-768x1086.jpg 768w, http:\/\/amareve.fr\/wp-content\/uploads\/2024\/08\/Les_Kazipros-Version_Courte_2019-8x12.jpg 8w, http:\/\/amareve.fr\/wp-content\/uploads\/2024\/08\/Les_Kazipros-Version_Courte_2019-495x700.jpg 495w, http:\/\/amareve.fr\/wp-content\/uploads\/2024\/08\/Les_Kazipros-Version_Courte_2019-335x474.jpg 335w, http:\/\/amareve.fr\/wp-content\/uploads\/2024\/08\/Les_Kazipros-Version_Courte_2019-161x228.jpg 161w, http:\/\/amareve.fr\/wp-content\/uploads\/2024\/08\/Les_Kazipros-Version_Courte_2019-85x120.jpg 85w, http:\/\/amareve.fr\/wp-content\/uploads\/2024\/08\/Les_Kazipros-Version_Courte_2019-812x1148.jpg 812w, http:\/\/amareve.fr\/wp-content\/uploads\/2024\/08\/Les_Kazipros-Version_Courte_2019-406x574.jpg 406w, http:\/\/amareve.fr\/wp-content\/uploads\/2024\/08\/Les_Kazipros-Version_Courte_2019-330x467.jpg 330w, http:\/\/amareve.fr\/wp-content\/uploads\/2024\/08\/Les_Kazipros-Version_Courte_2019-283x400.jpg 283w\" sizes=\"(max-width: 849px) 100vw, 849px\" \/><\/a><div class=\"trx_addons_hover_content\"><h4 class=\"sc_team_item_title trx_addons_hover_title\"><a href=\"http:\/\/amareve.fr\/en_en\/team\/les-kazipros-juin-2017\/\">Collectif <br\/> Les Kazipros<\/a><\/h4><div class=\"sc_team_item_subtitle trx_addons_hover_title\"><a href=\"http:\/\/amareve.fr\/en_en\/team\/les-kazipros-juin-2017\/\"><\/a><\/div><div class=\"sc_team_item_content trx_addons_hover_text\"><a href=\"http:\/\/amareve.fr\/en_en\/team\/les-kazipros-juin-2017\/\">Juin 2017<\/a><\/div><div class=\"sc_team_item_socials socials_wrap trx_addons_hover_info\"><\/div><\/div><div class=\"trx_addons_hover_mask\"><\/div><\/div><\/div>\r\n<\/div><div class=\"trx_addons_column-1_4\"><div class=\"sc_team_item no_links post-2365 cpt_team type-cpt_team status-publish has-post-thumbnail hentry cpt_team_group-spectacles\">\r\n\t<div class=\"post_featured sc_team_item_thumb trx_addons_hover trx_addons_hover_style_info\"><a href=\"http:\/\/amareve.fr\/en_en\/team\/invitation-poetique-juin-2016\/\" aria-hidden=\"true\"><img loading=\"lazy\" decoding=\"async\" width=\"472\" height=\"630\" src=\"http:\/\/amareve.fr\/wp-content\/uploads\/2024\/08\/Cosne.webp\" class=\"attachment-trx_addons-thumb-avatar size-trx_addons-thumb-avatar wp-post-image\" alt=\"\" srcset=\"http:\/\/amareve.fr\/wp-content\/uploads\/2024\/08\/Cosne.webp 472w, http:\/\/amareve.fr\/wp-content\/uploads\/2024\/08\/Cosne-225x300.webp 225w, http:\/\/amareve.fr\/wp-content\/uploads\/2024\/08\/Cosne-112x150.webp 112w, http:\/\/amareve.fr\/wp-content\/uploads\/2024\/08\/Cosne-9x12.webp 9w, http:\/\/amareve.fr\/wp-content\/uploads\/2024\/08\/Cosne-355x474.webp 355w, http:\/\/amareve.fr\/wp-content\/uploads\/2024\/08\/Cosne-171x228.webp 171w, http:\/\/amareve.fr\/wp-content\/uploads\/2024\/08\/Cosne-90x120.webp 90w, http:\/\/amareve.fr\/wp-content\/uploads\/2024\/08\/Cosne-406x542.webp 406w, http:\/\/amareve.fr\/wp-content\/uploads\/2024\/08\/Cosne-350x467.webp 350w, http:\/\/amareve.fr\/wp-content\/uploads\/2024\/08\/Cosne-297x396.webp 297w, http:\/\/amareve.fr\/wp-content\/uploads\/2024\/08\/Cosne-370x493.webp 370w\" sizes=\"(max-width: 472px) 100vw, 472px\" \/><\/a><div class=\"trx_addons_hover_content\"><h4 class=\"sc_team_item_title trx_addons_hover_title\"><a href=\"http:\/\/amareve.fr\/en_en\/team\/invitation-poetique-juin-2016\/\">F. Rebeyrolle <br\/>Invitation po\u00e9tique<\/a><\/h4><div class=\"sc_team_item_subtitle trx_addons_hover_title\"><a href=\"http:\/\/amareve.fr\/en_en\/team\/invitation-poetique-juin-2016\/\"><\/a><\/div><div class=\"sc_team_item_content trx_addons_hover_text\"><a href=\"http:\/\/amareve.fr\/en_en\/team\/invitation-poetique-juin-2016\/\">Juin 2016<\/a><\/div><div class=\"sc_team_item_socials socials_wrap trx_addons_hover_info\"><\/div><\/div><div class=\"trx_addons_hover_mask\"><\/div><\/div><\/div>\r\n<\/div><div class=\"trx_addons_column-1_4\"><div class=\"sc_team_item no_links post-2359 cpt_team type-cpt_team status-publish has-post-thumbnail hentry cpt_team_group-spectacles\">\r\n\t<div class=\"post_featured sc_team_item_thumb trx_addons_hover trx_addons_hover_style_info\"><a href=\"http:\/\/amareve.fr\/en_en\/team\/danseur-de-cruaute-mars-2014\/\" aria-hidden=\"true\"><img loading=\"lazy\" decoding=\"async\" width=\"595\" height=\"842\" src=\"http:\/\/amareve.fr\/wp-content\/uploads\/2023\/02\/Affiche-Falguiere-15-mars-2014.jpg\" class=\"attachment-trx_addons-thumb-avatar size-trx_addons-thumb-avatar wp-post-image\" alt=\"\" srcset=\"http:\/\/amareve.fr\/wp-content\/uploads\/2023\/02\/Affiche-Falguiere-15-mars-2014.jpg 595w, http:\/\/amareve.fr\/wp-content\/uploads\/2023\/02\/Affiche-Falguiere-15-mars-2014-212x300.jpg 212w, http:\/\/amareve.fr\/wp-content\/uploads\/2023\/02\/Affiche-Falguiere-15-mars-2014-106x150.jpg 106w, http:\/\/amareve.fr\/wp-content\/uploads\/2023\/02\/Affiche-Falguiere-15-mars-2014-8x12.jpg 8w, http:\/\/amareve.fr\/wp-content\/uploads\/2023\/02\/Affiche-Falguiere-15-mars-2014-495x700.jpg 495w, http:\/\/amareve.fr\/wp-content\/uploads\/2023\/02\/Affiche-Falguiere-15-mars-2014-335x474.jpg 335w, http:\/\/amareve.fr\/wp-content\/uploads\/2023\/02\/Affiche-Falguiere-15-mars-2014-161x228.jpg 161w, http:\/\/amareve.fr\/wp-content\/uploads\/2023\/02\/Affiche-Falguiere-15-mars-2014-85x120.jpg 85w, http:\/\/amareve.fr\/wp-content\/uploads\/2023\/02\/Affiche-Falguiere-15-mars-2014-406x575.jpg 406w, http:\/\/amareve.fr\/wp-content\/uploads\/2023\/02\/Affiche-Falguiere-15-mars-2014-330x467.jpg 330w, http:\/\/amareve.fr\/wp-content\/uploads\/2023\/02\/Affiche-Falguiere-15-mars-2014-283x400.jpg 283w\" sizes=\"(max-width: 595px) 100vw, 595px\" \/><\/a><div class=\"trx_addons_hover_content\"><h4 class=\"sc_team_item_title trx_addons_hover_title\"><a href=\"http:\/\/amareve.fr\/en_en\/team\/danseur-de-cruaute-mars-2014\/\">F. Rebeyrolle <br\/> Danseur de cruaut\u00e9<\/a><\/h4><div class=\"sc_team_item_subtitle trx_addons_hover_title\"><a href=\"http:\/\/amareve.fr\/en_en\/team\/danseur-de-cruaute-mars-2014\/\"><\/a><\/div><div class=\"sc_team_item_content trx_addons_hover_text\"><a href=\"http:\/\/amareve.fr\/en_en\/team\/danseur-de-cruaute-mars-2014\/\">Mars 2014<\/a><\/div><div class=\"sc_team_item_socials socials_wrap trx_addons_hover_info\"><\/div><\/div><div class=\"trx_addons_hover_mask\"><\/div><\/div><\/div>\r\n<\/div><div class=\"trx_addons_column-1_4\"><div class=\"sc_team_item no_links post-2353 cpt_team type-cpt_team status-publish has-post-thumbnail hentry cpt_team_group-spectacles\">\r\n\t<div class=\"post_featured sc_team_item_thumb trx_addons_hover trx_addons_hover_style_info\"><a href=\"http:\/\/amareve.fr\/en_en\/team\/danseur-de-cruaute-septembre-2012\/\" aria-hidden=\"true\"><img loading=\"lazy\" decoding=\"async\" width=\"1810\" height=\"2560\" src=\"http:\/\/amareve.fr\/wp-content\/uploads\/2023\/02\/Affiche_Danseur_de_cruaute_F.REBEYROLLE-scaled.jpg\" class=\"attachment-trx_addons-thumb-avatar size-trx_addons-thumb-avatar wp-post-image\" alt=\"\" srcset=\"http:\/\/amareve.fr\/wp-content\/uploads\/2023\/02\/Affiche_Danseur_de_cruaute_F.REBEYROLLE-scaled.jpg 1810w, http:\/\/amareve.fr\/wp-content\/uploads\/2023\/02\/Affiche_Danseur_de_cruaute_F.REBEYROLLE-212x300.jpg 212w, http:\/\/amareve.fr\/wp-content\/uploads\/2023\/02\/Affiche_Danseur_de_cruaute_F.REBEYROLLE-724x1024.jpg 724w, http:\/\/amareve.fr\/wp-content\/uploads\/2023\/02\/Affiche_Danseur_de_cruaute_F.REBEYROLLE-106x150.jpg 106w, http:\/\/amareve.fr\/wp-content\/uploads\/2023\/02\/Affiche_Danseur_de_cruaute_F.REBEYROLLE-768x1086.jpg 768w, http:\/\/amareve.fr\/wp-content\/uploads\/2023\/02\/Affiche_Danseur_de_cruaute_F.REBEYROLLE-1086x1536.jpg 1086w, http:\/\/amareve.fr\/wp-content\/uploads\/2023\/02\/Affiche_Danseur_de_cruaute_F.REBEYROLLE-1448x2048.jpg 1448w, http:\/\/amareve.fr\/wp-content\/uploads\/2023\/02\/Affiche_Danseur_de_cruaute_F.REBEYROLLE-8x12.jpg 8w, http:\/\/amareve.fr\/wp-content\/uploads\/2023\/02\/Affiche_Danseur_de_cruaute_F.REBEYROLLE-495x700.jpg 495w, http:\/\/amareve.fr\/wp-content\/uploads\/2023\/02\/Affiche_Danseur_de_cruaute_F.REBEYROLLE-335x474.jpg 335w, http:\/\/amareve.fr\/wp-content\/uploads\/2023\/02\/Affiche_Danseur_de_cruaute_F.REBEYROLLE-161x228.jpg 161w, http:\/\/amareve.fr\/wp-content\/uploads\/2023\/02\/Affiche_Danseur_de_cruaute_F.REBEYROLLE-85x120.jpg 85w, http:\/\/amareve.fr\/wp-content\/uploads\/2023\/02\/Affiche_Danseur_de_cruaute_F.REBEYROLLE-812x1149.jpg 812w, http:\/\/amareve.fr\/wp-content\/uploads\/2023\/02\/Affiche_Danseur_de_cruaute_F.REBEYROLLE-406x574.jpg 406w, http:\/\/amareve.fr\/wp-content\/uploads\/2023\/02\/Affiche_Danseur_de_cruaute_F.REBEYROLLE-330x467.jpg 330w, http:\/\/amareve.fr\/wp-content\/uploads\/2023\/02\/Affiche_Danseur_de_cruaute_F.REBEYROLLE-283x400.jpg 283w\" sizes=\"(max-width: 1810px) 100vw, 1810px\" \/><\/a><div class=\"trx_addons_hover_content\"><h4 class=\"sc_team_item_title trx_addons_hover_title\"><a href=\"http:\/\/amareve.fr\/en_en\/team\/danseur-de-cruaute-septembre-2012\/\">F. Rebeyrolle <br\/> Danseur de cruaut\u00e9<\/a><\/h4><div class=\"sc_team_item_subtitle trx_addons_hover_title\"><a href=\"http:\/\/amareve.fr\/en_en\/team\/danseur-de-cruaute-septembre-2012\/\"><\/a><\/div><div class=\"sc_team_item_content trx_addons_hover_text\"><a href=\"http:\/\/amareve.fr\/en_en\/team\/danseur-de-cruaute-septembre-2012\/\">Septembre 2012<\/a><\/div><div class=\"sc_team_item_socials socials_wrap trx_addons_hover_info\"><\/div><\/div><div class=\"trx_addons_hover_mask\"><\/div><\/div><\/div>\r\n<\/div><div class=\"trx_addons_column-1_4\"><div class=\"sc_team_item no_links post-2328 cpt_team type-cpt_team status-publish has-post-thumbnail hentry cpt_team_group-spectacles\">\r\n\t<div class=\"post_featured sc_team_item_thumb trx_addons_hover trx_addons_hover_style_info\"><a href=\"http:\/\/amareve.fr\/en_en\/team\/invitation-poetique\/\" aria-hidden=\"true\"><img loading=\"lazy\" decoding=\"async\" width=\"1810\" height=\"2560\" src=\"http:\/\/amareve.fr\/wp-content\/uploads\/2019\/04\/Affiche_Invitation_poetiques_Florian_REBEYROLLE-scaled.jpg\" class=\"attachment-trx_addons-thumb-avatar size-trx_addons-thumb-avatar wp-post-image\" alt=\"\" srcset=\"http:\/\/amareve.fr\/wp-content\/uploads\/2019\/04\/Affiche_Invitation_poetiques_Florian_REBEYROLLE-scaled.jpg 1810w, http:\/\/amareve.fr\/wp-content\/uploads\/2019\/04\/Affiche_Invitation_poetiques_Florian_REBEYROLLE-212x300.jpg 212w, http:\/\/amareve.fr\/wp-content\/uploads\/2019\/04\/Affiche_Invitation_poetiques_Florian_REBEYROLLE-724x1024.jpg 724w, http:\/\/amareve.fr\/wp-content\/uploads\/2019\/04\/Affiche_Invitation_poetiques_Florian_REBEYROLLE-106x150.jpg 106w, http:\/\/amareve.fr\/wp-content\/uploads\/2019\/04\/Affiche_Invitation_poetiques_Florian_REBEYROLLE-768x1086.jpg 768w, http:\/\/amareve.fr\/wp-content\/uploads\/2019\/04\/Affiche_Invitation_poetiques_Florian_REBEYROLLE-1086x1536.jpg 1086w, http:\/\/amareve.fr\/wp-content\/uploads\/2019\/04\/Affiche_Invitation_poetiques_Florian_REBEYROLLE-1448x2048.jpg 1448w, http:\/\/amareve.fr\/wp-content\/uploads\/2019\/04\/Affiche_Invitation_poetiques_Florian_REBEYROLLE-8x12.jpg 8w, http:\/\/amareve.fr\/wp-content\/uploads\/2019\/04\/Affiche_Invitation_poetiques_Florian_REBEYROLLE-495x700.jpg 495w, http:\/\/amareve.fr\/wp-content\/uploads\/2019\/04\/Affiche_Invitation_poetiques_Florian_REBEYROLLE-335x474.jpg 335w, http:\/\/amareve.fr\/wp-content\/uploads\/2019\/04\/Affiche_Invitation_poetiques_Florian_REBEYROLLE-161x228.jpg 161w, http:\/\/amareve.fr\/wp-content\/uploads\/2019\/04\/Affiche_Invitation_poetiques_Florian_REBEYROLLE-85x120.jpg 85w, http:\/\/amareve.fr\/wp-content\/uploads\/2019\/04\/Affiche_Invitation_poetiques_Florian_REBEYROLLE-812x1149.jpg 812w, http:\/\/amareve.fr\/wp-content\/uploads\/2019\/04\/Affiche_Invitation_poetiques_Florian_REBEYROLLE-406x574.jpg 406w, http:\/\/amareve.fr\/wp-content\/uploads\/2019\/04\/Affiche_Invitation_poetiques_Florian_REBEYROLLE-330x467.jpg 330w, http:\/\/amareve.fr\/wp-content\/uploads\/2019\/04\/Affiche_Invitation_poetiques_Florian_REBEYROLLE-283x400.jpg 283w\" sizes=\"(max-width: 1810px) 100vw, 1810px\" \/><\/a><div class=\"trx_addons_hover_content\"><h4 class=\"sc_team_item_title trx_addons_hover_title\"><a href=\"http:\/\/amareve.fr\/en_en\/team\/invitation-poetique\/\">F. Rebeyrolle &#8211; Invitation po\u00e9tique<\/a><\/h4><div class=\"sc_team_item_subtitle trx_addons_hover_title\"><a href=\"http:\/\/amareve.fr\/en_en\/team\/invitation-poetique\/\"><\/a><\/div><div class=\"sc_team_item_content trx_addons_hover_text\"><a href=\"http:\/\/amareve.fr\/en_en\/team\/invitation-poetique\/\">Juillet 2012<\/a><\/div><div class=\"sc_team_item_socials socials_wrap trx_addons_hover_info\"><\/div><\/div><div class=\"trx_addons_hover_mask\"><\/div><\/div><\/div>\r\n<\/div><\/div><\/div><!-- \/.sc_team -->\t\t\t\t<\/div>\n\t\t\t\t<\/div>\n\t\t\t\t\t<\/div>\n\t\t<\/div>\n\t\t\t\t\t<\/div>\n\t\t<\/section>\n\t\t\t\t<\/div>","protected":false},"excerpt":{"rendered":"<p>F. Rebeyrolle Baroque en folie Juin 2024 S. Jaubertie Ya\u00ebl Tautavel Juillet 2024 S. GrangeatComme si nous&#8230; Juin 2024 F. Rebeyrolle NAH Courson F\u00e9vrier 2024 Collectif Contes de no\u00ebl D\u00e9cembre 2023 F. Rebeyrolle Qui l&#8217;eut-cru&hellip;<\/p>","protected":false},"author":1,"featured_media":0,"parent":0,"menu_order":0,"comment_status":"closed","ping_status":"closed","template":"","meta":{"footnotes":""},"class_list":["post-2317","page","type-page","status-publish","hentry"],"yoast_head":"<!-- This site is optimized with the Yoast SEO plugin v27.5 - https:\/\/yoast.com\/product\/yoast-seo-wordpress\/ -->\n<title>Spectacles - Compagnie Amar\u00eave<\/title>\n<meta name=\"robots\" content=\"index, follow, max-snippet:-1, max-image-preview:large, max-video-preview:-1\" \/>\n<link rel=\"canonical\" href=\"https:\/\/amareve.fr\/en_en\/spectacles\/\" \/>\n<meta property=\"og:locale\" content=\"en_US\" \/>\n<meta property=\"og:type\" content=\"article\" \/>\n<meta property=\"og:title\" content=\"Spectacles - Compagnie Amar\u00eave\" \/>\n<meta property=\"og:description\" content=\"F. Rebeyrolle Baroque en folie Juin 2024 S. Jaubertie Ya\u00ebl Tautavel Juillet 2024 S. GrangeatComme si nous&#8230; Juin 2024 F. Rebeyrolle NAH Courson F\u00e9vrier 2024 Collectif Contes de no\u00ebl D\u00e9cembre 2023 F. Rebeyrolle Qui l&#8217;eut-cru&hellip;\" \/>\n<meta property=\"og:url\" content=\"https:\/\/amareve.fr\/en_en\/spectacles\/\" \/>\n<meta property=\"og:site_name\" content=\"Compagnie Amar\u00eave\" \/>\n<meta property=\"article:publisher\" content=\"https:\/\/www.facebook.com\/CompagnieAmareve\/\" \/>\n<meta property=\"article:modified_time\" content=\"2024-08-20T16:11:28+00:00\" \/>\n<meta property=\"og:image\" content=\"http:\/\/amareve.fr\/wp-content\/uploads\/2024\/08\/PaulXIV-370x370.png\" \/>\n<meta name=\"twitter:card\" content=\"summary_large_image\" \/>\n<meta name=\"twitter:label1\" content=\"Est. reading time\" \/>\n\t<meta name=\"twitter:data1\" content=\"9 minutes\" \/>\n<script type=\"application\/ld+json\" class=\"yoast-schema-graph\">{\"@context\":\"https:\\\/\\\/schema.org\",\"@graph\":[{\"@type\":\"WebPage\",\"@id\":\"https:\\\/\\\/amareve.fr\\\/spectacles\\\/\",\"url\":\"https:\\\/\\\/amareve.fr\\\/spectacles\\\/\",\"name\":\"Spectacles - Compagnie Amar\u00eave\",\"isPartOf\":{\"@id\":\"https:\\\/\\\/amareve.fr\\\/en_en\\\/#website\"},\"primaryImageOfPage\":{\"@id\":\"https:\\\/\\\/amareve.fr\\\/spectacles\\\/#primaryimage\"},\"image\":{\"@id\":\"https:\\\/\\\/amareve.fr\\\/spectacles\\\/#primaryimage\"},\"thumbnailUrl\":\"http:\\\/\\\/amareve.fr\\\/wp-content\\\/uploads\\\/2024\\\/08\\\/PaulXIV-370x370.png\",\"datePublished\":\"2024-08-12T23:52:02+00:00\",\"dateModified\":\"2024-08-20T16:11:28+00:00\",\"breadcrumb\":{\"@id\":\"https:\\\/\\\/amareve.fr\\\/spectacles\\\/#breadcrumb\"},\"inLanguage\":\"en-US\",\"potentialAction\":[{\"@type\":\"ReadAction\",\"target\":[\"https:\\\/\\\/amareve.fr\\\/spectacles\\\/\"]}]},{\"@type\":\"ImageObject\",\"inLanguage\":\"en-US\",\"@id\":\"https:\\\/\\\/amareve.fr\\\/spectacles\\\/#primaryimage\",\"url\":\"http:\\\/\\\/amareve.fr\\\/wp-content\\\/uploads\\\/2024\\\/08\\\/PaulXIV-370x370.png\",\"contentUrl\":\"http:\\\/\\\/amareve.fr\\\/wp-content\\\/uploads\\\/2024\\\/08\\\/PaulXIV-370x370.png\"},{\"@type\":\"BreadcrumbList\",\"@id\":\"https:\\\/\\\/amareve.fr\\\/spectacles\\\/#breadcrumb\",\"itemListElement\":[{\"@type\":\"ListItem\",\"position\":1,\"name\":\"Accueil\",\"item\":\"https:\\\/\\\/amareve.fr\\\/en_en\\\/\"},{\"@type\":\"ListItem\",\"position\":2,\"name\":\"Spectacles\"}]},{\"@type\":\"WebSite\",\"@id\":\"https:\\\/\\\/amareve.fr\\\/en_en\\\/#website\",\"url\":\"https:\\\/\\\/amareve.fr\\\/en_en\\\/\",\"name\":\"Amareve\",\"description\":\"\",\"publisher\":{\"@id\":\"https:\\\/\\\/amareve.fr\\\/en_en\\\/#organization\"},\"potentialAction\":[{\"@type\":\"SearchAction\",\"target\":{\"@type\":\"EntryPoint\",\"urlTemplate\":\"https:\\\/\\\/amareve.fr\\\/en_en\\\/?s={search_term_string}\"},\"query-input\":{\"@type\":\"PropertyValueSpecification\",\"valueRequired\":true,\"valueName\":\"search_term_string\"}}],\"inLanguage\":\"en-US\"},{\"@type\":\"Organization\",\"@id\":\"https:\\\/\\\/amareve.fr\\\/en_en\\\/#organization\",\"name\":\"Compagnie Amareve\",\"url\":\"https:\\\/\\\/amareve.fr\\\/en_en\\\/\",\"logo\":{\"@type\":\"ImageObject\",\"inLanguage\":\"en-US\",\"@id\":\"https:\\\/\\\/amareve.fr\\\/en_en\\\/#\\\/schema\\\/logo\\\/image\\\/\",\"url\":\"http:\\\/\\\/amareve.fr\\\/wp-content\\\/uploads\\\/2019\\\/04\\\/AMAREVE-LOGO.jpg\",\"contentUrl\":\"http:\\\/\\\/amareve.fr\\\/wp-content\\\/uploads\\\/2019\\\/04\\\/AMAREVE-LOGO.jpg\",\"width\":404,\"height\":367,\"caption\":\"Compagnie Amareve\"},\"image\":{\"@id\":\"https:\\\/\\\/amareve.fr\\\/en_en\\\/#\\\/schema\\\/logo\\\/image\\\/\"},\"sameAs\":[\"https:\\\/\\\/www.facebook.com\\\/CompagnieAmareve\\\/\"]}]}<\/script>\n<!-- \/ Yoast SEO plugin. -->","yoast_head_json":{"title":"Spectacles - Compagnie Amar\u00eave","robots":{"index":"index","follow":"follow","max-snippet":"max-snippet:-1","max-image-preview":"max-image-preview:large","max-video-preview":"max-video-preview:-1"},"canonical":"https:\/\/amareve.fr\/en_en\/spectacles\/","og_locale":"en_US","og_type":"article","og_title":"Spectacles - Compagnie Amar\u00eave","og_description":"F. Rebeyrolle Baroque en folie Juin 2024 S. Jaubertie Ya\u00ebl Tautavel Juillet 2024 S. GrangeatComme si nous&#8230; Juin 2024 F. Rebeyrolle NAH Courson F\u00e9vrier 2024 Collectif Contes de no\u00ebl D\u00e9cembre 2023 F. Rebeyrolle Qui l&#8217;eut-cru&hellip;","og_url":"https:\/\/amareve.fr\/en_en\/spectacles\/","og_site_name":"Compagnie Amar\u00eave","article_publisher":"https:\/\/www.facebook.com\/CompagnieAmareve\/","article_modified_time":"2024-08-20T16:11:28+00:00","og_image":[{"url":"http:\/\/amareve.fr\/wp-content\/uploads\/2024\/08\/PaulXIV-370x370.png","type":"","width":"","height":""}],"twitter_card":"summary_large_image","twitter_misc":{"Est. reading time":"9 minutes"},"schema":{"@context":"https:\/\/schema.org","@graph":[{"@type":"WebPage","@id":"https:\/\/amareve.fr\/spectacles\/","url":"https:\/\/amareve.fr\/spectacles\/","name":"Spectacles - Compagnie Amar\u00eave","isPartOf":{"@id":"https:\/\/amareve.fr\/en_en\/#website"},"primaryImageOfPage":{"@id":"https:\/\/amareve.fr\/spectacles\/#primaryimage"},"image":{"@id":"https:\/\/amareve.fr\/spectacles\/#primaryimage"},"thumbnailUrl":"http:\/\/amareve.fr\/wp-content\/uploads\/2024\/08\/PaulXIV-370x370.png","datePublished":"2024-08-12T23:52:02+00:00","dateModified":"2024-08-20T16:11:28+00:00","breadcrumb":{"@id":"https:\/\/amareve.fr\/spectacles\/#breadcrumb"},"inLanguage":"en-US","potentialAction":[{"@type":"ReadAction","target":["https:\/\/amareve.fr\/spectacles\/"]}]},{"@type":"ImageObject","inLanguage":"en-US","@id":"https:\/\/amareve.fr\/spectacles\/#primaryimage","url":"http:\/\/amareve.fr\/wp-content\/uploads\/2024\/08\/PaulXIV-370x370.png","contentUrl":"http:\/\/amareve.fr\/wp-content\/uploads\/2024\/08\/PaulXIV-370x370.png"},{"@type":"BreadcrumbList","@id":"https:\/\/amareve.fr\/spectacles\/#breadcrumb","itemListElement":[{"@type":"ListItem","position":1,"name":"Accueil","item":"https:\/\/amareve.fr\/en_en\/"},{"@type":"ListItem","position":2,"name":"Spectacles"}]},{"@type":"WebSite","@id":"https:\/\/amareve.fr\/en_en\/#website","url":"https:\/\/amareve.fr\/en_en\/","name":"Amareve","description":"","publisher":{"@id":"https:\/\/amareve.fr\/en_en\/#organization"},"potentialAction":[{"@type":"SearchAction","target":{"@type":"EntryPoint","urlTemplate":"https:\/\/amareve.fr\/en_en\/?s={search_term_string}"},"query-input":{"@type":"PropertyValueSpecification","valueRequired":true,"valueName":"search_term_string"}}],"inLanguage":"en-US"},{"@type":"Organization","@id":"https:\/\/amareve.fr\/en_en\/#organization","name":"Compagnie Amareve","url":"https:\/\/amareve.fr\/en_en\/","logo":{"@type":"ImageObject","inLanguage":"en-US","@id":"https:\/\/amareve.fr\/en_en\/#\/schema\/logo\/image\/","url":"http:\/\/amareve.fr\/wp-content\/uploads\/2019\/04\/AMAREVE-LOGO.jpg","contentUrl":"http:\/\/amareve.fr\/wp-content\/uploads\/2019\/04\/AMAREVE-LOGO.jpg","width":404,"height":367,"caption":"Compagnie Amareve"},"image":{"@id":"https:\/\/amareve.fr\/en_en\/#\/schema\/logo\/image\/"},"sameAs":["https:\/\/www.facebook.com\/CompagnieAmareve\/"]}]}},"_links":{"self":[{"href":"http:\/\/amareve.fr\/en_en\/wp-json\/wp\/v2\/pages\/2317","targetHints":{"allow":["GET"]}}],"collection":[{"href":"http:\/\/amareve.fr\/en_en\/wp-json\/wp\/v2\/pages"}],"about":[{"href":"http:\/\/amareve.fr\/en_en\/wp-json\/wp\/v2\/types\/page"}],"author":[{"embeddable":true,"href":"http:\/\/amareve.fr\/en_en\/wp-json\/wp\/v2\/users\/1"}],"replies":[{"embeddable":true,"href":"http:\/\/amareve.fr\/en_en\/wp-json\/wp\/v2\/comments?post=2317"}],"version-history":[{"count":37,"href":"http:\/\/amareve.fr\/en_en\/wp-json\/wp\/v2\/pages\/2317\/revisions"}],"predecessor-version":[{"id":3015,"href":"http:\/\/amareve.fr\/en_en\/wp-json\/wp\/v2\/pages\/2317\/revisions\/3015"}],"wp:attachment":[{"href":"http:\/\/amareve.fr\/en_en\/wp-json\/wp\/v2\/media?parent=2317"}],"curies":[{"name":"wp","href":"https:\/\/api.w.org\/{rel}","templated":true}]}}