{"id":792,"date":"2019-04-26T15:26:49","date_gmt":"2019-04-26T15:26:49","guid":{"rendered":"http:\/\/amareve.fr\/?page_id=792"},"modified":"2020-07-05T19:55:19","modified_gmt":"2020-07-05T19:55:19","slug":"melquiot-fabrice","status":"publish","type":"page","link":"http:\/\/amareve.fr\/en_en\/melquiot-fabrice\/","title":{"rendered":"Fabrice Melquiot"},"content":{"rendered":"<div data-elementor-type=\"wp-post\" data-elementor-id=\"792\" class=\"elementor elementor-792\">\n\t\t\t\t\t\t<section class=\"elementor-section elementor-top-section elementor-element elementor-element-ef2d060 elementor-section-boxed elementor-section-height-default elementor-section-height-default\" data-id=\"ef2d060\" data-element_type=\"section\" data-e-type=\"section\">\n\t\t\t\t\t\t<div class=\"elementor-container elementor-column-gap-extended\">\n\t\t\t\t\t<div class=\"elementor-column elementor-col-100 elementor-top-column elementor-element elementor-element-3952d9b sc_layouts_column_icons_position_left\" data-id=\"3952d9b\" data-element_type=\"column\" data-e-type=\"column\">\n\t\t\t<div class=\"elementor-widget-wrap elementor-element-populated\">\n\t\t\t\t\t\t<div class=\"elementor-element elementor-element-4b365d3 elementor-widget elementor-widget-spacer\" data-id=\"4b365d3\" data-element_type=\"widget\" data-e-type=\"widget\" data-widget_type=\"spacer.default\">\n\t\t\t\t<div class=\"elementor-widget-container\">\n\t\t\t\t\t\t\t<div class=\"elementor-spacer\">\n\t\t\t<div class=\"elementor-spacer-inner\"><\/div>\n\t\t<\/div>\n\t\t\t\t\t\t<\/div>\n\t\t\t\t<\/div>\n\t\t\t\t\t<\/div>\n\t\t<\/div>\n\t\t\t\t\t<\/div>\n\t\t<\/section>\n\t\t\t\t<section class=\"elementor-section elementor-top-section elementor-element elementor-element-a04409b elementor-section-full_width elementor-section-height-default elementor-section-height-default\" data-id=\"a04409b\" data-element_type=\"section\" data-e-type=\"section\">\n\t\t\t\t\t\t<div class=\"elementor-container elementor-column-gap-extended\">\n\t\t\t\t\t<div class=\"elementor-column elementor-col-50 elementor-top-column elementor-element elementor-element-b5f6349 sc_layouts_column_icons_position_left\" data-id=\"b5f6349\" data-element_type=\"column\" data-e-type=\"column\">\n\t\t\t<div class=\"elementor-widget-wrap elementor-element-populated\">\n\t\t\t\t\t\t<div class=\"elementor-element elementor-element-0c634bc elementor-widget elementor-widget-image\" data-id=\"0c634bc\" data-element_type=\"widget\" data-e-type=\"widget\" data-widget_type=\"image.default\">\n\t\t\t\t<div class=\"elementor-widget-container\">\n\t\t\t\t\t\t\t\t\t\t\t\t\t\t\t<img decoding=\"async\" width=\"154\" height=\"154\" src=\"http:\/\/amareve.fr\/wp-content\/uploads\/2019\/04\/Melquiot.jpg\" class=\"attachment-medium size-medium wp-image-794\" alt=\"\" srcset=\"http:\/\/amareve.fr\/wp-content\/uploads\/2019\/04\/Melquiot.jpg 154w, http:\/\/amareve.fr\/wp-content\/uploads\/2019\/04\/Melquiot-150x150.jpg 150w, http:\/\/amareve.fr\/wp-content\/uploads\/2019\/04\/Melquiot-12x12.jpg 12w, http:\/\/amareve.fr\/wp-content\/uploads\/2019\/04\/Melquiot-120x120.jpg 120w\" sizes=\"(max-width: 154px) 100vw, 154px\" \/>\t\t\t\t\t\t\t\t\t\t\t\t\t\t\t<\/div>\n\t\t\t\t<\/div>\n\t\t\t\t\t<\/div>\n\t\t<\/div>\n\t\t\t\t<div class=\"elementor-column elementor-col-50 elementor-top-column elementor-element elementor-element-1d8473d sc_layouts_column_icons_position_left\" data-id=\"1d8473d\" data-element_type=\"column\" data-e-type=\"column\">\n\t\t\t<div class=\"elementor-widget-wrap elementor-element-populated\">\n\t\t\t\t\t\t<div class=\"elementor-element elementor-element-4368137 elementor-widget elementor-widget-text-editor\" data-id=\"4368137\" data-element_type=\"widget\" data-e-type=\"widget\" data-widget_type=\"text-editor.default\">\n\t\t\t\t<div class=\"elementor-widget-container\">\n\t\t\t\t\t\t\t\t\t<div class=\"page\" title=\"Page 8\"><div class=\"section\"><div class=\"page\" title=\"Page 8\"><div class=\"section\"><div class=\"layoutArea\"><div class=\"column\"><p>N\u00e9 en 1972 a\u0300 Modane, Fabrice Melquiot est aujourd\u2019hui l\u2019un des auteurs de th\u00e9\u00e2tre contemporain les plus jou\u00e9s et les plus traduits a\u0300 l\u2019\u00e9tranger. Il est connu \u00e0 la fois pour son th\u00e9\u00e2tre cru et po\u00e9tique, o\u00f9 la fiction est dense et puissante, et pour ses pi\u00e8ces destin\u00e9es au jeune public \u2013 <em>Bouli Miro<\/em> a ainsi \u00e9t\u00e9 le premier spectacle jeune public a\u0300 \u00eatre s\u00e9lectionn\u00e9 et pr\u00e9sent\u00e9 par la Com\u00e9die-Fran\u00e7aise en 2002. Les pi\u00e8ces de Fabrice Melquiot sont traduites en une douzaine de langues et plusieurs metteurs en sc\u00e8ne en France et a\u0300 l\u2019\u00e9tranger ont choisi de se confronter \u00e0 son \u00e9criture. Il est aujourd\u2019hui l\u2019auteur d\u2019une quarantaine de pi\u00e8ces, de traductions et de deux recueils de po\u00e8mes.<\/p><p>Fabrice Melquiot a d\u2019abord fait des \u00e9tudes de cin\u00e9ma a\u0300 la F\u00e9mis, avant d\u2019entamer une carri\u00e8re de com\u00e9dien. Il a \u00e9galement voyag\u00e9 dans de nombreux pays, ses voyages lui inspireront la mati\u00e8re de plusieurs de ses pi\u00e8ces. \u00c0 partir de 2002, il est auteur associ\u00e9 membre du collectif artistique de la Com\u00e9die de Reims emmen\u00e9 par Emmanuel Demarcy-Mota. <em>Le Diable en partage<\/em> y est cr\u00e9\u00e9, couronn\u00e9 par deux prix du Syndicat National de la Critique (une version radiophonique est \u00e9galement cr\u00e9\u00e9e par France Culture et obtient le prix SACD 2003 de la meilleure pi\u00e8ce radiophonique). L\u2019association de l\u2019auteur et du metteur en sc\u00e8ne se poursuit notamment avec <em>Ma vie de chandelle<\/em> en 2004, puis <em>Marcia Hesse<\/em> en 2006 (deux nominations aux Molie\u0300res), jusqu\u2019a\u0300 <em>Bouli Ann\u00e9e z\u00e9ro<\/em> en 2010, mont\u00e9 au Th\u00e9\u00e2tre des Abbesses.<\/p><p>Son th\u00e9\u00e2tre appara\u00eet comme un th\u00e9\u00e2tre contemporain ouvert sur le monde, travaillant une langue du quotidien et de l\u2019intime. Ce n\u2019est pas tant le pass\u00e9 qui l\u2019int\u00e9resse, mais bien ce qu\u2019il est devenu au fil du temps, le paysage mental qu\u2019il dessine en lui aujourd\u2019hui. Fabrice Melquiot participe \u00e9galement a\u0300 la Coop\u00e9rative d\u2019\u00e9criture, une association de treize auteurs contemporains, franc\u0327ais et e\u0301trangers, dont le manifeste souhaite allumer \u00ab <em>des foyers de pens\u00e9e, de joie, de joie de penser<\/em> (&#8230;) \u00bb par le biais d\u2019interventions litte\u0301raires et artistiques comme l\u2019organisation de \u00ab bals ltine\u0301raires \u00bb ou de \u00ab consultations poe\u0301tiques \u00bb.<\/p><p>Il a re\u00e7u en 2008 le Prix Th\u00e9\u00e2tre de l\u2019Acad\u00e9mie Fran\u00e7aise pour l\u2019ensemble de son \u0153uvre. Fabrice Melquiot a \u00e9t\u00e9 nomm\u00e9 \u00e0 la direction du Th\u00e9\u00e2tre Am Stram Gram de Gen\u00e8ve, o\u00f9 il a pris ses fonctions a\u0300 l\u2019\u00e9t\u00e9 2012.<br \/>En 2018, sa pi\u00e8ce <em>Les S\u00e9parables<\/em> a re\u00e7u le Grand Prix de Litte\u0301rature dramatique jeunesse d\u2019Artcena, ainsi que le Prix national du Th\u00e9\u00e2tre jeune public en Allemagne.<\/p><\/div><\/div><\/div><\/div><\/div><\/div>\t\t\t\t\t\t\t\t<\/div>\n\t\t\t\t<\/div>\n\t\t\t\t\t<\/div>\n\t\t<\/div>\n\t\t\t\t\t<\/div>\n\t\t<\/section>\n\t\t\t\t<section class=\"elementor-section elementor-top-section elementor-element elementor-element-3244b05 elementor-section-boxed elementor-section-height-default elementor-section-height-default\" data-id=\"3244b05\" data-element_type=\"section\" data-e-type=\"section\">\n\t\t\t\t\t\t<div class=\"elementor-container elementor-column-gap-extended\">\n\t\t\t\t\t<div class=\"elementor-column elementor-col-100 elementor-top-column elementor-element elementor-element-712de99 sc_layouts_column_icons_position_left\" data-id=\"712de99\" data-element_type=\"column\" data-e-type=\"column\">\n\t\t\t<div class=\"elementor-widget-wrap elementor-element-populated\">\n\t\t\t\t\t\t<div class=\"elementor-element elementor-element-6d22677 elementor-widget elementor-widget-spacer\" data-id=\"6d22677\" data-element_type=\"widget\" data-e-type=\"widget\" data-widget_type=\"spacer.default\">\n\t\t\t\t<div class=\"elementor-widget-container\">\n\t\t\t\t\t\t\t<div class=\"elementor-spacer\">\n\t\t\t<div class=\"elementor-spacer-inner\"><\/div>\n\t\t<\/div>\n\t\t\t\t\t\t<\/div>\n\t\t\t\t<\/div>\n\t\t\t\t\t<\/div>\n\t\t<\/div>\n\t\t\t\t\t<\/div>\n\t\t<\/section>\n\t\t\t\t<\/div>","protected":false},"excerpt":{"rendered":"<p>N\u00e9 en 1972 a\u0300 Modane, Fabrice Melquiot est aujourd\u2019hui l\u2019un des auteurs de th\u00e9\u00e2tre contemporain les plus jou\u00e9s et les plus traduits a\u0300 l\u2019\u00e9tranger. Il est connu \u00e0 la fois pour son th\u00e9\u00e2tre cru et&hellip;<\/p>","protected":false},"author":1,"featured_media":794,"parent":0,"menu_order":0,"comment_status":"closed","ping_status":"closed","template":"","meta":{"footnotes":""},"class_list":["post-792","page","type-page","status-publish","has-post-thumbnail","hentry"],"yoast_head":"<!-- This site is optimized with the Yoast SEO plugin v27.5 - https:\/\/yoast.com\/product\/yoast-seo-wordpress\/ -->\n<title>Fabrice Melquiot - Compagnie Amar\u00eave<\/title>\n<meta name=\"robots\" content=\"index, follow, max-snippet:-1, max-image-preview:large, max-video-preview:-1\" \/>\n<link rel=\"canonical\" href=\"http:\/\/amareve.fr\/en_en\/melquiot-fabrice\/\" \/>\n<meta property=\"og:locale\" content=\"en_US\" \/>\n<meta property=\"og:type\" content=\"article\" \/>\n<meta property=\"og:title\" content=\"Fabrice Melquiot - Compagnie Amar\u00eave\" \/>\n<meta property=\"og:description\" content=\"N\u00e9 en 1972 a\u0300 Modane, Fabrice Melquiot est aujourd\u2019hui l\u2019un des auteurs de th\u00e9\u00e2tre contemporain les plus jou\u00e9s et les plus traduits a\u0300 l\u2019\u00e9tranger. Il est connu \u00e0 la fois pour son th\u00e9\u00e2tre cru et&hellip;\" \/>\n<meta property=\"og:url\" content=\"http:\/\/amareve.fr\/en_en\/melquiot-fabrice\/\" \/>\n<meta property=\"og:site_name\" content=\"Compagnie Amar\u00eave\" \/>\n<meta property=\"article:publisher\" content=\"https:\/\/www.facebook.com\/CompagnieAmareve\/\" \/>\n<meta property=\"article:modified_time\" content=\"2020-07-05T19:55:19+00:00\" \/>\n<meta property=\"og:image\" content=\"http:\/\/amareve.fr\/wp-content\/uploads\/2019\/04\/Melquiot.jpg\" \/>\n\t<meta property=\"og:image:width\" content=\"154\" \/>\n\t<meta property=\"og:image:height\" content=\"154\" \/>\n\t<meta property=\"og:image:type\" content=\"image\/jpeg\" \/>\n<meta name=\"twitter:card\" content=\"summary_large_image\" \/>\n<meta name=\"twitter:label1\" content=\"Est. reading time\" \/>\n\t<meta name=\"twitter:data1\" content=\"2 minutes\" \/>\n<script type=\"application\/ld+json\" class=\"yoast-schema-graph\">{\"@context\":\"https:\\\/\\\/schema.org\",\"@graph\":[{\"@type\":\"WebPage\",\"@id\":\"http:\\\/\\\/amareve.fr\\\/melquiot-fabrice\\\/\",\"url\":\"http:\\\/\\\/amareve.fr\\\/melquiot-fabrice\\\/\",\"name\":\"Fabrice Melquiot - Compagnie Amar\u00eave\",\"isPartOf\":{\"@id\":\"https:\\\/\\\/amareve.fr\\\/en_en\\\/#website\"},\"primaryImageOfPage\":{\"@id\":\"http:\\\/\\\/amareve.fr\\\/melquiot-fabrice\\\/#primaryimage\"},\"image\":{\"@id\":\"http:\\\/\\\/amareve.fr\\\/melquiot-fabrice\\\/#primaryimage\"},\"thumbnailUrl\":\"http:\\\/\\\/amareve.fr\\\/wp-content\\\/uploads\\\/2019\\\/04\\\/Melquiot.jpg\",\"datePublished\":\"2019-04-26T15:26:49+00:00\",\"dateModified\":\"2020-07-05T19:55:19+00:00\",\"breadcrumb\":{\"@id\":\"http:\\\/\\\/amareve.fr\\\/melquiot-fabrice\\\/#breadcrumb\"},\"inLanguage\":\"en-US\",\"potentialAction\":[{\"@type\":\"ReadAction\",\"target\":[\"http:\\\/\\\/amareve.fr\\\/melquiot-fabrice\\\/\"]}]},{\"@type\":\"ImageObject\",\"inLanguage\":\"en-US\",\"@id\":\"http:\\\/\\\/amareve.fr\\\/melquiot-fabrice\\\/#primaryimage\",\"url\":\"http:\\\/\\\/amareve.fr\\\/wp-content\\\/uploads\\\/2019\\\/04\\\/Melquiot.jpg\",\"contentUrl\":\"http:\\\/\\\/amareve.fr\\\/wp-content\\\/uploads\\\/2019\\\/04\\\/Melquiot.jpg\",\"width\":154,\"height\":154},{\"@type\":\"BreadcrumbList\",\"@id\":\"http:\\\/\\\/amareve.fr\\\/melquiot-fabrice\\\/#breadcrumb\",\"itemListElement\":[{\"@type\":\"ListItem\",\"position\":1,\"name\":\"Accueil\",\"item\":\"https:\\\/\\\/amareve.fr\\\/en_en\\\/\"},{\"@type\":\"ListItem\",\"position\":2,\"name\":\"Fabrice Melquiot\"}]},{\"@type\":\"WebSite\",\"@id\":\"https:\\\/\\\/amareve.fr\\\/en_en\\\/#website\",\"url\":\"https:\\\/\\\/amareve.fr\\\/en_en\\\/\",\"name\":\"Amareve\",\"description\":\"\",\"publisher\":{\"@id\":\"https:\\\/\\\/amareve.fr\\\/en_en\\\/#organization\"},\"potentialAction\":[{\"@type\":\"SearchAction\",\"target\":{\"@type\":\"EntryPoint\",\"urlTemplate\":\"https:\\\/\\\/amareve.fr\\\/en_en\\\/?s={search_term_string}\"},\"query-input\":{\"@type\":\"PropertyValueSpecification\",\"valueRequired\":true,\"valueName\":\"search_term_string\"}}],\"inLanguage\":\"en-US\"},{\"@type\":\"Organization\",\"@id\":\"https:\\\/\\\/amareve.fr\\\/en_en\\\/#organization\",\"name\":\"Compagnie Amareve\",\"url\":\"https:\\\/\\\/amareve.fr\\\/en_en\\\/\",\"logo\":{\"@type\":\"ImageObject\",\"inLanguage\":\"en-US\",\"@id\":\"https:\\\/\\\/amareve.fr\\\/en_en\\\/#\\\/schema\\\/logo\\\/image\\\/\",\"url\":\"http:\\\/\\\/amareve.fr\\\/wp-content\\\/uploads\\\/2019\\\/04\\\/AMAREVE-LOGO.jpg\",\"contentUrl\":\"http:\\\/\\\/amareve.fr\\\/wp-content\\\/uploads\\\/2019\\\/04\\\/AMAREVE-LOGO.jpg\",\"width\":404,\"height\":367,\"caption\":\"Compagnie Amareve\"},\"image\":{\"@id\":\"https:\\\/\\\/amareve.fr\\\/en_en\\\/#\\\/schema\\\/logo\\\/image\\\/\"},\"sameAs\":[\"https:\\\/\\\/www.facebook.com\\\/CompagnieAmareve\\\/\"]}]}<\/script>\n<!-- \/ Yoast SEO plugin. -->","yoast_head_json":{"title":"Fabrice Melquiot - Compagnie Amar\u00eave","robots":{"index":"index","follow":"follow","max-snippet":"max-snippet:-1","max-image-preview":"max-image-preview:large","max-video-preview":"max-video-preview:-1"},"canonical":"http:\/\/amareve.fr\/en_en\/melquiot-fabrice\/","og_locale":"en_US","og_type":"article","og_title":"Fabrice Melquiot - Compagnie Amar\u00eave","og_description":"N\u00e9 en 1972 a\u0300 Modane, Fabrice Melquiot est aujourd\u2019hui l\u2019un des auteurs de th\u00e9\u00e2tre contemporain les plus jou\u00e9s et les plus traduits a\u0300 l\u2019\u00e9tranger. Il est connu \u00e0 la fois pour son th\u00e9\u00e2tre cru et&hellip;","og_url":"http:\/\/amareve.fr\/en_en\/melquiot-fabrice\/","og_site_name":"Compagnie Amar\u00eave","article_publisher":"https:\/\/www.facebook.com\/CompagnieAmareve\/","article_modified_time":"2020-07-05T19:55:19+00:00","og_image":[{"width":154,"height":154,"url":"http:\/\/amareve.fr\/wp-content\/uploads\/2019\/04\/Melquiot.jpg","type":"image\/jpeg"}],"twitter_card":"summary_large_image","twitter_misc":{"Est. reading time":"2 minutes"},"schema":{"@context":"https:\/\/schema.org","@graph":[{"@type":"WebPage","@id":"http:\/\/amareve.fr\/melquiot-fabrice\/","url":"http:\/\/amareve.fr\/melquiot-fabrice\/","name":"Fabrice Melquiot - Compagnie Amar\u00eave","isPartOf":{"@id":"https:\/\/amareve.fr\/en_en\/#website"},"primaryImageOfPage":{"@id":"http:\/\/amareve.fr\/melquiot-fabrice\/#primaryimage"},"image":{"@id":"http:\/\/amareve.fr\/melquiot-fabrice\/#primaryimage"},"thumbnailUrl":"http:\/\/amareve.fr\/wp-content\/uploads\/2019\/04\/Melquiot.jpg","datePublished":"2019-04-26T15:26:49+00:00","dateModified":"2020-07-05T19:55:19+00:00","breadcrumb":{"@id":"http:\/\/amareve.fr\/melquiot-fabrice\/#breadcrumb"},"inLanguage":"en-US","potentialAction":[{"@type":"ReadAction","target":["http:\/\/amareve.fr\/melquiot-fabrice\/"]}]},{"@type":"ImageObject","inLanguage":"en-US","@id":"http:\/\/amareve.fr\/melquiot-fabrice\/#primaryimage","url":"http:\/\/amareve.fr\/wp-content\/uploads\/2019\/04\/Melquiot.jpg","contentUrl":"http:\/\/amareve.fr\/wp-content\/uploads\/2019\/04\/Melquiot.jpg","width":154,"height":154},{"@type":"BreadcrumbList","@id":"http:\/\/amareve.fr\/melquiot-fabrice\/#breadcrumb","itemListElement":[{"@type":"ListItem","position":1,"name":"Accueil","item":"https:\/\/amareve.fr\/en_en\/"},{"@type":"ListItem","position":2,"name":"Fabrice Melquiot"}]},{"@type":"WebSite","@id":"https:\/\/amareve.fr\/en_en\/#website","url":"https:\/\/amareve.fr\/en_en\/","name":"Amareve","description":"","publisher":{"@id":"https:\/\/amareve.fr\/en_en\/#organization"},"potentialAction":[{"@type":"SearchAction","target":{"@type":"EntryPoint","urlTemplate":"https:\/\/amareve.fr\/en_en\/?s={search_term_string}"},"query-input":{"@type":"PropertyValueSpecification","valueRequired":true,"valueName":"search_term_string"}}],"inLanguage":"en-US"},{"@type":"Organization","@id":"https:\/\/amareve.fr\/en_en\/#organization","name":"Compagnie Amareve","url":"https:\/\/amareve.fr\/en_en\/","logo":{"@type":"ImageObject","inLanguage":"en-US","@id":"https:\/\/amareve.fr\/en_en\/#\/schema\/logo\/image\/","url":"http:\/\/amareve.fr\/wp-content\/uploads\/2019\/04\/AMAREVE-LOGO.jpg","contentUrl":"http:\/\/amareve.fr\/wp-content\/uploads\/2019\/04\/AMAREVE-LOGO.jpg","width":404,"height":367,"caption":"Compagnie Amareve"},"image":{"@id":"https:\/\/amareve.fr\/en_en\/#\/schema\/logo\/image\/"},"sameAs":["https:\/\/www.facebook.com\/CompagnieAmareve\/"]}]}},"_links":{"self":[{"href":"http:\/\/amareve.fr\/en_en\/wp-json\/wp\/v2\/pages\/792","targetHints":{"allow":["GET"]}}],"collection":[{"href":"http:\/\/amareve.fr\/en_en\/wp-json\/wp\/v2\/pages"}],"about":[{"href":"http:\/\/amareve.fr\/en_en\/wp-json\/wp\/v2\/types\/page"}],"author":[{"embeddable":true,"href":"http:\/\/amareve.fr\/en_en\/wp-json\/wp\/v2\/users\/1"}],"replies":[{"embeddable":true,"href":"http:\/\/amareve.fr\/en_en\/wp-json\/wp\/v2\/comments?post=792"}],"version-history":[{"count":7,"href":"http:\/\/amareve.fr\/en_en\/wp-json\/wp\/v2\/pages\/792\/revisions"}],"predecessor-version":[{"id":1229,"href":"http:\/\/amareve.fr\/en_en\/wp-json\/wp\/v2\/pages\/792\/revisions\/1229"}],"wp:featuredmedia":[{"embeddable":true,"href":"http:\/\/amareve.fr\/en_en\/wp-json\/wp\/v2\/media\/794"}],"wp:attachment":[{"href":"http:\/\/amareve.fr\/en_en\/wp-json\/wp\/v2\/media?parent=792"}],"curies":[{"name":"wp","href":"https:\/\/api.w.org\/{rel}","templated":true}]}}