{"id":862,"date":"2019-04-29T07:53:02","date_gmt":"2019-04-29T07:53:02","guid":{"rendered":"http:\/\/amareve.fr\/?page_id=862"},"modified":"2020-07-05T19:55:09","modified_gmt":"2020-07-05T19:55:09","slug":"un-ordre-du-monde","status":"publish","type":"page","link":"http:\/\/amareve.fr\/en_en\/un-ordre-du-monde\/","title":{"rendered":"Un ordre du monde"},"content":{"rendered":"<div data-elementor-type=\"wp-post\" data-elementor-id=\"862\" class=\"elementor elementor-862\">\n\t\t\t\t\t\t<section class=\"elementor-section elementor-top-section elementor-element elementor-element-791332d elementor-section-boxed elementor-section-height-default elementor-section-height-default\" data-id=\"791332d\" data-element_type=\"section\" data-e-type=\"section\">\n\t\t\t\t\t\t<div class=\"elementor-container elementor-column-gap-extended\">\n\t\t\t\t\t<div class=\"elementor-column elementor-col-100 elementor-top-column elementor-element elementor-element-9b650b8 sc_layouts_column_icons_position_left\" data-id=\"9b650b8\" data-element_type=\"column\" data-e-type=\"column\">\n\t\t\t<div class=\"elementor-widget-wrap elementor-element-populated\">\n\t\t\t\t\t\t<div class=\"elementor-element elementor-element-71120f9 elementor-widget elementor-widget-spacer\" data-id=\"71120f9\" data-element_type=\"widget\" data-e-type=\"widget\" data-widget_type=\"spacer.default\">\n\t\t\t\t<div class=\"elementor-widget-container\">\n\t\t\t\t\t\t\t<div class=\"elementor-spacer\">\n\t\t\t<div class=\"elementor-spacer-inner\"><\/div>\n\t\t<\/div>\n\t\t\t\t\t\t<\/div>\n\t\t\t\t<\/div>\n\t\t\t\t\t<\/div>\n\t\t<\/div>\n\t\t\t\t\t<\/div>\n\t\t<\/section>\n\t\t\t\t<section class=\"elementor-section elementor-top-section elementor-element elementor-element-6f50cee elementor-section-full_width elementor-section-height-default elementor-section-height-default\" data-id=\"6f50cee\" data-element_type=\"section\" data-e-type=\"section\">\n\t\t\t\t\t\t<div class=\"elementor-container elementor-column-gap-extended\">\n\t\t\t\t\t<div class=\"elementor-column elementor-col-50 elementor-top-column elementor-element elementor-element-ebe80c2 sc_layouts_column_icons_position_left\" data-id=\"ebe80c2\" data-element_type=\"column\" data-e-type=\"column\">\n\t\t\t<div class=\"elementor-widget-wrap elementor-element-populated\">\n\t\t\t\t\t\t<div class=\"elementor-element elementor-element-ef88c25 elementor-widget elementor-widget-image\" data-id=\"ef88c25\" data-element_type=\"widget\" data-e-type=\"widget\" data-widget_type=\"image.default\">\n\t\t\t\t<div class=\"elementor-widget-container\">\n\t\t\t\t\t\t\t\t\t\t\t\t\t\t\t\t<a href=\"http:\/\/amareve.fr\/wp-content\/uploads\/2019\/04\/7.-Un-ordre-du-monde-60x80-OK-A4-1.jpg\" data-elementor-open-lightbox=\"yes\" data-elementor-lightbox-title=\"7. Un ordre du monde 60x80 OK A4\" data-e-action-hash=\"#elementor-action%3Aaction%3Dlightbox%26settings%3DeyJpZCI6ODc5LCJ1cmwiOiJodHRwOlwvXC9hbWFyZXZlLmZyXC93cC1jb250ZW50XC91cGxvYWRzXC8yMDE5XC8wNFwvNy4tVW4tb3JkcmUtZHUtbW9uZGUtNjB4ODAtT0stQTQtMS1zY2FsZWQuanBnIn0%3D\">\n\t\t\t\t\t\t\t<img fetchpriority=\"high\" decoding=\"async\" width=\"225\" height=\"300\" src=\"http:\/\/amareve.fr\/wp-content\/uploads\/2019\/04\/7.-Un-ordre-du-monde-60x80-OK-A4-1-225x300.jpg\" class=\"attachment-medium size-medium wp-image-879\" alt=\"\" srcset=\"http:\/\/amareve.fr\/wp-content\/uploads\/2019\/04\/7.-Un-ordre-du-monde-60x80-OK-A4-1-225x300.jpg 225w, http:\/\/amareve.fr\/wp-content\/uploads\/2019\/04\/7.-Un-ordre-du-monde-60x80-OK-A4-1-768x1024.jpg 768w, http:\/\/amareve.fr\/wp-content\/uploads\/2019\/04\/7.-Un-ordre-du-monde-60x80-OK-A4-1-113x150.jpg 113w, http:\/\/amareve.fr\/wp-content\/uploads\/2019\/04\/7.-Un-ordre-du-monde-60x80-OK-A4-1-1152x1536.jpg 1152w, http:\/\/amareve.fr\/wp-content\/uploads\/2019\/04\/7.-Un-ordre-du-monde-60x80-OK-A4-1-1536x2048.jpg 1536w, http:\/\/amareve.fr\/wp-content\/uploads\/2019\/04\/7.-Un-ordre-du-monde-60x80-OK-A4-1-9x12.jpg 9w, http:\/\/amareve.fr\/wp-content\/uploads\/2019\/04\/7.-Un-ordre-du-monde-60x80-OK-A4-1-525x700.jpg 525w, http:\/\/amareve.fr\/wp-content\/uploads\/2019\/04\/7.-Un-ordre-du-monde-60x80-OK-A4-1-356x474.jpg 356w, http:\/\/amareve.fr\/wp-content\/uploads\/2019\/04\/7.-Un-ordre-du-monde-60x80-OK-A4-1-171x228.jpg 171w, http:\/\/amareve.fr\/wp-content\/uploads\/2019\/04\/7.-Un-ordre-du-monde-60x80-OK-A4-1-90x120.jpg 90w, http:\/\/amareve.fr\/wp-content\/uploads\/2019\/04\/7.-Un-ordre-du-monde-60x80-OK-A4-1-812x1083.jpg 812w, http:\/\/amareve.fr\/wp-content\/uploads\/2019\/04\/7.-Un-ordre-du-monde-60x80-OK-A4-1-406x541.jpg 406w, http:\/\/amareve.fr\/wp-content\/uploads\/2019\/04\/7.-Un-ordre-du-monde-60x80-OK-A4-1-350x467.jpg 350w, http:\/\/amareve.fr\/wp-content\/uploads\/2019\/04\/7.-Un-ordre-du-monde-60x80-OK-A4-1-297x396.jpg 297w, http:\/\/amareve.fr\/wp-content\/uploads\/2019\/04\/7.-Un-ordre-du-monde-60x80-OK-A4-1-370x493.jpg 370w, http:\/\/amareve.fr\/wp-content\/uploads\/2019\/04\/7.-Un-ordre-du-monde-60x80-OK-A4-1-scaled.jpg 1920w\" sizes=\"(max-width: 225px) 100vw, 225px\" \/>\t\t\t\t\t\t\t\t<\/a>\n\t\t\t\t\t\t\t\t\t\t\t\t\t\t\t<\/div>\n\t\t\t\t<\/div>\n\t\t\t\t\t<\/div>\n\t\t<\/div>\n\t\t\t\t<div class=\"elementor-column elementor-col-50 elementor-top-column elementor-element elementor-element-3239358 sc_shift_y_tiny_negative sc_layouts_column_icons_position_left\" data-id=\"3239358\" data-element_type=\"column\" data-e-type=\"column\">\n\t\t\t<div class=\"elementor-widget-wrap elementor-element-populated\">\n\t\t\t\t\t\t<div class=\"elementor-element elementor-element-768f4ae elementor-widget elementor-widget-text-editor\" data-id=\"768f4ae\" data-element_type=\"widget\" data-e-type=\"widget\" data-widget_type=\"text-editor.default\">\n\t\t\t\t<div class=\"elementor-widget-container\">\n\t\t\t\t\t\t\t\t\t<h1>Un ordre du monde<\/h1><p><em>Un Ordre du Monde<\/em> est un po\u00e8me \u00e9crit par <a href=\"http:\/\/amareve.fr\/en_en\/team\/rebeyrolle-florian\/\">Florian Rebeyrolle<\/a> en 2011 dans le cadre de l&#8217;exposition <em><a href=\"http:\/\/amareve.fr\/en_en\/invitation-poetique\/\">Invitation Po\u00e9tique<\/a><\/em>.<\/p><p>Le texte et la composition graphique pr\u00e9sentent l&#8217;\u00e9volution de l&#8217;histoire et des techniques de la musique classique, du Moyen-\u00c2ge \u00e0 l&#8217;\u00e9poque contemporaine.<\/p><p>Une lecture-conf\u00e9rence avec <a href=\"http:\/\/amareve.fr\/en_en\/team\/weissberg-audrey\/\">Audrey Weissberg<\/a> et le quatuor \u00e0 cordes <a href=\"http:\/\/amareve.fr\/en_en\/team\/le-quatuor-pacerel\/\">Pacerel<\/a> a \u00e9t\u00e9 imagin\u00e9 (et donn\u00e9 au Salon du Livre de Cosne-sur-Loire) : apr\u00e8s la lecture du texte, le conf\u00e9rencier explique les diff\u00e9rents \u00e9l\u00e9ments du po\u00e8me, traduit par les musiciens.<br \/>Cette conf\u00e9rence ludique d&#8217;une heure environ s&#8217;adapte \u00e9videmment au public concern\u00e9, en fonction de ses connaissances musicologiques : elle peut s&#8217;adresser \u00e0 un public non initi\u00e9, comme \u00e0 un groupe plus sp\u00e9cialis\u00e9 (\u00e9l\u00e8ves de conservatoires notamment).<\/p>\t\t\t\t\t\t\t\t<\/div>\n\t\t\t\t<\/div>\n\t\t\t\t\t<\/div>\n\t\t<\/div>\n\t\t\t\t\t<\/div>\n\t\t<\/section>\n\t\t\t\t<section class=\"elementor-section elementor-top-section elementor-element elementor-element-5f3b4d1 elementor-section-boxed elementor-section-height-default elementor-section-height-default\" data-id=\"5f3b4d1\" data-element_type=\"section\" data-e-type=\"section\">\n\t\t\t\t\t\t<div class=\"elementor-container elementor-column-gap-extended\">\n\t\t\t\t\t<div class=\"elementor-column elementor-col-100 elementor-top-column elementor-element elementor-element-831e9c4 sc_layouts_column_icons_position_left\" data-id=\"831e9c4\" data-element_type=\"column\" data-e-type=\"column\">\n\t\t\t<div class=\"elementor-widget-wrap elementor-element-populated\">\n\t\t\t\t\t\t<div class=\"elementor-element elementor-element-962c845 elementor-widget elementor-widget-image\" data-id=\"962c845\" data-element_type=\"widget\" data-e-type=\"widget\" data-widget_type=\"image.default\">\n\t\t\t\t<div class=\"elementor-widget-container\">\n\t\t\t\t\t\t\t\t\t\t\t\t\t\t\t\t<a href=\"http:\/\/amareve.fr\/wp-content\/uploads\/2019\/04\/Cosner.jpg\" data-elementor-open-lightbox=\"yes\" data-elementor-lightbox-title=\"Cosne-sur-Loire\" data-elementor-lightbox-description=\"Florian Rebeyrolle, Le quatuor Pacerel et Audrey Weissberg au Salon du Livre de Cosne-sur-Loire (mars 2016)\" data-e-action-hash=\"#elementor-action%3Aaction%3Dlightbox%26settings%3DeyJpZCI6NDUwLCJ1cmwiOiJodHRwOlwvXC9hbWFyZXZlLmZyXC93cC1jb250ZW50XC91cGxvYWRzXC8yMDE5XC8wNFwvQ29zbmVyLmpwZyJ9\">\n\t\t\t\t\t\t\t<img decoding=\"async\" width=\"309\" height=\"206\" src=\"http:\/\/amareve.fr\/wp-content\/uploads\/2019\/04\/Cosner.jpg\" class=\"attachment-large size-large wp-image-450\" alt=\"Florian Rebeyrolle, Le quatuor Pacerel et Audrey Weissberg au Salon du Livre de Cosne-sur-Loire (mars 2016)\" srcset=\"http:\/\/amareve.fr\/wp-content\/uploads\/2019\/04\/Cosner.jpg 309w, http:\/\/amareve.fr\/wp-content\/uploads\/2019\/04\/Cosner-300x200.jpg 300w, http:\/\/amareve.fr\/wp-content\/uploads\/2019\/04\/Cosner-150x100.jpg 150w, http:\/\/amareve.fr\/wp-content\/uploads\/2019\/04\/Cosner-18x12.jpg 18w, http:\/\/amareve.fr\/wp-content\/uploads\/2019\/04\/Cosner-120x80.jpg 120w, http:\/\/amareve.fr\/wp-content\/uploads\/2019\/04\/Cosner-297x198.jpg 297w\" sizes=\"(max-width: 309px) 100vw, 309px\" \/>\t\t\t\t\t\t\t\t<\/a>\n\t\t\t\t\t\t\t\t\t\t\t\t\t\t\t<\/div>\n\t\t\t\t<\/div>\n\t\t\t\t\t<\/div>\n\t\t<\/div>\n\t\t\t\t\t<\/div>\n\t\t<\/section>\n\t\t\t\t<section class=\"elementor-section elementor-top-section elementor-element elementor-element-08a3c81 elementor-section-boxed elementor-section-height-default elementor-section-height-default\" data-id=\"08a3c81\" data-element_type=\"section\" data-e-type=\"section\">\n\t\t\t\t\t\t<div class=\"elementor-container elementor-column-gap-extended\">\n\t\t\t\t\t<div class=\"elementor-column elementor-col-100 elementor-top-column elementor-element elementor-element-87e272e sc_layouts_column_icons_position_left\" data-id=\"87e272e\" data-element_type=\"column\" data-e-type=\"column\">\n\t\t\t<div class=\"elementor-widget-wrap elementor-element-populated\">\n\t\t\t\t\t\t<div class=\"elementor-element elementor-element-8fff6a9 elementor-widget elementor-widget-spacer\" data-id=\"8fff6a9\" data-element_type=\"widget\" data-e-type=\"widget\" data-widget_type=\"spacer.default\">\n\t\t\t\t<div class=\"elementor-widget-container\">\n\t\t\t\t\t\t\t<div class=\"elementor-spacer\">\n\t\t\t<div class=\"elementor-spacer-inner\"><\/div>\n\t\t<\/div>\n\t\t\t\t\t\t<\/div>\n\t\t\t\t<\/div>\n\t\t\t\t\t<\/div>\n\t\t<\/div>\n\t\t\t\t\t<\/div>\n\t\t<\/section>\n\t\t\t\t<section class=\"elementor-section elementor-top-section elementor-element elementor-element-f0ff323 elementor-section-full_width elementor-section-height-default elementor-section-height-default\" data-id=\"f0ff323\" data-element_type=\"section\" data-e-type=\"section\">\n\t\t\t\t\t\t<div class=\"elementor-container elementor-column-gap-extended\">\n\t\t\t\t\t<div class=\"elementor-column elementor-col-100 elementor-top-column elementor-element elementor-element-48e0481 sc_layouts_column_icons_position_left\" data-id=\"48e0481\" data-element_type=\"column\" data-e-type=\"column\">\n\t\t\t<div class=\"elementor-widget-wrap elementor-element-populated\">\n\t\t\t\t\t\t<div class=\"elementor-element elementor-element-78796a4 elementor-widget elementor-widget-text-editor\" data-id=\"78796a4\" data-element_type=\"widget\" data-e-type=\"widget\" data-widget_type=\"text-editor.default\">\n\t\t\t\t<div class=\"elementor-widget-container\">\n\t\t\t\t\t\t\t\t\t<h3>Un ordre du monde<\/h3>\t\t\t\t\t\t\t\t<\/div>\n\t\t\t\t<\/div>\n\t\t\t\t\t<\/div>\n\t\t<\/div>\n\t\t\t\t\t<\/div>\n\t\t<\/section>\n\t\t\t\t<\/div>","protected":false},"excerpt":{"rendered":"<p>Un ordre du monde Un Ordre du Monde est un po\u00e8me \u00e9crit par Florian Rebeyrolle en 2011 dans le cadre de l&#8217;exposition Invitation Po\u00e9tique. Le texte et la composition graphique pr\u00e9sentent l&#8217;\u00e9volution de l&#8217;histoire et&hellip;<\/p>","protected":false},"author":1,"featured_media":0,"parent":0,"menu_order":0,"comment_status":"closed","ping_status":"closed","template":"","meta":{"footnotes":""},"class_list":["post-862","page","type-page","status-publish","hentry"],"yoast_head":"<!-- This site is optimized with the Yoast SEO plugin v27.5 - https:\/\/yoast.com\/product\/yoast-seo-wordpress\/ -->\n<title>Un ordre du monde - Compagnie Amar\u00eave un ordre du monde<\/title>\n<meta name=\"description\" content=\"Un ordre du monde\" \/>\n<meta name=\"robots\" content=\"index, follow, max-snippet:-1, max-image-preview:large, max-video-preview:-1\" \/>\n<link rel=\"canonical\" href=\"http:\/\/amareve.fr\/en_en\/un-ordre-du-monde\/\" \/>\n<meta property=\"og:locale\" content=\"en_US\" \/>\n<meta property=\"og:type\" content=\"article\" \/>\n<meta property=\"og:title\" content=\"Un ordre du monde - Compagnie Amar\u00eave un ordre du monde\" \/>\n<meta property=\"og:description\" content=\"Un ordre du monde\" \/>\n<meta property=\"og:url\" content=\"http:\/\/amareve.fr\/en_en\/un-ordre-du-monde\/\" \/>\n<meta property=\"og:site_name\" content=\"Compagnie Amar\u00eave\" \/>\n<meta property=\"article:publisher\" content=\"https:\/\/www.facebook.com\/CompagnieAmareve\/\" \/>\n<meta property=\"article:modified_time\" content=\"2020-07-05T19:55:09+00:00\" \/>\n<meta property=\"og:image\" content=\"http:\/\/amareve.fr\/wp-content\/uploads\/2019\/04\/7.-Un-ordre-du-monde-60x80-OK-A4-1.jpg\" \/>\n<meta name=\"twitter:card\" content=\"summary_large_image\" \/>\n<meta name=\"twitter:label1\" content=\"Est. reading time\" \/>\n\t<meta name=\"twitter:data1\" content=\"1 minute\" \/>\n<script type=\"application\/ld+json\" class=\"yoast-schema-graph\">{\"@context\":\"https:\\\/\\\/schema.org\",\"@graph\":[{\"@type\":\"WebPage\",\"@id\":\"http:\\\/\\\/amareve.fr\\\/en_en\\\/un-ordre-du-monde\\\/\",\"url\":\"http:\\\/\\\/amareve.fr\\\/en_en\\\/un-ordre-du-monde\\\/\",\"name\":\"Un ordre du monde - Compagnie Amar\u00eave un ordre du monde\",\"isPartOf\":{\"@id\":\"https:\\\/\\\/amareve.fr\\\/en_en\\\/#website\"},\"primaryImageOfPage\":{\"@id\":\"http:\\\/\\\/amareve.fr\\\/en_en\\\/un-ordre-du-monde\\\/#primaryimage\"},\"image\":{\"@id\":\"http:\\\/\\\/amareve.fr\\\/en_en\\\/un-ordre-du-monde\\\/#primaryimage\"},\"thumbnailUrl\":\"http:\\\/\\\/amareve.fr\\\/wp-content\\\/uploads\\\/2019\\\/04\\\/7.-Un-ordre-du-monde-60x80-OK-A4-1.jpg\",\"datePublished\":\"2019-04-29T07:53:02+00:00\",\"dateModified\":\"2020-07-05T19:55:09+00:00\",\"description\":\"Un ordre du monde\",\"breadcrumb\":{\"@id\":\"http:\\\/\\\/amareve.fr\\\/en_en\\\/un-ordre-du-monde\\\/#breadcrumb\"},\"inLanguage\":\"en-US\",\"potentialAction\":[{\"@type\":\"ReadAction\",\"target\":[\"http:\\\/\\\/amareve.fr\\\/en_en\\\/un-ordre-du-monde\\\/\"]}]},{\"@type\":\"ImageObject\",\"inLanguage\":\"en-US\",\"@id\":\"http:\\\/\\\/amareve.fr\\\/en_en\\\/un-ordre-du-monde\\\/#primaryimage\",\"url\":\"http:\\\/\\\/amareve.fr\\\/wp-content\\\/uploads\\\/2019\\\/04\\\/7.-Un-ordre-du-monde-60x80-OK-A4-1.jpg\",\"contentUrl\":\"http:\\\/\\\/amareve.fr\\\/wp-content\\\/uploads\\\/2019\\\/04\\\/7.-Un-ordre-du-monde-60x80-OK-A4-1.jpg\"},{\"@type\":\"BreadcrumbList\",\"@id\":\"http:\\\/\\\/amareve.fr\\\/en_en\\\/un-ordre-du-monde\\\/#breadcrumb\",\"itemListElement\":[{\"@type\":\"ListItem\",\"position\":1,\"name\":\"Accueil\",\"item\":\"https:\\\/\\\/amareve.fr\\\/en_en\\\/\"},{\"@type\":\"ListItem\",\"position\":2,\"name\":\"Un ordre du monde\"}]},{\"@type\":\"WebSite\",\"@id\":\"https:\\\/\\\/amareve.fr\\\/en_en\\\/#website\",\"url\":\"https:\\\/\\\/amareve.fr\\\/en_en\\\/\",\"name\":\"Amareve\",\"description\":\"\",\"publisher\":{\"@id\":\"https:\\\/\\\/amareve.fr\\\/en_en\\\/#organization\"},\"potentialAction\":[{\"@type\":\"SearchAction\",\"target\":{\"@type\":\"EntryPoint\",\"urlTemplate\":\"https:\\\/\\\/amareve.fr\\\/en_en\\\/?s={search_term_string}\"},\"query-input\":{\"@type\":\"PropertyValueSpecification\",\"valueRequired\":true,\"valueName\":\"search_term_string\"}}],\"inLanguage\":\"en-US\"},{\"@type\":\"Organization\",\"@id\":\"https:\\\/\\\/amareve.fr\\\/en_en\\\/#organization\",\"name\":\"Compagnie Amareve\",\"url\":\"https:\\\/\\\/amareve.fr\\\/en_en\\\/\",\"logo\":{\"@type\":\"ImageObject\",\"inLanguage\":\"en-US\",\"@id\":\"https:\\\/\\\/amareve.fr\\\/en_en\\\/#\\\/schema\\\/logo\\\/image\\\/\",\"url\":\"http:\\\/\\\/amareve.fr\\\/wp-content\\\/uploads\\\/2019\\\/04\\\/AMAREVE-LOGO.jpg\",\"contentUrl\":\"http:\\\/\\\/amareve.fr\\\/wp-content\\\/uploads\\\/2019\\\/04\\\/AMAREVE-LOGO.jpg\",\"width\":404,\"height\":367,\"caption\":\"Compagnie Amareve\"},\"image\":{\"@id\":\"https:\\\/\\\/amareve.fr\\\/en_en\\\/#\\\/schema\\\/logo\\\/image\\\/\"},\"sameAs\":[\"https:\\\/\\\/www.facebook.com\\\/CompagnieAmareve\\\/\"]}]}<\/script>\n<!-- \/ Yoast SEO plugin. -->","yoast_head_json":{"title":"Un ordre du monde - Compagnie Amar\u00eave un ordre du monde","description":"Un ordre du monde","robots":{"index":"index","follow":"follow","max-snippet":"max-snippet:-1","max-image-preview":"max-image-preview:large","max-video-preview":"max-video-preview:-1"},"canonical":"http:\/\/amareve.fr\/en_en\/un-ordre-du-monde\/","og_locale":"en_US","og_type":"article","og_title":"Un ordre du monde - Compagnie Amar\u00eave un ordre du monde","og_description":"Un ordre du monde","og_url":"http:\/\/amareve.fr\/en_en\/un-ordre-du-monde\/","og_site_name":"Compagnie Amar\u00eave","article_publisher":"https:\/\/www.facebook.com\/CompagnieAmareve\/","article_modified_time":"2020-07-05T19:55:09+00:00","og_image":[{"url":"http:\/\/amareve.fr\/wp-content\/uploads\/2019\/04\/7.-Un-ordre-du-monde-60x80-OK-A4-1.jpg","type":"","width":"","height":""}],"twitter_card":"summary_large_image","twitter_misc":{"Est. reading time":"1 minute"},"schema":{"@context":"https:\/\/schema.org","@graph":[{"@type":"WebPage","@id":"http:\/\/amareve.fr\/en_en\/un-ordre-du-monde\/","url":"http:\/\/amareve.fr\/en_en\/un-ordre-du-monde\/","name":"Un ordre du monde - Compagnie Amar\u00eave un ordre du monde","isPartOf":{"@id":"https:\/\/amareve.fr\/en_en\/#website"},"primaryImageOfPage":{"@id":"http:\/\/amareve.fr\/en_en\/un-ordre-du-monde\/#primaryimage"},"image":{"@id":"http:\/\/amareve.fr\/en_en\/un-ordre-du-monde\/#primaryimage"},"thumbnailUrl":"http:\/\/amareve.fr\/wp-content\/uploads\/2019\/04\/7.-Un-ordre-du-monde-60x80-OK-A4-1.jpg","datePublished":"2019-04-29T07:53:02+00:00","dateModified":"2020-07-05T19:55:09+00:00","description":"Un ordre du monde","breadcrumb":{"@id":"http:\/\/amareve.fr\/en_en\/un-ordre-du-monde\/#breadcrumb"},"inLanguage":"en-US","potentialAction":[{"@type":"ReadAction","target":["http:\/\/amareve.fr\/en_en\/un-ordre-du-monde\/"]}]},{"@type":"ImageObject","inLanguage":"en-US","@id":"http:\/\/amareve.fr\/en_en\/un-ordre-du-monde\/#primaryimage","url":"http:\/\/amareve.fr\/wp-content\/uploads\/2019\/04\/7.-Un-ordre-du-monde-60x80-OK-A4-1.jpg","contentUrl":"http:\/\/amareve.fr\/wp-content\/uploads\/2019\/04\/7.-Un-ordre-du-monde-60x80-OK-A4-1.jpg"},{"@type":"BreadcrumbList","@id":"http:\/\/amareve.fr\/en_en\/un-ordre-du-monde\/#breadcrumb","itemListElement":[{"@type":"ListItem","position":1,"name":"Accueil","item":"https:\/\/amareve.fr\/en_en\/"},{"@type":"ListItem","position":2,"name":"Un ordre du monde"}]},{"@type":"WebSite","@id":"https:\/\/amareve.fr\/en_en\/#website","url":"https:\/\/amareve.fr\/en_en\/","name":"Amareve","description":"","publisher":{"@id":"https:\/\/amareve.fr\/en_en\/#organization"},"potentialAction":[{"@type":"SearchAction","target":{"@type":"EntryPoint","urlTemplate":"https:\/\/amareve.fr\/en_en\/?s={search_term_string}"},"query-input":{"@type":"PropertyValueSpecification","valueRequired":true,"valueName":"search_term_string"}}],"inLanguage":"en-US"},{"@type":"Organization","@id":"https:\/\/amareve.fr\/en_en\/#organization","name":"Compagnie Amareve","url":"https:\/\/amareve.fr\/en_en\/","logo":{"@type":"ImageObject","inLanguage":"en-US","@id":"https:\/\/amareve.fr\/en_en\/#\/schema\/logo\/image\/","url":"http:\/\/amareve.fr\/wp-content\/uploads\/2019\/04\/AMAREVE-LOGO.jpg","contentUrl":"http:\/\/amareve.fr\/wp-content\/uploads\/2019\/04\/AMAREVE-LOGO.jpg","width":404,"height":367,"caption":"Compagnie Amareve"},"image":{"@id":"https:\/\/amareve.fr\/en_en\/#\/schema\/logo\/image\/"},"sameAs":["https:\/\/www.facebook.com\/CompagnieAmareve\/"]}]}},"_links":{"self":[{"href":"http:\/\/amareve.fr\/en_en\/wp-json\/wp\/v2\/pages\/862","targetHints":{"allow":["GET"]}}],"collection":[{"href":"http:\/\/amareve.fr\/en_en\/wp-json\/wp\/v2\/pages"}],"about":[{"href":"http:\/\/amareve.fr\/en_en\/wp-json\/wp\/v2\/types\/page"}],"author":[{"embeddable":true,"href":"http:\/\/amareve.fr\/en_en\/wp-json\/wp\/v2\/users\/1"}],"replies":[{"embeddable":true,"href":"http:\/\/amareve.fr\/en_en\/wp-json\/wp\/v2\/comments?post=862"}],"version-history":[{"count":8,"href":"http:\/\/amareve.fr\/en_en\/wp-json\/wp\/v2\/pages\/862\/revisions"}],"predecessor-version":[{"id":1068,"href":"http:\/\/amareve.fr\/en_en\/wp-json\/wp\/v2\/pages\/862\/revisions\/1068"}],"wp:attachment":[{"href":"http:\/\/amareve.fr\/en_en\/wp-json\/wp\/v2\/media?parent=862"}],"curies":[{"name":"wp","href":"https:\/\/api.w.org\/{rel}","templated":true}]}}